{"id":604,"date":"2023-03-10T17:51:30","date_gmt":"2023-03-10T17:51:30","guid":{"rendered":"https:\/\/sustainableapprentices.eu\/biz-kimiz\/"},"modified":"2023-09-12T08:40:41","modified_gmt":"2023-09-12T08:40:41","slug":"biz-kimiz","status":"publish","type":"page","link":"https:\/\/sustainableapprentices.eu\/tr\/biz-kimiz\/","title":{"rendered":"Biz Kimiz?"},"content":{"rendered":"\t\t<div data-elementor-type=\"wp-page\" data-elementor-id=\"604\" class=\"elementor elementor-604 elementor-9\">\n\t\t\t\t\t\t<section class=\"elementor-section elementor-top-section elementor-element elementor-element-2713473 elementor-section-full_width elementor-section-height-default elementor-section-height-default wpr-particle-no wpr-jarallax-no wpr-parallax-no wpr-sticky-section-no wpr-equal-height-no\" data-id=\"2713473\" data-element_type=\"section\" data-e-type=\"section\" data-settings=\"{&quot;background_background&quot;:&quot;classic&quot;}\">\n\t\t\t\t\t\t<div class=\"elementor-container elementor-column-gap-default\">\n\t\t\t\t\t<div class=\"elementor-column elementor-col-50 elementor-top-column elementor-element elementor-element-b10b042\" data-id=\"b10b042\" data-element_type=\"column\" data-e-type=\"column\">\n\t\t\t<div class=\"elementor-widget-wrap elementor-element-populated\">\n\t\t\t\t\t\t<div class=\"elementor-element elementor-element-0ff0dfa elementor-widget elementor-widget-heading\" data-id=\"0ff0dfa\" data-element_type=\"widget\" data-e-type=\"widget\" data-widget_type=\"heading.default\">\n\t\t\t\t<div class=\"elementor-widget-container\">\n\t\t\t\t\t<h2 class=\"elementor-heading-title elementor-size-default\">HAKKINDA<\/h2>\t\t\t\t<\/div>\n\t\t\t\t<\/div>\n\t\t\t\t<div class=\"elementor-element elementor-element-2851ad2 elementor-widget-divider--view-line elementor-widget elementor-widget-divider\" data-id=\"2851ad2\" data-element_type=\"widget\" data-e-type=\"widget\" data-widget_type=\"divider.default\">\n\t\t\t\t<div class=\"elementor-widget-container\">\n\t\t\t\t\t\t\t<div class=\"elementor-divider\">\n\t\t\t<span class=\"elementor-divider-separator\">\n\t\t\t\t\t\t<\/span>\n\t\t<\/div>\n\t\t\t\t\t\t<\/div>\n\t\t\t\t<\/div>\n\t\t\t\t<div class=\"elementor-element elementor-element-faa8cfb elementor-widget elementor-widget-text-editor\" data-id=\"faa8cfb\" data-element_type=\"widget\" data-e-type=\"widget\" data-widget_type=\"text-editor.default\">\n\t\t\t\t<div class=\"elementor-widget-container\">\n\t\t\t\t\t\t\t\t\t<p>Sustainable Apprentices, KOB\u0130&#8217;lerde S\u00fcrd\u00fcr\u00fclebilir Kalk\u0131na Hedefleri\u2019nin (SKH) uygulanmas\u0131n\u0131 te\u015fvik etmek i\u00e7in yeni \u0130\u015f Tabanl\u0131 \u00d6\u011frenme f\u0131rsatlar\u0131 geli\u015ftirerek mesleki e\u011fitim \u00f6\u011fretmenlerini ve \u015firket i\u00e7i e\u011fitmenleri \u00e7\u0131rakl\u0131k programlar\u0131n\u0131n geli\u015ftirilmesi konusunda desteklemeyi ama\u00e7lamaktad\u0131r. Projede KOB\u0130&#8217;ler taraf\u0131ndan ihtiya\u00e7 duyulan s\u00fcrd\u00fcr\u00fclebilir uygulamalar ve beceriler hakk\u0131nda bilgi sa\u011flamak i\u00e7in dijital ara\u00e7lar ve proje tabanl\u0131 \u00f6\u011frenme y\u00f6ntemlerinin geli\u015ftirilmesi hedeflenmektedir.<\/p>\n<p>\u00d6zel sekt\u00f6r, s\u00fcrd\u00fcr\u00fclebilir kalk\u0131nman\u0131n \u00e7ok \u00f6nemli bir bile\u015fenidir. Avrupa&#8217;daki i\u015fletmelerin %99,8&#8217;ini olu\u015fturan ve i\u015f g\u00fcc\u00fcn\u00fcn %97,74&#8217;\u00fcn\u00fc istihdam eden KOB\u0130\u2019ler, s\u00fcrd\u00fcr\u00fclebilirli\u011fe ge\u00e7i\u015fin \u00f6nemli bir basama\u011f\u0131n\u0131 olu\u015fturmaktad\u0131r. Bu nedenle, Birle\u015fmi\u015f Milletler taraf\u0131ndan 2030 G\u00fcndeminde yer alan 17 S\u00fcrd\u00fcr\u00fclebilir Kalk\u0131nma Hedefi\u2019ne ula\u015fmak i\u00e7in on y\u0131ldan az bir s\u00fcre kala gelecek neslin \u00e7al\u0131\u015fma k\u00fclt\u00fcr\u00fcn\u00fc \u015fekillendirmek i\u00e7in gelece\u011fin i\u015fg\u00fcc\u00fcn\u00fc s\u00fcrd\u00fcr\u00fclebilir ekonomi, \u00e7evre dostu faaliyetler ve kapsay\u0131c\u0131l\u0131k konular\u0131nda e\u011fitmek \u00f6nem arz etmektedir.<\/p>\n\t\t\t\t\t\t\t\t<\/div>\n\t\t\t\t<\/div>\n\t\t\t\t\t<\/div>\n\t\t<\/div>\n\t\t\t\t<div class=\"elementor-column elementor-col-50 elementor-top-column elementor-element elementor-element-16500a9\" data-id=\"16500a9\" data-element_type=\"column\" data-e-type=\"column\">\n\t\t\t<div class=\"elementor-widget-wrap elementor-element-populated\">\n\t\t\t\t\t\t<div class=\"elementor-element elementor-element-41ce420 elementor-widget elementor-widget-image\" data-id=\"41ce420\" data-element_type=\"widget\" data-e-type=\"widget\" data-widget_type=\"image.default\">\n\t\t\t\t<div class=\"elementor-widget-container\">\n\t\t\t\t\t\t\t\t\t\t\t\t\t\t\t<img fetchpriority=\"high\" decoding=\"async\" width=\"1185\" height=\"890\" src=\"https:\/\/sustainableapprentices.eu\/wp-content\/uploads\/2023\/03\/Mapa.jpg\" class=\"attachment-full size-full wp-image-410\" alt=\"\" srcset=\"https:\/\/sustainableapprentices.eu\/wp-content\/uploads\/2023\/03\/Mapa.jpg 1185w, https:\/\/sustainableapprentices.eu\/wp-content\/uploads\/2023\/03\/Mapa-300x225.jpg 300w, https:\/\/sustainableapprentices.eu\/wp-content\/uploads\/2023\/03\/Mapa-1024x769.jpg 1024w, https:\/\/sustainableapprentices.eu\/wp-content\/uploads\/2023\/03\/Mapa-768x577.jpg 768w\" sizes=\"(max-width: 1185px) 100vw, 1185px\" \/>\t\t\t\t\t\t\t\t\t\t\t\t\t\t\t<\/div>\n\t\t\t\t<\/div>\n\t\t\t\t\t<\/div>\n\t\t<\/div>\n\t\t\t\t\t<\/div>\n\t\t<\/section>\n\t\t\t\t<section class=\"elementor-section elementor-top-section elementor-element elementor-element-592330d elementor-section-boxed elementor-section-height-default elementor-section-height-default wpr-particle-no wpr-jarallax-no wpr-parallax-no wpr-sticky-section-no wpr-equal-height-no\" data-id=\"592330d\" data-element_type=\"section\" data-e-type=\"section\">\n\t\t\t\t\t\t<div class=\"elementor-container elementor-column-gap-default\">\n\t\t\t\t\t<div class=\"elementor-column elementor-col-100 elementor-top-column elementor-element elementor-element-94cc7ac\" data-id=\"94cc7ac\" data-element_type=\"column\" data-e-type=\"column\">\n\t\t\t<div class=\"elementor-widget-wrap elementor-element-populated\">\n\t\t\t\t\t\t<div class=\"elementor-element elementor-element-59df3b1 elementor-widget elementor-widget-shortcode\" data-id=\"59df3b1\" data-element_type=\"widget\" data-e-type=\"widget\" data-widget_type=\"shortcode.default\">\n\t\t\t\t<div class=\"elementor-widget-container\">\n\t\t\t\t\t\t\t<div class=\"elementor-shortcode\">\n\t<style>\n\t.contenedor_partner {\n\t\tborder: 2px solid #3F7E44;\n\t\tborder-radius: 15px;\n\t\tmargin: 18px 5px;\n\t\tpadding-bottom: 20px;\n\t\tbox-shadow: 1px 1px 10px #00000024;\n\t}\n\t\n\t.cont_imagen_partner_listado {\n\t\twidth: 70%;\n\t\tmargin: 15px auto 20px;\n\t}\n\t\n\th3.partner_title {\n\t\tcolor: #000;\n\t\ttext-align: center;\n\t\tpadding: 0px 38px;\n\t\tfont-size: 18px;\n\t}\n\t\n\tp.partner_pais {\n\t\ttext-align: center;\n\t\tcolor: #C5192D;\n\t\tfont-weight: 600;\n\t}\n\t\n\tp.partner_website a {\n\t\ttext-align: center;\n\t\tcolor: #3F7E44;\n\t}\n\t\n\tp.partner_website {\n\t\ttext-align: center;\n\t}\n\t\n\t.contenedor_partners {\n\t\tmargin-top: 30px;\n\t}\n\t\n\t.contenedor_boton {\n\t\tmargin: 0 auto;\n\t\ttext-align: center;\n\t}\n\t\n\ta.btn.text-white {\n\t\tpadding: 5px 28px;\n\t}\n\n\t<\/style>\n\t<script>\n\n\tfunction igualar(){\n\t\tvar padtop = 0;\n\t\tvar padtop_home = 0;\n\t\tvar heights = jQuery(\".iguales\").map(function ()\n\t\t{\n\t\t\treturn jQuery(this).height();\n\t\t}).get();\n\t\n\t\tmaxHeight = Math.max.apply(null, heights);\n\t\t\n\t\tjQuery(\".iguales\").css(\"height\",maxHeight+padtop);\n\n\n\t}\n\n\tjQuery(document).ready(function () {\n\t\t\n\t\t\tigualar();\n\t\t\t\n\n\t});\n\t<\/script>\n\t\n\t\t<div class=\"container contenedor_partners\">\n\t\t\t<div class=\"row\">\n\t\t<div class=\"col-md-4\">\t<div class=\"contenedor_partner\" data-id=\"623\">\t\t<div class=\"cont_imagen_partner_listado\"><img decoding=\"async\" src=\"https:\/\/sustainableapprentices.eu\/wp-content\/uploads\/2023\/03\/infodef_v2.png\" name=\"INFODEF Kalk\u0131nma ve E\u011fitim Te\u015fvik Enstit\u00fcs\u00fc\" alt=\"INFODEF Kalk\u0131nma ve E\u011fitim Te\u015fvik Enstit\u00fcs\u00fc\"><\/div>\t\t<h3 class=\"partner_title iguales\">INFODEF Kalk\u0131nma ve E\u011fitim Te\u015fvik Enstit\u00fcs\u00fc<\/h3>\t\t<p class=\"partner_pais\">\u0130spanya<\/p>\t\t<p class=\"partner_website\"><a href=\"https:\/\/infodef.es\/\" target=\"_blank\">https:\/\/infodef.es\/<\/a><\/p>\n\t\t\t\t\t\t\t<div class=\"contenedor_boton\">\n\t\t\t\t\t\t\t\t<a class=\"btn text-white\" style=\"background-color: #C5192D;\" href=\"#\" role=\"button\" data-toggle=\"modal\" data-target=\"#modal_partner_623\">\n\t\t\t\t\t\t\t\t\t<i class=\"fa fa-eye\"><\/i>\n\t\t\t\t\t\t\t\t<\/a>\n\t\t\t\t\t\t\t<\/div>\t<\/div><\/div><div class=\"col-md-4\">\t<div class=\"contenedor_partner\" data-id=\"629\">\t\t<div class=\"cont_imagen_partner_listado\"><img decoding=\"async\" src=\"https:\/\/sustainableapprentices.eu\/wp-content\/uploads\/2023\/03\/ain_logo.png\" name=\"AIN \u2013 Navarra Sanayi Derne\u011fi\" alt=\"AIN \u2013 Navarra Sanayi Derne\u011fi\"><\/div>\t\t<h3 class=\"partner_title iguales\">AIN \u2013 Navarra Sanayi Derne\u011fi<\/h3>\t\t<p class=\"partner_pais\">\u0130spanya<\/p>\t\t<p class=\"partner_website\"><a href=\"https:\/\/www.ain.es\/\" target=\"_blank\">https:\/\/www.ain.es\/<\/a><\/p>\n\t\t\t\t\t\t\t<div class=\"contenedor_boton\">\n\t\t\t\t\t\t\t\t<a class=\"btn text-white\" style=\"background-color: #C5192D;\" href=\"#\" role=\"button\" data-toggle=\"modal\" data-target=\"#modal_partner_629\">\n\t\t\t\t\t\t\t\t\t<i class=\"fa fa-eye\"><\/i>\n\t\t\t\t\t\t\t\t<\/a>\n\t\t\t\t\t\t\t<\/div>\t<\/div><\/div><div class=\"col-md-4\">\t<div class=\"contenedor_partner\" data-id=\"633\">\t\t<div class=\"cont_imagen_partner_listado\"><img decoding=\"async\" src=\"https:\/\/sustainableapprentices.eu\/wp-content\/uploads\/2023\/03\/mindshift.png\" name=\"Mindshift Yetenek Dan\u0131\u015fmanl\u0131\u011f\u0131\" alt=\"Mindshift Yetenek Dan\u0131\u015fmanl\u0131\u011f\u0131\"><\/div>\t\t<h3 class=\"partner_title iguales\">Mindshift Yetenek Dan\u0131\u015fmanl\u0131\u011f\u0131<\/h3>\t\t<p class=\"partner_pais\">Portekiz<\/p>\t\t<p class=\"partner_website\"><a href=\"https:\/\/www.mindshift.pt\/\" target=\"_blank\">https:\/\/www.mindshift.pt\/<\/a><\/p>\n\t\t\t\t\t\t\t<div class=\"contenedor_boton\">\n\t\t\t\t\t\t\t\t<a class=\"btn text-white\" style=\"background-color: #C5192D;\" href=\"#\" role=\"button\" data-toggle=\"modal\" data-target=\"#modal_partner_633\">\n\t\t\t\t\t\t\t\t\t<i class=\"fa fa-eye\"><\/i>\n\t\t\t\t\t\t\t\t<\/a>\n\t\t\t\t\t\t\t<\/div>\t<\/div><\/div><div class=\"col-md-4\">\t<div class=\"contenedor_partner\" data-id=\"637\">\t\t<div class=\"cont_imagen_partner_listado\"><img decoding=\"async\" src=\"https:\/\/sustainableapprentices.eu\/wp-content\/uploads\/2023\/03\/stambul.png\" name=\"\u0130stanbul Valili\u011fi\" alt=\"\u0130stanbul Valili\u011fi\"><\/div>\t\t<h3 class=\"partner_title iguales\">\u0130stanbul Valili\u011fi<\/h3>\t\t<p class=\"partner_pais\">T\u00fcrkiye<\/p>\t\t<p class=\"partner_website\"><a href=\"https:\/\/abmerkez.com\/\" target=\"_blank\">https:\/\/abmerkez.com\/<\/a><\/p>\n\t\t\t\t\t\t\t<div class=\"contenedor_boton\">\n\t\t\t\t\t\t\t\t<a class=\"btn text-white\" style=\"background-color: #C5192D;\" href=\"#\" role=\"button\" data-toggle=\"modal\" data-target=\"#modal_partner_637\">\n\t\t\t\t\t\t\t\t\t<i class=\"fa fa-eye\"><\/i>\n\t\t\t\t\t\t\t\t<\/a>\n\t\t\t\t\t\t\t<\/div>\t<\/div><\/div><div class=\"col-md-4\">\t<div class=\"contenedor_partner\" data-id=\"641\">\t\t<div class=\"cont_imagen_partner_listado\"><img decoding=\"async\" src=\"https:\/\/sustainableapprentices.eu\/wp-content\/uploads\/2023\/03\/cfs_logo.png\" name=\"E\u011fitim Hizmetleri Vakf\u0131 (Centro Servizi Formazione)\" alt=\"E\u011fitim Hizmetleri Vakf\u0131 (Centro Servizi Formazione)\"><\/div>\t\t<h3 class=\"partner_title iguales\">E\u011fitim Hizmetleri Vakf\u0131 (Centro Servizi Formazione)<\/h3>\t\t<p class=\"partner_pais\">\u0130talya<\/p>\t\t<p class=\"partner_website\"><a href=\"https:\/\/www.csf.lombardia.it\/\" target=\"_blank\">https:\/\/www.csf.lombardia.it\/<\/a><\/p>\n\t\t\t\t\t\t\t<div class=\"contenedor_boton\">\n\t\t\t\t\t\t\t\t<a class=\"btn text-white\" style=\"background-color: #C5192D;\" href=\"#\" role=\"button\" data-toggle=\"modal\" data-target=\"#modal_partner_641\">\n\t\t\t\t\t\t\t\t\t<i class=\"fa fa-eye\"><\/i>\n\t\t\t\t\t\t\t\t<\/a>\n\t\t\t\t\t\t\t<\/div>\t<\/div><\/div><div class=\"col-md-4\">\t<div class=\"contenedor_partner\" data-id=\"645\">\t\t<div class=\"cont_imagen_partner_listado\"><img decoding=\"async\" src=\"https:\/\/sustainableapprentices.eu\/wp-content\/uploads\/2023\/03\/innoquality.png\" name=\"Innoquality Systems Limited\" alt=\"Innoquality Systems Limited\"><\/div>\t\t<h3 class=\"partner_title iguales\">Innoquality Systems Limited<\/h3>\t\t<p class=\"partner_pais\">\u0130rlanda<\/p>\t\t<p class=\"partner_website\"><a href=\"https:\/\/innoqualitysystems.com\/\" target=\"_blank\">https:\/\/innoqualitysystems.com\/<\/a><\/p>\n\t\t\t\t\t\t\t<div class=\"contenedor_boton\">\n\t\t\t\t\t\t\t\t<a class=\"btn text-white\" style=\"background-color: #C5192D;\" href=\"#\" role=\"button\" data-toggle=\"modal\" data-target=\"#modal_partner_645\">\n\t\t\t\t\t\t\t\t\t<i class=\"fa fa-eye\"><\/i>\n\t\t\t\t\t\t\t\t<\/a>\n\t\t\t\t\t\t\t<\/div>\t<\/div><\/div>\n\t\t\t<\/div>\n\t\t<\/div>\n\t\t\n\t\t\t<div class=\"modal fade\" id=\"modal_partner_623\">\n\t\t\t\t<div class=\"modal-dialog modal-xl modal-dialog-scrollable modal-dialog-centered\">\n\t\t\t\t\t<div class=\"modal-content\">\n\n\t\t\t\t\n\t\t\t\t\t\t<div class=\"modal-header\">\n\t\t\t\t\t\t\t\n\t\t\t\t\t\t\t<button type=\"button\" class=\"close\" data-dismiss=\"modal\">&times;<\/button>\n\t\t\t\t\t\t<\/div>\n\n\t\t\t\t\t\t<!-- Modal body -->\n\t\t\t\t\t\t<div class=\"modal-body\">\n\t\t\t\t\t\t\t<div class=\"container\">\n\t\t\t\t\t\t\t\t<div class=\"row\">\n\t\t\t\t\t\t\t\t\t<div class=\"col-md-5\">\n\t\t\t\t\t\t\t\t\t\t<div class=\"imagen_modal\"><img decoding=\"async\" src=\"https:\/\/sustainableapprentices.eu\/wp-content\/uploads\/2023\/03\/infodef_v2.png\" name=\"INFODEF Kalk\u0131nma ve E\u011fitim Te\u015fvik Enstit\u00fcs\u00fc\" alt=\"INFODEF Kalk\u0131nma ve E\u011fitim Te\u015fvik Enstit\u00fcs\u00fc\"><\/div>\n\t\t\t\t\t\t\t\t\t<\/div>\n\t\t\t\t\t\t\t\t\t<div class=\"col-md-7\">\n\t\t\t\t\t\t\t\t\t\t<div class=\"titulo_modal\">\n\t\t\t\t\t\t\t\t\t\t\t<h3>INFODEF Kalk\u0131nma ve E\u011fitim Te\u015fvik Enstit\u00fcs\u00fc<\/h3>\n\t\t\t\t\t\t\t\t\t\t\t<div class=\"separador_verde\"><\/div>\n\t\t\t\t\t\t\t\t\t\t\t<div class=\"contenido_modal\">Misyonu e\u011fitim, k\u00fclt\u00fcr ve yenilik yoluyla s\u00fcrd\u00fcr\u00fclebilir ve kapsay\u0131c\u0131 bir kalk\u0131nmaya katk\u0131da bulunan projeler tasarlamak ve y\u00fcr\u00fctmek olan \u00f6zel ve ba\u011f\u0131ms\u0131z bir Ara\u015ft\u0131rma, Geli\u015ftirme ve Yenilik merkezidir.\r\nINFODEF, \u0130spanya Bilim ve \u0130novasyon Bakanl\u0131\u011f\u0131 taraf\u0131ndan \u201cYenilik\u00e7i KOB\u0130\u201d olarak akredite edilmi\u015ftir.\r\nMerkez, mevcut sosyal ve ekonomik zorluklara yan\u0131t veren ve toplumda gelecekteki ama\u00e7 ve hedeflere ula\u015fmak i\u00e7in gereken de\u011fi\u015fiklikleri \u00f6ng\u00f6rmeyi ve y\u00f6nlendirmeyi sa\u011flayan yenilik\u00e7i ara\u00e7lar, metodolojiler, \u00fcr\u00fcnler ve hizmetler tasarlar ve geli\u015ftirir.\r\nINFODEF, ulusal d\u00fczeyde ve Avrupa d\u00fczeyinde e\u011fitim sistemlerinin yenile\u015ftirilmesini, kamu ve \u00f6zel e\u011fitim kurumlar\u0131n\u0131n pedagojik yenilik\u00e7ili\u011fini desteklemektedir. INFODEF, yenilik\u00e7i \u00f6\u011fretme-\u00f6\u011frenme metodolojileri, ara\u00e7lar\u0131 ve kaynaklar\u0131 geli\u015ftirme, (AY\u00c7 ve ECVET tabanl\u0131) E\u011fitim M\u00fcfredatlar\u0131 ve \u00d6\u011frenme Kazan\u0131mlar\u0131 tan\u0131mlama, (temel, anahtar, \u00e7apraz, mesleki) yeterliliklerin de\u011ferlendirilmesi ve ge\u00e7erlili\u011finin sa\u011flanmas\u0131 i\u00e7in yeni ara\u00e7lar\u0131n tasar\u0131m\u0131 \u00fczerine geni\u015f bir \u00e7al\u0131\u015fma alan\u0131na sahiptir. Yenilik\u00e7i B\u0130T tabanl\u0131 ara\u00e7lar\u0131n geli\u015ftirilmesi, \u0130\u015f Tabanl\u0131 \u00d6\u011frenme programlar\u0131n\u0131 ve uygulamalar\u0131n\u0131 desteklemek i\u00e7in metodolojilerin tasar\u0131m\u0131, yayg\u0131n ve gayr\u0131 resmi \u00f6\u011frenmenin tan\u0131nmas\u0131 ve ge\u00e7erlili\u011finin sa\u011flanmas\u0131 i\u00e7in yeni ara\u00e7lar, yenilik\u00e7i \u00f6\u011fretim y\u00f6ntemleri, giri\u015fimcilik e\u011fitimi, \u00f6zel e\u011fitim ve e\u011fitim programlar\u0131n\u0131n de\u011ferlendirilmesi ve kalite de\u011ferlendirmesi INFODEF\u2019in \u00e7al\u0131\u015fma alanlar\u0131na dahildir.<\/div>\n\t\t\t\t\t\t\t\t\t\t<\/div>\n\t\t\t\t\t\t\t\t\t<\/div>\n\t\t\t\t\t\t\t\t<\/div> \n\t\t\t\t\t\t\t<\/div>\n\t\t\t\t\t\t<\/div>\n\n\t\t\t\t\t\t<!-- Modal footer -->\n\t\t\t\t\t\t<div class=\"modal-footer\">\n\t\t\t\t\t\t\t\n\t\t\t\t\t\t<\/div>\n\n\t\t\t\t\t<\/div>\n\t\t\t\t<\/div>\n\t\t\t<\/div>\n\t\t\t\n\t\t\t\n\t\t\t<div class=\"modal fade\" id=\"modal_partner_629\">\n\t\t\t\t<div class=\"modal-dialog modal-xl modal-dialog-scrollable modal-dialog-centered\">\n\t\t\t\t\t<div class=\"modal-content\">\n\n\t\t\t\t\n\t\t\t\t\t\t<div class=\"modal-header\">\n\t\t\t\t\t\t\t\n\t\t\t\t\t\t\t<button type=\"button\" class=\"close\" data-dismiss=\"modal\">&times;<\/button>\n\t\t\t\t\t\t<\/div>\n\n\t\t\t\t\t\t<!-- Modal body -->\n\t\t\t\t\t\t<div class=\"modal-body\">\n\t\t\t\t\t\t\t<div class=\"container\">\n\t\t\t\t\t\t\t\t<div class=\"row\">\n\t\t\t\t\t\t\t\t\t<div class=\"col-md-5\">\n\t\t\t\t\t\t\t\t\t\t<div class=\"imagen_modal\"><img decoding=\"async\" src=\"https:\/\/sustainableapprentices.eu\/wp-content\/uploads\/2023\/03\/ain_logo.png\" name=\"AIN \u2013 Navarra Sanayi Derne\u011fi\" alt=\"AIN \u2013 Navarra Sanayi Derne\u011fi\"><\/div>\n\t\t\t\t\t\t\t\t\t<\/div>\n\t\t\t\t\t\t\t\t\t<div class=\"col-md-7\">\n\t\t\t\t\t\t\t\t\t\t<div class=\"titulo_modal\">\n\t\t\t\t\t\t\t\t\t\t\t<h3>AIN \u2013 Navarra Sanayi Derne\u011fi<\/h3>\n\t\t\t\t\t\t\t\t\t\t\t<div class=\"separador_verde\"><\/div>\n\t\t\t\t\t\t\t\t\t\t\t<div class=\"contenido_modal\">\u0130spanya'n\u0131n Navarra \u015fehrinde bulunan k\u00e2r amac\u0131 g\u00fctmeyen \u00f6zel bir kurulu\u015f olup KOB\u0130\u2019lere, mesleki e\u011fitim \u00f6\u011frencileri ve \u00f6\u011fretmenlerine y\u00f6nelik bir e\u011fitim ve teknoloji merkezidir. E\u011fitim departman\u0131, e\u011fitim profilini bireylerin yeni teknolojilerle uyumlu olacak \u015fekilde dijital ve teknik yeterlilikleri edinmesine, \u015firket personelini g\u00fcn\u00fcm\u00fcz ihtiya\u00e7lar\u0131na cevap verecek \u015fekilde donatarak \u015firketlerin rekabet g\u00fcc\u00fcn\u00fc art\u0131rmak i\u00e7in yenilik\u00e7i e\u011fitim ve \u00f6\u011fretim programlar\u0131 geli\u015ftirmeye odaklanm\u0131\u015ft\u0131r. Kurumda hem g\u00fcnl\u00fck hayatta hem i\u015f hayat\u0131nda gereken \u00e7apraz ve yumu\u015fak becerilerin edinilebilece\u011fi i\u015flevsel ve ki\u015fisel geli\u015fime odaklanan e\u011fitimler de verilmektedir. Kurumun temel hedefi ara\u015ft\u0131rma ve geli\u015ftirme projeleri y\u00fcr\u00fctmek, teknik de\u011ferlendirme metodolojileri sunmak, \u015firketlerin rekabet edebilirli\u011fi amac\u0131yla e\u011fitim hizmetleri ve projeler geli\u015ftirmektir.<\/div>\n\t\t\t\t\t\t\t\t\t\t<\/div>\n\t\t\t\t\t\t\t\t\t<\/div>\n\t\t\t\t\t\t\t\t<\/div> \n\t\t\t\t\t\t\t<\/div>\n\t\t\t\t\t\t<\/div>\n\n\t\t\t\t\t\t<!-- Modal footer -->\n\t\t\t\t\t\t<div class=\"modal-footer\">\n\t\t\t\t\t\t\t\n\t\t\t\t\t\t<\/div>\n\n\t\t\t\t\t<\/div>\n\t\t\t\t<\/div>\n\t\t\t<\/div>\n\t\t\t\n\t\t\t\n\t\t\t<div class=\"modal fade\" id=\"modal_partner_633\">\n\t\t\t\t<div class=\"modal-dialog modal-xl modal-dialog-scrollable modal-dialog-centered\">\n\t\t\t\t\t<div class=\"modal-content\">\n\n\t\t\t\t\n\t\t\t\t\t\t<div class=\"modal-header\">\n\t\t\t\t\t\t\t\n\t\t\t\t\t\t\t<button type=\"button\" class=\"close\" data-dismiss=\"modal\">&times;<\/button>\n\t\t\t\t\t\t<\/div>\n\n\t\t\t\t\t\t<!-- Modal body -->\n\t\t\t\t\t\t<div class=\"modal-body\">\n\t\t\t\t\t\t\t<div class=\"container\">\n\t\t\t\t\t\t\t\t<div class=\"row\">\n\t\t\t\t\t\t\t\t\t<div class=\"col-md-5\">\n\t\t\t\t\t\t\t\t\t\t<div class=\"imagen_modal\"><img decoding=\"async\" src=\"https:\/\/sustainableapprentices.eu\/wp-content\/uploads\/2023\/03\/mindshift.png\" name=\"Mindshift Yetenek Dan\u0131\u015fmanl\u0131\u011f\u0131\" alt=\"Mindshift Yetenek Dan\u0131\u015fmanl\u0131\u011f\u0131\"><\/div>\n\t\t\t\t\t\t\t\t\t<\/div>\n\t\t\t\t\t\t\t\t\t<div class=\"col-md-7\">\n\t\t\t\t\t\t\t\t\t\t<div class=\"titulo_modal\">\n\t\t\t\t\t\t\t\t\t\t\t<h3>Mindshift Yetenek Dan\u0131\u015fmanl\u0131\u011f\u0131<\/h3>\n\t\t\t\t\t\t\t\t\t\t\t<div class=\"separador_verde\"><\/div>\n\t\t\t\t\t\t\t\t\t\t\t<div class=\"contenido_modal\">2017 y\u0131l\u0131nda Lizbon\u2019da kurulan ve a\u011f\u0131rl\u0131kl\u0131 olarak dijital tabanl\u0131 \u00e7\u00f6z\u00fcmlere odaklanan gen\u00e7 bir \"\"insan kaynaklar\u0131 dan\u0131\u015fmanl\u0131\u011f\u0131d\u0131r\u201d. Mindshift, hem ulusal hem de uluslararas\u0131 pazarlarda a\u015fa\u011f\u0131daki temel i\u015f alanlar\u0131nda faaliyet g\u00f6stermektedir:\r\n\u00b7 Beceri geli\u015ftirme yollar\u0131\r\n\u00b7 Ko\u00e7luk, ki\u015fiye \u00f6zel e\u011fitim ve mentorluk programlar\u0131\r\n\u00b7 Yeterlilik de\u011ferlendirme merkezleri\r\n\u00b7 Kariyer y\u00f6netimi ve ki\u015fisel geli\u015fim\r\n\u00b7 Gen\u00e7 yeteneklerin ilgilerinin \u00e7ekilmesi, se\u00e7ilmesi ve i\u015fe al\u0131nmas\u0131\r\n\u00b7 \u00d6\u011frenici programlar\u0131\r\n\u00b7 \u0130\u015fg\u00fcc\u00fcn\u00fcn dijital d\u00f6n\u00fc\u015f\u00fcme haz\u0131rlanmas\u0131\r\n\u00b7 Sosyal medya kampanyalar\u0131\r\nMindshift, sosyal sorumluluk ilkelerine ve 2030 S\u00fcrd\u00fcr\u00fclebilir Kalk\u0131nma G\u00fcndemi\u2019ne s\u0131k\u0131 s\u0131k\u0131ya ba\u011fl\u0131 olup \u00e7e\u015fitli ge\u00e7mi\u015flere ve profesyonel deneyime sahip bir ekibi bir araya getirmektedir.<\/div>\n\t\t\t\t\t\t\t\t\t\t<\/div>\n\t\t\t\t\t\t\t\t\t<\/div>\n\t\t\t\t\t\t\t\t<\/div> \n\t\t\t\t\t\t\t<\/div>\n\t\t\t\t\t\t<\/div>\n\n\t\t\t\t\t\t<!-- Modal footer -->\n\t\t\t\t\t\t<div class=\"modal-footer\">\n\t\t\t\t\t\t\t\n\t\t\t\t\t\t<\/div>\n\n\t\t\t\t\t<\/div>\n\t\t\t\t<\/div>\n\t\t\t<\/div>\n\t\t\t\n\t\t\t\n\t\t\t<div class=\"modal fade\" id=\"modal_partner_637\">\n\t\t\t\t<div class=\"modal-dialog modal-xl modal-dialog-scrollable modal-dialog-centered\">\n\t\t\t\t\t<div class=\"modal-content\">\n\n\t\t\t\t\n\t\t\t\t\t\t<div class=\"modal-header\">\n\t\t\t\t\t\t\t\n\t\t\t\t\t\t\t<button type=\"button\" class=\"close\" data-dismiss=\"modal\">&times;<\/button>\n\t\t\t\t\t\t<\/div>\n\n\t\t\t\t\t\t<!-- Modal body -->\n\t\t\t\t\t\t<div class=\"modal-body\">\n\t\t\t\t\t\t\t<div class=\"container\">\n\t\t\t\t\t\t\t\t<div class=\"row\">\n\t\t\t\t\t\t\t\t\t<div class=\"col-md-5\">\n\t\t\t\t\t\t\t\t\t\t<div class=\"imagen_modal\"><img decoding=\"async\" src=\"https:\/\/sustainableapprentices.eu\/wp-content\/uploads\/2023\/03\/stambul.png\" name=\"\u0130stanbul Valili\u011fi\" alt=\"\u0130stanbul Valili\u011fi\"><\/div>\n\t\t\t\t\t\t\t\t\t<\/div>\n\t\t\t\t\t\t\t\t\t<div class=\"col-md-7\">\n\t\t\t\t\t\t\t\t\t\t<div class=\"titulo_modal\">\n\t\t\t\t\t\t\t\t\t\t\t<h3>\u0130stanbul Valili\u011fi<\/h3>\n\t\t\t\t\t\t\t\t\t\t\t<div class=\"separador_verde\"><\/div>\n\t\t\t\t\t\t\t\t\t\t\t<div class=\"contenido_modal\">Valilik Makam\u0131n\u0131n 03.02.2005 tarih ve 217 say\u0131l\u0131 onay\u0131 ile kurulan D\u0131\u015f \u0130li\u015fkiler ve Avrupa Birli\u011fi Koordinasyon Merkezi, Eyl\u00fcl 2015 tarihinden itibaren Avrupa Birli\u011fi ve D\u0131\u015f \u0130li\u015fkiler B\u00fcrosu olarak faaliyetlerini s\u00fcrd\u00fcrmektedir. B\u00fcromuz, \u00fclkemizin Avrupa Birli\u011fi kat\u0131l\u0131m s\u00fcrecinde \u0130stanbul genelinde;\r\n\r\n\u2022 Gerekli alt yap\u0131n\u0131n olu\u015fturulmas\u0131\r\n\u2022 Kent halk\u0131n\u0131n AB vatanda\u015fl\u0131\u011f\u0131na haz\u0131rlanmas\u0131\r\n\u2022 AB \u00fcyesi \u00fclkeler i\u00e7in ba\u011flay\u0131c\u0131 nitelik ta\u015f\u0131yan m\u00fcktesebat\u0131n benimsetilmesi ve uygulanmas\u0131 konular\u0131nda i\u015f birli\u011fi, ileti\u015fim ve e\u015fg\u00fcd\u00fcm sa\u011flama amac\u0131na y\u00f6nelik \u00e7al\u0131\u015fmalar yapmaktad\u0131r.\r\n\r\nY\u00f6netim anlay\u0131\u015f\u0131 olarak yerel y\u00f6netimler, sivil toplum kurulu\u015flar\u0131, kamu kurum ve kurulu\u015flar\u0131, \u00f6zel sekt\u00f6r ve vatanda\u015f i\u015fbirli\u011fine dayal\u0131 olarak bir toplumsal d\u00f6n\u00fc\u015f\u00fcm projesi olan AB'ye kat\u0131l\u0131m s\u00fcrecinde gerekli faaliyetleri planlama ve uygulama temel ilke olarak benimsenmi\u015ftir.\r\n\r\nBu kapsamda;\r\n\r\n1. AB organlar\u0131yla ileti\u015fim ve bilgi al\u0131\u015fveri\u015fi i\u00e7inde olarak adayl\u0131k d\u00f6neminde olumlu geli\u015fmelerden yararlanma yol ve y\u00f6ntemlerini ara\u015ft\u0131rmak\r\n2. \u0130stanbul i\u00e7in \u00f6ncelikler belirleyerek AB konusunda mevcut ve yap\u0131lacak \u00e7al\u0131\u015fmalar\u0131 y\u00f6nlendirmek\r\n3. AB organizasyonu ve i\u015fleyi\u015fi hakk\u0131nda kamu kurum ve kurulu\u015flar\u0131, bas\u0131n, \u00fcniversiteler, yerel y\u00f6netimler, sivil toplum kurulu\u015flar\u0131 ve vatanda\u015flar\u0131n yararlanmas\u0131na y\u00f6nelik bilgi ve dok\u00fcmantasyon merkezi kurmak ve s\u00fcrekli bilgilendirme \u00e7al\u0131\u015fmalar\u0131 yapmak\r\n4. Cumhurba\u015fkanl\u0131\u011f\u0131, AB T\u00fcrkiye Temsilcili\u011fi ve \u0130\u00e7i\u015fleri Bakanl\u0131\u011f\u0131 Avrupa Birli\u011fi ve D\u0131\u015f \u0130li\u015fkiler Dairesi Ba\u015fkanl\u0131\u011f\u0131 ile do\u011frudan i\u015f birli\u011fi ve koordinasyon sa\u011flamak\r\n5. AB m\u00fcktesebat\u0131n\u0131n (kazan\u0131mlar\u0131n) daha iyi benimsenmesi ve kabul edilmesi i\u00e7in Valilik birimlerinde kapasite olu\u015fturmak ve geli\u015ftirmek\r\n6. \u0130stanbul'u AB \u00fcyeli\u011fine kurumsal, y\u00f6netsel ve mali a\u00e7\u0131lardan haz\u0131rlamak\r\n7. AB'ye son kat\u0131lan \u00fcye devletlerin bilgi ve deneyimlerini Valilik \u00f6nderli\u011finde \u0130stanbul'daki t\u00fcm \u00f6zel, sivil toplum ve kamu kurulu\u015flar\u0131na aktarmak\r\n8. AB'ye kat\u0131l\u0131m s\u00fcrecinde, ulusal ve uluslararas\u0131 d\u00fczeyde ger\u00e7ekle\u015ftirilecek etkinlik, toplant\u0131, tart\u0131\u015fma platformlar\u0131, bilgi payla\u015f\u0131m ortamlar\u0131 vb. faaliyetlere aktif olarak kat\u0131lmak ve g\u00f6r\u00fc\u015f bildirmek\r\n9. \u0130stanbul \u00f6zelinde bir dayan\u0131\u015fma platformu olu\u015fturularak T\u00fcrkiye ve AB \u00fclkelerindeki benzer olu\u015fum ve ilgili kurulu\u015flarla i\u015f birli\u011fi ve bilgi al\u0131\u015fveri\u015fini te\u015fvik etmek\r\n10. Valilik \u00f6nderli\u011finde, AB \u00fcyeli\u011fi ve AB vatanda\u015f\u0131 olman\u0131n avantajlar\u0131 konusunda kamuoyunu bilgilendirmek ve ayd\u0131nlatmak\r\n11. \u00c7e\u015fitli AB program ve projelerinde yer almak, yeni ve \u00f6zg\u00fcn projeler haz\u0131rlayarak mevcut fon ve destek programlar\u0131ndan kaynak aktar\u0131lmas\u0131na rehberlik etmek\r\n12. Mevcut kamu kurum ve kurulu\u015flar\u0131n g\u00f6revleri \u00e7er\u00e7evesindeki AB mevzuat\u0131na uyum \u00e7al\u0131\u015fmalar\u0131 ile ilgili her t\u00fcrl\u00fc \u00e7al\u0131\u015fmay\u0131 izlemek, de\u011ferlendirmek ve gerekli koordinasyonu sa\u011flamak\r\n\r\nalanlar\u0131nda faaliyetler s\u00fcrd\u00fcr\u00fclmektedir.\r\n\r\nB\u00fcromuz taraf\u0131ndan ger\u00e7ekle\u015ftirilen projeler hakk\u0131nda bilgi i\u00e7in: www.abmerkez.com<\/div>\n\t\t\t\t\t\t\t\t\t\t<\/div>\n\t\t\t\t\t\t\t\t\t<\/div>\n\t\t\t\t\t\t\t\t<\/div> \n\t\t\t\t\t\t\t<\/div>\n\t\t\t\t\t\t<\/div>\n\n\t\t\t\t\t\t<!-- Modal footer -->\n\t\t\t\t\t\t<div class=\"modal-footer\">\n\t\t\t\t\t\t\t\n\t\t\t\t\t\t<\/div>\n\n\t\t\t\t\t<\/div>\n\t\t\t\t<\/div>\n\t\t\t<\/div>\n\t\t\t\n\t\t\t\n\t\t\t<div class=\"modal fade\" id=\"modal_partner_641\">\n\t\t\t\t<div class=\"modal-dialog modal-xl modal-dialog-scrollable modal-dialog-centered\">\n\t\t\t\t\t<div class=\"modal-content\">\n\n\t\t\t\t\n\t\t\t\t\t\t<div class=\"modal-header\">\n\t\t\t\t\t\t\t\n\t\t\t\t\t\t\t<button type=\"button\" class=\"close\" data-dismiss=\"modal\">&times;<\/button>\n\t\t\t\t\t\t<\/div>\n\n\t\t\t\t\t\t<!-- Modal body -->\n\t\t\t\t\t\t<div class=\"modal-body\">\n\t\t\t\t\t\t\t<div class=\"container\">\n\t\t\t\t\t\t\t\t<div class=\"row\">\n\t\t\t\t\t\t\t\t\t<div class=\"col-md-5\">\n\t\t\t\t\t\t\t\t\t\t<div class=\"imagen_modal\"><img decoding=\"async\" src=\"https:\/\/sustainableapprentices.eu\/wp-content\/uploads\/2023\/03\/cfs_logo.png\" name=\"E\u011fitim Hizmetleri Vakf\u0131 (Centro Servizi Formazione)\" alt=\"E\u011fitim Hizmetleri Vakf\u0131 (Centro Servizi Formazione)\"><\/div>\n\t\t\t\t\t\t\t\t\t<\/div>\n\t\t\t\t\t\t\t\t\t<div class=\"col-md-7\">\n\t\t\t\t\t\t\t\t\t\t<div class=\"titulo_modal\">\n\t\t\t\t\t\t\t\t\t\t\t<h3>E\u011fitim Hizmetleri Vakf\u0131 (Centro Servizi Formazione)<\/h3>\n\t\t\t\t\t\t\t\t\t\t\t<div class=\"separador_verde\"><\/div>\n\t\t\t\t\t\t\t\t\t\t\t<div class=\"contenido_modal\">Centro Servizi Formazione, sosyal projeler ger\u00e7ekle\u015ftirmek ve mesleki e\u011fitim faaliyetlerine katk\u0131da bulunmak amac\u0131yla 1997 y\u0131l\u0131nda \u0130talya\u2019n\u0131n Pavia \u015fehrinde faaliyet g\u00f6stermeye ba\u015flam\u0131\u015ft\u0131r. Kurum, y\u0131llar i\u00e7erisinde b\u00f6lgesel, ulusal ve Avrupa d\u00fczeylerinde farkl\u0131 projelerde yer alarak faaliyet alan\u0131n\u0131 geni\u015fletmi\u015ftir.\r\n\r\nCentro Servizi Formazione, laboratuvar destekli e\u011fitimlerin verildi\u011fi d\u00f6rt ofise sahiptir. Bunlar \u0130talya\u2019n\u0131n Lombardiya B\u00f6lgesi\u2019nde bulunan Pavia (ana ofis), Milano, Vigevano ve Voghera kentlerinde yer almaktad\u0131r. Bu kurumlar sunduklar\u0131 e\u011fitim faaliyetlerini modern y\u00f6ntemlerle geli\u015ftirerek hem mesleki ve s\u00fcrekli e\u011fitim hem de dan\u0131\u015fmanl\u0131k hizmetleri vermektedir.\r\n\r\nCentro Servizi Formazione kurumu, \u00f6zel ihtiya\u00e7lar\u0131 olan bireyler ve sosyal d\u0131\u015flanma riski ta\u015f\u0131yan gruplar\u0131n e\u011fitim f\u0131rsatlar\u0131na dahil edilmesine y\u00f6nelik e\u011fitim modellerinin Avrupa \u00e7ap\u0131nda test edilmesine ve kurumlar aras\u0131 iyi uygulamalar\u0131n de\u011fi\u015fimine y\u00f6nelik giri\u015fimlerde bulunmaktad\u0131r.\r\n\r\nKurum personeli sosyal alanlarda ve e\u011fitim alan\u0131nda uzman \u00f6\u011fretmenler, profesyoneller ve teknisyenlerden olu\u015fmaktad\u0131r. Kurumun ana faaliyetleri aras\u0131nda;\r\n<ul>\r\n \t<li>E\u011fitim Hizmetleri<\/li>\r\n \t<li>\u0130\u015f Hizmetleri<\/li>\r\n \t<li>Ki\u015fisel, E\u011fitsel ve Mesleki Rehberlik<\/li>\r\n \t<li>E\u011fitim F\u0131rsatlar\u0131n\u0131 G\u00fc\u00e7lendirecek \u00c7al\u0131\u015fmalar<\/li>\r\n \t<li>Sosyal Ara\u015ft\u0131rma ve Sosyal Planlama<\/li>\r\n \t<li>E\u011fitim Dan\u0131\u015fmanl\u0131\u011f\u0131 yer almaktad\u0131r.<\/li>\r\n<\/ul><\/div>\n\t\t\t\t\t\t\t\t\t\t<\/div>\n\t\t\t\t\t\t\t\t\t<\/div>\n\t\t\t\t\t\t\t\t<\/div> \n\t\t\t\t\t\t\t<\/div>\n\t\t\t\t\t\t<\/div>\n\n\t\t\t\t\t\t<!-- Modal footer -->\n\t\t\t\t\t\t<div class=\"modal-footer\">\n\t\t\t\t\t\t\t\n\t\t\t\t\t\t<\/div>\n\n\t\t\t\t\t<\/div>\n\t\t\t\t<\/div>\n\t\t\t<\/div>\n\t\t\t\n\t\t\t\n\t\t\t<div class=\"modal fade\" id=\"modal_partner_645\">\n\t\t\t\t<div class=\"modal-dialog modal-xl modal-dialog-scrollable modal-dialog-centered\">\n\t\t\t\t\t<div class=\"modal-content\">\n\n\t\t\t\t\n\t\t\t\t\t\t<div class=\"modal-header\">\n\t\t\t\t\t\t\t\n\t\t\t\t\t\t\t<button type=\"button\" class=\"close\" data-dismiss=\"modal\">&times;<\/button>\n\t\t\t\t\t\t<\/div>\n\n\t\t\t\t\t\t<!-- Modal body -->\n\t\t\t\t\t\t<div class=\"modal-body\">\n\t\t\t\t\t\t\t<div class=\"container\">\n\t\t\t\t\t\t\t\t<div class=\"row\">\n\t\t\t\t\t\t\t\t\t<div class=\"col-md-5\">\n\t\t\t\t\t\t\t\t\t\t<div class=\"imagen_modal\"><img decoding=\"async\" src=\"https:\/\/sustainableapprentices.eu\/wp-content\/uploads\/2023\/03\/innoquality.png\" name=\"Innoquality Systems Limited\" alt=\"Innoquality Systems Limited\"><\/div>\n\t\t\t\t\t\t\t\t\t<\/div>\n\t\t\t\t\t\t\t\t\t<div class=\"col-md-7\">\n\t\t\t\t\t\t\t\t\t\t<div class=\"titulo_modal\">\n\t\t\t\t\t\t\t\t\t\t\t<h3>Innoquality Systems Limited<\/h3>\n\t\t\t\t\t\t\t\t\t\t\t<div class=\"separador_verde\"><\/div>\n\t\t\t\t\t\t\t\t\t\t\t<div class=\"contenido_modal\">Innoquality Systems, erken \u00e7ocukluk, ilk\u00f6\u011fretim, orta\u00f6\u011fretim sonras\u0131, mesleki e\u011fitim ve \u00f6\u011fretim d\u00f6nemlerinde ve toplum e\u011fitiminde olumlu, ilerici \u00f6\u011frenci ve \u00f6\u011fretmen kazan\u0131mlar\u0131 sa\u011flamak i\u00e7in program ve politika hizmetleri tasarlamaktad\u0131r. Innoquality Systems, yenilik\u00e7i yakla\u015f\u0131mlar\u0131 ve metodolojileri ile bebeklerin ve k\u00fc\u00e7\u00fck ya\u015ftaki \u00e7ocuklar\u0131n erken bak\u0131m\u0131ndan itibaren ya\u015fam boyu \u00f6\u011frenmelerini destekleyen e\u011fitim programlar\u0131n\u0131n kalitesini iyile\u015ftirmektedir. Kurumun profesyonel uzmanl\u0131k ve deneyim zenginli\u011fi, e\u011fitim ortam\u0131 geli\u015fmeye devam ederken yeni zorluklara uygulanabilecek kan\u0131ta dayal\u0131 \u00e7\u00f6z\u00fcmler ve metodolojilerden olu\u015fan bir portf\u00f6y olu\u015fturmu\u015ftur. Tabiat\u0131 gere\u011fi yerel, ulusal ve Avrupa\u2019dan ortaklar\u0131n, hay\u0131r kurumlar\u0131n\u0131n ve k\u00e2r amac\u0131 g\u00fctmeyen kurulu\u015flar\u0131n e\u011fitim \u00f6nceliklerine uygun faaliyetler ger\u00e7ekle\u015ftirmektedir.\r\nSon derece nitelikli uzman deste\u011fi, bu alandaki kilit ki\u015filerle yak\u0131n \u00e7al\u0131\u015fma ili\u015fkileri sayesinde g\u00fc\u00e7lenmektedir. Kaliteyi iyile\u015ftirmek, kazan\u0131mlar\u0131 y\u00f6nlendirmek ve i\u015fbirlik\u00e7i bir e\u011fitim ba\u011flam\u0131nda sorumlulu\u011fu art\u0131rmak i\u00e7in tasarlanan InnoQuality Systems kurumunun e\u011fitim hizmetleri, geli\u015fme ve \u00f6l\u00e7\u00fclebilir sonu\u00e7lar sa\u011flamaktad\u0131r. Ba\u015far\u0131l\u0131 projelerden olu\u015fan \u00f6zge\u00e7mi\u015fi, toplum temelli organizasyonlardan ulusal giri\u015fimlere ve Avrupa projelerine kadar uzanmaktad\u0131r. InnoQuality Systems kurumunun program de\u011ferlendirmeleri uygulamaya ili\u015fkin ger\u00e7ek zamanl\u0131 fikirler ve kazan\u0131mlara ili\u015fkin temel bilgiler sa\u011flamaktad\u0131r.\r\nInnoQuality Systems, ulusal d\u00fczeyde kar\u015f\u0131la\u015f\u0131lan k\u00fcresel e\u011fitim sorunlar\u0131n\u0131n k\u00f6kenlerini anlayarak i\u015fbirli\u011fini \u00f6nemseyen ve m\u00fc\u015fterilerine ara\u015ft\u0131rmalar\u0131n\u0131 uygulamaya d\u00f6n\u00fc\u015ft\u00fcrme, \u00fclke \u00e7ap\u0131nda e\u011fitim programlar\u0131n\u0131n etkinli\u011fini ve s\u00fcrd\u00fcr\u00fclebilirli\u011fini art\u0131rmaya y\u00f6nelik modern teknolojiler sunmaktad\u0131r.\r\nInnoQuality Systems ayr\u0131ca e\u011fitim kurumlar\u0131n\u0131n mod\u00fcl ve program geli\u015ftirmelerinin t\u00fcm y\u00f6nlerini d\u00fczenleme, onaylama, yay\u0131nlama, geli\u015ftirme ve teslimini daha iyi y\u00f6netmesini sa\u011flayan web tabanl\u0131 e\u011fitim \u00e7\u00f6z\u00fcmleri sunmaktad\u0131r. Ayr\u0131ca, InnoQuality Systems dil edinimi, okuryazarl\u0131k ve e\u011fitim teknolojileri alan\u0131nda \u00f6nemli bir uzmanl\u0131k alan\u0131 sa\u011flamaktad\u0131r.<\/div>\n\t\t\t\t\t\t\t\t\t\t<\/div>\n\t\t\t\t\t\t\t\t\t<\/div>\n\t\t\t\t\t\t\t\t<\/div> \n\t\t\t\t\t\t\t<\/div>\n\t\t\t\t\t\t<\/div>\n\n\t\t\t\t\t\t<!-- Modal footer -->\n\t\t\t\t\t\t<div class=\"modal-footer\">\n\t\t\t\t\t\t\t\n\t\t\t\t\t\t<\/div>\n\n\t\t\t\t\t<\/div>\n\t\t\t\t<\/div>\n\t\t\t<\/div>\n\t\t\t\n\t\t\t<\/div>\n\t\t\t\t\t\t<\/div>\n\t\t\t\t<\/div>\n\t\t\t\t\t<\/div>\n\t\t<\/div>\n\t\t\t\t\t<\/div>\n\t\t<\/section>\n\t\t\t\t<\/div>\n\t\t","protected":false},"excerpt":{"rendered":"<p>HAKKINDA Sustainable Apprentices, KOB\u0130&#8217;lerde S\u00fcrd\u00fcr\u00fclebilir Kalk\u0131na Hedefleri\u2019nin (SKH) uygulanmas\u0131n\u0131 te\u015fvik etmek i\u00e7in yeni \u0130\u015f Tabanl\u0131 \u00d6\u011frenme f\u0131rsatlar\u0131 geli\u015ftirerek mesleki e\u011fitim \u00f6\u011fretmenlerini ve \u015firket i\u00e7i e\u011fitmenleri \u00e7\u0131rakl\u0131k programlar\u0131n\u0131n geli\u015ftirilmesi konusunda desteklemeyi ama\u00e7lamaktad\u0131r. Projede KOB\u0130&#8217;ler taraf\u0131ndan ihtiya\u00e7 duyulan s\u00fcrd\u00fcr\u00fclebilir uygulamalar ve beceriler hakk\u0131nda bilgi sa\u011flamak i\u00e7in dijital ara\u00e7lar ve proje tabanl\u0131 \u00f6\u011frenme y\u00f6ntemlerinin geli\u015ftirilmesi hedeflenmektedir. \u00d6zel sekt\u00f6r, s\u00fcrd\u00fcr\u00fclebilir kalk\u0131nman\u0131n \u00e7ok \u00f6nemli bir bile\u015fenidir. Avrupa&#8217;daki i\u015fletmelerin %99,8&#8217;ini olu\u015fturan ve i\u015f g\u00fcc\u00fcn\u00fcn %97,74&#8217;\u00fcn\u00fc istihdam eden KOB\u0130\u2019ler, s\u00fcrd\u00fcr\u00fclebilirli\u011fe ge\u00e7i\u015fin \u00f6nemli bir basama\u011f\u0131n\u0131 olu\u015fturmaktad\u0131r. Bu nedenle, Birle\u015fmi\u015f Milletler taraf\u0131ndan 2030 G\u00fcndeminde yer alan 17 S\u00fcrd\u00fcr\u00fclebilir Kalk\u0131nma Hedefi\u2019ne ula\u015fmak i\u00e7in on y\u0131ldan az bir s\u00fcre kala gelecek neslin \u00e7al\u0131\u015fma k\u00fclt\u00fcr\u00fcn\u00fc \u015fekillendirmek i\u00e7in gelece\u011fin i\u015fg\u00fcc\u00fcn\u00fc s\u00fcrd\u00fcr\u00fclebilir ekonomi, \u00e7evre dostu faaliyetler ve kapsay\u0131c\u0131l\u0131k konular\u0131nda e\u011fitmek \u00f6nem arz etmektedir.<\/p>\n","protected":false},"author":1,"featured_media":0,"parent":0,"menu_order":0,"comment_status":"closed","ping_status":"closed","template":"elementor_header_footer","meta":{"_acf_changed":false,"footnotes":""},"class_list":["post-604","page","type-page","status-publish","hentry"],"acf":[],"_links":{"self":[{"href":"https:\/\/sustainableapprentices.eu\/tr\/wp-json\/wp\/v2\/pages\/604","targetHints":{"allow":["GET"]}}],"collection":[{"href":"https:\/\/sustainableapprentices.eu\/tr\/wp-json\/wp\/v2\/pages"}],"about":[{"href":"https:\/\/sustainableapprentices.eu\/tr\/wp-json\/wp\/v2\/types\/page"}],"author":[{"embeddable":true,"href":"https:\/\/sustainableapprentices.eu\/tr\/wp-json\/wp\/v2\/users\/1"}],"replies":[{"embeddable":true,"href":"https:\/\/sustainableapprentices.eu\/tr\/wp-json\/wp\/v2\/comments?post=604"}],"version-history":[{"count":1,"href":"https:\/\/sustainableapprentices.eu\/tr\/wp-json\/wp\/v2\/pages\/604\/revisions"}],"predecessor-version":[{"id":605,"href":"https:\/\/sustainableapprentices.eu\/tr\/wp-json\/wp\/v2\/pages\/604\/revisions\/605"}],"wp:attachment":[{"href":"https:\/\/sustainableapprentices.eu\/tr\/wp-json\/wp\/v2\/media?parent=604"}],"curies":[{"name":"wp","href":"https:\/\/api.w.org\/{rel}","templated":true}]}}