{"id":588,"date":"2023-03-10T17:51:30","date_gmt":"2023-03-10T17:51:30","guid":{"rendered":"https:\/\/sustainableapprentices.eu\/quem-somos\/"},"modified":"2023-09-12T08:13:55","modified_gmt":"2023-09-12T08:13:55","slug":"quem-somos","status":"publish","type":"page","link":"https:\/\/sustainableapprentices.eu\/pt-pt\/quem-somos\/","title":{"rendered":"Quem somos"},"content":{"rendered":"\t\t<div data-elementor-type=\"wp-page\" data-elementor-id=\"588\" class=\"elementor elementor-588 elementor-9\">\n\t\t\t\t\t\t<section class=\"elementor-section elementor-top-section elementor-element elementor-element-2713473 elementor-section-full_width elementor-section-height-default elementor-section-height-default wpr-particle-no wpr-jarallax-no wpr-parallax-no wpr-sticky-section-no wpr-equal-height-no\" data-id=\"2713473\" data-element_type=\"section\" data-e-type=\"section\" data-settings=\"{&quot;background_background&quot;:&quot;classic&quot;}\">\n\t\t\t\t\t\t<div class=\"elementor-container elementor-column-gap-default\">\n\t\t\t\t\t<div class=\"elementor-column elementor-col-50 elementor-top-column elementor-element elementor-element-b10b042\" data-id=\"b10b042\" data-element_type=\"column\" data-e-type=\"column\">\n\t\t\t<div class=\"elementor-widget-wrap elementor-element-populated\">\n\t\t\t\t\t\t<div class=\"elementor-element elementor-element-0ff0dfa elementor-widget elementor-widget-heading\" data-id=\"0ff0dfa\" data-element_type=\"widget\" data-e-type=\"widget\" data-widget_type=\"heading.default\">\n\t\t\t\t<div class=\"elementor-widget-container\">\n\t\t\t\t\t<h2 class=\"elementor-heading-title elementor-size-default\">Sobre<\/h2>\t\t\t\t<\/div>\n\t\t\t\t<\/div>\n\t\t\t\t<div class=\"elementor-element elementor-element-2851ad2 elementor-widget-divider--view-line elementor-widget elementor-widget-divider\" data-id=\"2851ad2\" data-element_type=\"widget\" data-e-type=\"widget\" data-widget_type=\"divider.default\">\n\t\t\t\t<div class=\"elementor-widget-container\">\n\t\t\t\t\t\t\t<div class=\"elementor-divider\">\n\t\t\t<span class=\"elementor-divider-separator\">\n\t\t\t\t\t\t<\/span>\n\t\t<\/div>\n\t\t\t\t\t\t<\/div>\n\t\t\t\t<\/div>\n\t\t\t\t<div class=\"elementor-element elementor-element-faa8cfb elementor-widget elementor-widget-text-editor\" data-id=\"faa8cfb\" data-element_type=\"widget\" data-e-type=\"widget\" data-widget_type=\"text-editor.default\">\n\t\t\t\t<div class=\"elementor-widget-container\">\n\t\t\t\t\t\t\t\t\t<p>O objetivo do projeto Sustainable Apprentices \u00e9 apoiar os formadores do Ensino e Forma\u00e7\u00e3o Profissional (EFP) na conce\u00e7\u00e3o de programas que criem oportunidades de forma\u00e7\u00e3o em contexto de trabalho e promovam a implementa\u00e7\u00e3o dos Objetivos de Desenvolvimento Sustent\u00e1vel (ODS) nas Pequenas e M\u00e9dias Empresas (PME). Atrav\u00e9s de ferramentas digitais e da aprendizagem baseada em projetos, visa fornecer aos formandos do EFP conhecimentos sobre pr\u00e1ticas e compet\u00eancias sustent\u00e1veis, altamente requeridas e necess\u00e1rias nas PME atuais.<\/p>\n<p>O setor privado \u00e9 uma componente fundamental do desenvolvimento sustent\u00e1vel, sendo que as PME representam 99,8% das empresas na Europa e empregam 97,7% da for\u00e7a de trabalho. \u00c9, portanto, crucial formar a m\u00e3o-de-obra do futuro nos princ\u00edpios da economia sustent\u00e1vel, prote\u00e7\u00e3o ambiental e inclus\u00e3o, a fim de moldar a cultura laboral e empresarial da pr\u00f3xima gera\u00e7\u00e3o a menos de dez anos para alcan\u00e7ar a meta dos 17 ODS estabelecidos pela Agenda 2030 da ONU.<\/p>\n\t\t\t\t\t\t\t\t<\/div>\n\t\t\t\t<\/div>\n\t\t\t\t\t<\/div>\n\t\t<\/div>\n\t\t\t\t<div class=\"elementor-column elementor-col-50 elementor-top-column elementor-element elementor-element-16500a9\" data-id=\"16500a9\" data-element_type=\"column\" data-e-type=\"column\">\n\t\t\t<div class=\"elementor-widget-wrap elementor-element-populated\">\n\t\t\t\t\t\t<div class=\"elementor-element elementor-element-41ce420 elementor-widget elementor-widget-image\" data-id=\"41ce420\" data-element_type=\"widget\" data-e-type=\"widget\" data-widget_type=\"image.default\">\n\t\t\t\t<div class=\"elementor-widget-container\">\n\t\t\t\t\t\t\t\t\t\t\t\t\t\t\t<img fetchpriority=\"high\" decoding=\"async\" width=\"1185\" height=\"890\" src=\"https:\/\/sustainableapprentices.eu\/wp-content\/uploads\/2023\/03\/Mapa.jpg\" class=\"attachment-full size-full wp-image-408\" alt=\"\" srcset=\"https:\/\/sustainableapprentices.eu\/wp-content\/uploads\/2023\/03\/Mapa.jpg 1185w, https:\/\/sustainableapprentices.eu\/wp-content\/uploads\/2023\/03\/Mapa-300x225.jpg 300w, https:\/\/sustainableapprentices.eu\/wp-content\/uploads\/2023\/03\/Mapa-1024x769.jpg 1024w, https:\/\/sustainableapprentices.eu\/wp-content\/uploads\/2023\/03\/Mapa-768x577.jpg 768w\" sizes=\"(max-width: 1185px) 100vw, 1185px\" \/>\t\t\t\t\t\t\t\t\t\t\t\t\t\t\t<\/div>\n\t\t\t\t<\/div>\n\t\t\t\t\t<\/div>\n\t\t<\/div>\n\t\t\t\t\t<\/div>\n\t\t<\/section>\n\t\t\t\t<section class=\"elementor-section elementor-top-section elementor-element elementor-element-592330d elementor-section-boxed elementor-section-height-default elementor-section-height-default wpr-particle-no wpr-jarallax-no wpr-parallax-no wpr-sticky-section-no wpr-equal-height-no\" data-id=\"592330d\" data-element_type=\"section\" data-e-type=\"section\">\n\t\t\t\t\t\t<div class=\"elementor-container elementor-column-gap-default\">\n\t\t\t\t\t<div class=\"elementor-column elementor-col-100 elementor-top-column elementor-element elementor-element-94cc7ac\" data-id=\"94cc7ac\" data-element_type=\"column\" data-e-type=\"column\">\n\t\t\t<div class=\"elementor-widget-wrap elementor-element-populated\">\n\t\t\t\t\t\t<div class=\"elementor-element elementor-element-59df3b1 elementor-widget elementor-widget-shortcode\" data-id=\"59df3b1\" data-element_type=\"widget\" data-e-type=\"widget\" data-widget_type=\"shortcode.default\">\n\t\t\t\t<div class=\"elementor-widget-container\">\n\t\t\t\t\t\t\t<div class=\"elementor-shortcode\">\n\t<style>\n\t.contenedor_partner {\n\t\tborder: 2px solid #3F7E44;\n\t\tborder-radius: 15px;\n\t\tmargin: 18px 5px;\n\t\tpadding-bottom: 20px;\n\t\tbox-shadow: 1px 1px 10px #00000024;\n\t}\n\t\n\t.cont_imagen_partner_listado {\n\t\twidth: 70%;\n\t\tmargin: 15px auto 20px;\n\t}\n\t\n\th3.partner_title {\n\t\tcolor: #000;\n\t\ttext-align: center;\n\t\tpadding: 0px 38px;\n\t\tfont-size: 18px;\n\t}\n\t\n\tp.partner_pais {\n\t\ttext-align: center;\n\t\tcolor: #C5192D;\n\t\tfont-weight: 600;\n\t}\n\t\n\tp.partner_website a {\n\t\ttext-align: center;\n\t\tcolor: #3F7E44;\n\t}\n\t\n\tp.partner_website {\n\t\ttext-align: center;\n\t}\n\t\n\t.contenedor_partners {\n\t\tmargin-top: 30px;\n\t}\n\t\n\t.contenedor_boton {\n\t\tmargin: 0 auto;\n\t\ttext-align: center;\n\t}\n\t\n\ta.btn.text-white {\n\t\tpadding: 5px 28px;\n\t}\n\n\t<\/style>\n\t<script>\n\n\tfunction igualar(){\n\t\tvar padtop = 0;\n\t\tvar padtop_home = 0;\n\t\tvar heights = jQuery(\".iguales\").map(function ()\n\t\t{\n\t\t\treturn jQuery(this).height();\n\t\t}).get();\n\t\n\t\tmaxHeight = Math.max.apply(null, heights);\n\t\t\n\t\tjQuery(\".iguales\").css(\"height\",maxHeight+padtop);\n\n\n\t}\n\n\tjQuery(document).ready(function () {\n\t\t\n\t\t\tigualar();\n\t\t\t\n\n\t});\n\t<\/script>\n\t\n\t\t<div class=\"container contenedor_partners\">\n\t\t\t<div class=\"row\">\n\t\t<div class=\"col-md-4\">\t<div class=\"contenedor_partner\" data-id=\"624\">\t\t<div class=\"cont_imagen_partner_listado\"><img decoding=\"async\" src=\"https:\/\/sustainableapprentices.eu\/wp-content\/uploads\/2023\/03\/infodef_v2.png\" name=\"INFODEF - Instituto para el Fomento del Desarrollo y la Formaci\u00f3n\" alt=\"INFODEF - Instituto para el Fomento del Desarrollo y la Formaci\u00f3n\"><\/div>\t\t<h3 class=\"partner_title iguales\">INFODEF - Instituto para el Fomento del Desarrollo y la Formaci\u00f3n<\/h3>\t\t<p class=\"partner_pais\">Espanha<\/p>\t\t<p class=\"partner_website\"><a href=\"https:\/\/infodef.es\/\" target=\"_blank\">https:\/\/infodef.es\/<\/a><\/p>\n\t\t\t\t\t\t\t<div class=\"contenedor_boton\">\n\t\t\t\t\t\t\t\t<a class=\"btn text-white\" style=\"background-color: #C5192D;\" href=\"#\" role=\"button\" data-toggle=\"modal\" data-target=\"#modal_partner_624\">\n\t\t\t\t\t\t\t\t\t<i class=\"fa fa-eye\"><\/i>\n\t\t\t\t\t\t\t\t<\/a>\n\t\t\t\t\t\t\t<\/div>\t<\/div><\/div><div class=\"col-md-4\">\t<div class=\"contenedor_partner\" data-id=\"627\">\t\t<div class=\"cont_imagen_partner_listado\"><img decoding=\"async\" src=\"https:\/\/sustainableapprentices.eu\/wp-content\/uploads\/2023\/03\/ain_logo.png\" name=\"AIN - Asociaci\u00f3n de la Industria Navarra\" alt=\"AIN - Asociaci\u00f3n de la Industria Navarra\"><\/div>\t\t<h3 class=\"partner_title iguales\">AIN - Asociaci\u00f3n de la Industria Navarra<\/h3>\t\t<p class=\"partner_pais\">Espanha<\/p>\t\t<p class=\"partner_website\"><a href=\"https:\/\/www.ain.es\/\" target=\"_blank\">https:\/\/www.ain.es\/<\/a><\/p>\n\t\t\t\t\t\t\t<div class=\"contenedor_boton\">\n\t\t\t\t\t\t\t\t<a class=\"btn text-white\" style=\"background-color: #C5192D;\" href=\"#\" role=\"button\" data-toggle=\"modal\" data-target=\"#modal_partner_627\">\n\t\t\t\t\t\t\t\t\t<i class=\"fa fa-eye\"><\/i>\n\t\t\t\t\t\t\t\t<\/a>\n\t\t\t\t\t\t\t<\/div>\t<\/div><\/div><div class=\"col-md-4\">\t<div class=\"contenedor_partner\" data-id=\"631\">\t\t<div class=\"cont_imagen_partner_listado\"><img decoding=\"async\" src=\"https:\/\/sustainableapprentices.eu\/wp-content\/uploads\/2023\/03\/mindshift.png\" name=\"Mindshift Talent Advisory\" alt=\"Mindshift Talent Advisory\"><\/div>\t\t<h3 class=\"partner_title iguales\">Mindshift Talent Advisory<\/h3>\t\t<p class=\"partner_pais\">Portugal<\/p>\t\t<p class=\"partner_website\"><a href=\"https:\/\/www.mindshift.pt\/\" target=\"_blank\">https:\/\/www.mindshift.pt\/<\/a><\/p>\n\t\t\t\t\t\t\t<div class=\"contenedor_boton\">\n\t\t\t\t\t\t\t\t<a class=\"btn text-white\" style=\"background-color: #C5192D;\" href=\"#\" role=\"button\" data-toggle=\"modal\" data-target=\"#modal_partner_631\">\n\t\t\t\t\t\t\t\t\t<i class=\"fa fa-eye\"><\/i>\n\t\t\t\t\t\t\t\t<\/a>\n\t\t\t\t\t\t\t<\/div>\t<\/div><\/div><div class=\"col-md-4\">\t<div class=\"contenedor_partner\" data-id=\"635\">\t\t<div class=\"cont_imagen_partner_listado\"><img decoding=\"async\" src=\"https:\/\/sustainableapprentices.eu\/wp-content\/uploads\/2023\/03\/stambul.png\" name=\"Istanbul Valiligi \u2013 Governo de Istambul\" alt=\"Istanbul Valiligi \u2013 Governo de Istambul\"><\/div>\t\t<h3 class=\"partner_title iguales\">Istanbul Valiligi \u2013 Governo de Istambul<\/h3>\t\t<p class=\"partner_pais\">Turquia<\/p>\t\t<p class=\"partner_website\"><a href=\"https:\/\/abmerkez.com\/\" target=\"_blank\">https:\/\/abmerkez.com\/<\/a><\/p>\n\t\t\t\t\t\t\t<div class=\"contenedor_boton\">\n\t\t\t\t\t\t\t\t<a class=\"btn text-white\" style=\"background-color: #C5192D;\" href=\"#\" role=\"button\" data-toggle=\"modal\" data-target=\"#modal_partner_635\">\n\t\t\t\t\t\t\t\t\t<i class=\"fa fa-eye\"><\/i>\n\t\t\t\t\t\t\t\t<\/a>\n\t\t\t\t\t\t\t<\/div>\t<\/div><\/div><div class=\"col-md-4\">\t<div class=\"contenedor_partner\" data-id=\"639\">\t\t<div class=\"cont_imagen_partner_listado\"><img decoding=\"async\" src=\"https:\/\/sustainableapprentices.eu\/wp-content\/uploads\/2023\/03\/cfs_logo.png\" name=\"Centro Servizi Formazione\" alt=\"Centro Servizi Formazione\"><\/div>\t\t<h3 class=\"partner_title iguales\">Centro Servizi Formazione<\/h3>\t\t<p class=\"partner_pais\">It\u00e1lia<\/p>\t\t<p class=\"partner_website\"><a href=\"https:\/\/www.csf.lombardia.it\/\" target=\"_blank\">https:\/\/www.csf.lombardia.it\/<\/a><\/p>\n\t\t\t\t\t\t\t<div class=\"contenedor_boton\">\n\t\t\t\t\t\t\t\t<a class=\"btn text-white\" style=\"background-color: #C5192D;\" href=\"#\" role=\"button\" data-toggle=\"modal\" data-target=\"#modal_partner_639\">\n\t\t\t\t\t\t\t\t\t<i class=\"fa fa-eye\"><\/i>\n\t\t\t\t\t\t\t\t<\/a>\n\t\t\t\t\t\t\t<\/div>\t<\/div><\/div><div class=\"col-md-4\">\t<div class=\"contenedor_partner\" data-id=\"643\">\t\t<div class=\"cont_imagen_partner_listado\"><img decoding=\"async\" src=\"https:\/\/sustainableapprentices.eu\/wp-content\/uploads\/2023\/03\/innoquality.png\" name=\"Innoquality Systems Limited\" alt=\"Innoquality Systems Limited\"><\/div>\t\t<h3 class=\"partner_title iguales\">Innoquality Systems Limited<\/h3>\t\t<p class=\"partner_pais\">Irlanda<\/p>\t\t<p class=\"partner_website\"><a href=\"https:\/\/innoqualitysystems.com\/\" target=\"_blank\">https:\/\/innoqualitysystems.com\/<\/a><\/p>\n\t\t\t\t\t\t\t<div class=\"contenedor_boton\">\n\t\t\t\t\t\t\t\t<a class=\"btn text-white\" style=\"background-color: #C5192D;\" href=\"#\" role=\"button\" data-toggle=\"modal\" data-target=\"#modal_partner_643\">\n\t\t\t\t\t\t\t\t\t<i class=\"fa fa-eye\"><\/i>\n\t\t\t\t\t\t\t\t<\/a>\n\t\t\t\t\t\t\t<\/div>\t<\/div><\/div>\n\t\t\t<\/div>\n\t\t<\/div>\n\t\t\n\t\t\t<div class=\"modal fade\" id=\"modal_partner_624\">\n\t\t\t\t<div class=\"modal-dialog modal-xl modal-dialog-scrollable modal-dialog-centered\">\n\t\t\t\t\t<div class=\"modal-content\">\n\n\t\t\t\t\n\t\t\t\t\t\t<div class=\"modal-header\">\n\t\t\t\t\t\t\t\n\t\t\t\t\t\t\t<button type=\"button\" class=\"close\" data-dismiss=\"modal\">&times;<\/button>\n\t\t\t\t\t\t<\/div>\n\n\t\t\t\t\t\t<!-- Modal body -->\n\t\t\t\t\t\t<div class=\"modal-body\">\n\t\t\t\t\t\t\t<div class=\"container\">\n\t\t\t\t\t\t\t\t<div class=\"row\">\n\t\t\t\t\t\t\t\t\t<div class=\"col-md-5\">\n\t\t\t\t\t\t\t\t\t\t<div class=\"imagen_modal\"><img decoding=\"async\" src=\"https:\/\/sustainableapprentices.eu\/wp-content\/uploads\/2023\/03\/infodef_v2.png\" name=\"INFODEF - Instituto para el Fomento del Desarrollo y la Formaci\u00f3n\" alt=\"INFODEF - Instituto para el Fomento del Desarrollo y la Formaci\u00f3n\"><\/div>\n\t\t\t\t\t\t\t\t\t<\/div>\n\t\t\t\t\t\t\t\t\t<div class=\"col-md-7\">\n\t\t\t\t\t\t\t\t\t\t<div class=\"titulo_modal\">\n\t\t\t\t\t\t\t\t\t\t\t<h3>INFODEF - Instituto para el Fomento del Desarrollo y la Formaci\u00f3n<\/h3>\n\t\t\t\t\t\t\t\t\t\t\t<div class=\"separador_verde\"><\/div>\n\t\t\t\t\t\t\t\t\t\t\t<div class=\"contenido_modal\">O INFODEF, Instituto para la Promoci\u00f3n del Desarrollo y la Formaci\u00f3n, \u00e9 uma entidade privada e independente de investiga\u00e7\u00e3o, desenvolvimento e inova\u00e7\u00e3o, cuja miss\u00e3o \u00e9 conceber e gerir projetos que contribuam para alcan\u00e7ar um desenvolvimento sustent\u00e1vel e integrador atrav\u00e9s da educa\u00e7\u00e3o, da cultura e da inova\u00e7\u00e3o. O INFODEF tem sido credenciado como \u201cPME inovadora\u201d pelo Minist\u00e9rio da Ci\u00eancia e Inova\u00e7\u00e3o espanhol.\r\nO centro concebe e desenvolve ferramentas, metodologias, produtos e servi\u00e7os inovadores que respondem aos desafios sociais e econ\u00f3micos atuais e antecipam e impulsionam as mudan\u00e7as necess\u00e1rias para alcan\u00e7ar as metas e objetivos futuros da sociedade.\r\nApoia a moderniza\u00e7\u00e3o dos sistemas educativos e a inova\u00e7\u00e3o pedag\u00f3gica em institui\u00e7\u00f5es de ensino p\u00fablicas e privadas ao n\u00edvel nacional e europeu. Tem uma vasta experi\u00eancia no desenvolvimento de metodologias, ferramentas e recursos inovadores de ensino e aprendizagem e realiza trabalhos de extensibilidade na defini\u00e7\u00e3o de curr\u00edculos de forma\u00e7\u00e3o e resultados de aprendizagem (com base no Quadro Europeu de Qualifica\u00e7\u00f5es \u2013 QEQ \u2013 e no Sistema Europeu de Cr\u00e9ditos para o Ensino e Forma\u00e7\u00e3o Profissionais \u2013 ECVET), na conce\u00e7\u00e3o de novas ferramentas para a identifica\u00e7\u00e3o, avalia\u00e7\u00e3o e valida\u00e7\u00e3o de compet\u00eancias (b\u00e1sicas, essenciais, transversais e t\u00e9cnicas), no desenvolvimento de ferramentas inovadoras baseadas no QEQ e no ECVET , o desenvolvimento de ferramentas inovadoras baseadas nas TIC, a conce\u00e7\u00e3o de metodologias de apoio a programas e pr\u00e1ticas de aprendizagem em contexto laboral, novos instrumentos para o reconhecimento e valida\u00e7\u00e3o da forma\u00e7\u00e3o n\u00e3o formal e informal, m\u00e9todos de forma\u00e7\u00e3o inovadores, forma\u00e7\u00e3o para o empreendedorismo, educa\u00e7\u00e3o especial e avalia\u00e7\u00e3o da qualidade dos programas educativos.<\/div>\n\t\t\t\t\t\t\t\t\t\t<\/div>\n\t\t\t\t\t\t\t\t\t<\/div>\n\t\t\t\t\t\t\t\t<\/div> \n\t\t\t\t\t\t\t<\/div>\n\t\t\t\t\t\t<\/div>\n\n\t\t\t\t\t\t<!-- Modal footer -->\n\t\t\t\t\t\t<div class=\"modal-footer\">\n\t\t\t\t\t\t\t\n\t\t\t\t\t\t<\/div>\n\n\t\t\t\t\t<\/div>\n\t\t\t\t<\/div>\n\t\t\t<\/div>\n\t\t\t\n\t\t\t\n\t\t\t<div class=\"modal fade\" id=\"modal_partner_627\">\n\t\t\t\t<div class=\"modal-dialog modal-xl modal-dialog-scrollable modal-dialog-centered\">\n\t\t\t\t\t<div class=\"modal-content\">\n\n\t\t\t\t\n\t\t\t\t\t\t<div class=\"modal-header\">\n\t\t\t\t\t\t\t\n\t\t\t\t\t\t\t<button type=\"button\" class=\"close\" data-dismiss=\"modal\">&times;<\/button>\n\t\t\t\t\t\t<\/div>\n\n\t\t\t\t\t\t<!-- Modal body -->\n\t\t\t\t\t\t<div class=\"modal-body\">\n\t\t\t\t\t\t\t<div class=\"container\">\n\t\t\t\t\t\t\t\t<div class=\"row\">\n\t\t\t\t\t\t\t\t\t<div class=\"col-md-5\">\n\t\t\t\t\t\t\t\t\t\t<div class=\"imagen_modal\"><img decoding=\"async\" src=\"https:\/\/sustainableapprentices.eu\/wp-content\/uploads\/2023\/03\/ain_logo.png\" name=\"AIN - Asociaci\u00f3n de la Industria Navarra\" alt=\"AIN - Asociaci\u00f3n de la Industria Navarra\"><\/div>\n\t\t\t\t\t\t\t\t\t<\/div>\n\t\t\t\t\t\t\t\t\t<div class=\"col-md-7\">\n\t\t\t\t\t\t\t\t\t\t<div class=\"titulo_modal\">\n\t\t\t\t\t\t\t\t\t\t\t<h3>AIN - Asociaci\u00f3n de la Industria Navarra<\/h3>\n\t\t\t\t\t\t\t\t\t\t\t<div class=\"separador_verde\"><\/div>\n\t\t\t\t\t\t\t\t\t\t\t<div class=\"contenido_modal\">A AIN \u00e9 uma entidade privada sem fins lucrativos e um centro tecnol\u00f3gico e de inova\u00e7\u00e3o situado em Navarra, Espanha. \u00c9 tamb\u00e9m um centro de forma\u00e7\u00e3o de refer\u00eancia, onde se formam profissionais de organiza\u00e7\u00f5es, empresas, formandos e formadores. O departamento de forma\u00e7\u00e3o est\u00e1 focado no desenvolvimento de programas inovadores para melhorar a competitividade das empresas, adaptando os perfis dos seus profissionais e melhorando as compet\u00eancias dos trabalhadores e formandos, especialmente com a aquisi\u00e7\u00e3o de compet\u00eancias digitais e t\u00e9cnicas. S\u00e3o desenvolvidos programas de forma\u00e7\u00e3o integral em todos os n\u00edveis profissionais e pessoais em \u00e2mbitos funcionais e em diferentes \u00e1reas, centrados no desenvolvimento pessoal e no coaching e cursos de forma\u00e7\u00e3o em sustentabilidade e compet\u00eancias transversais e t\u00e9cnicas. Os principais objetivos s\u00e3o: realizar projetos de investiga\u00e7\u00e3o e desenvolvimento; assessorar sobre quest\u00f5es t\u00e9cnicas e de forma\u00e7\u00e3o; melhorar a competitividade e a gest\u00e3o das empresas; formar no \u00e2mbito do desenvolvimento pessoal.<\/div>\n\t\t\t\t\t\t\t\t\t\t<\/div>\n\t\t\t\t\t\t\t\t\t<\/div>\n\t\t\t\t\t\t\t\t<\/div> \n\t\t\t\t\t\t\t<\/div>\n\t\t\t\t\t\t<\/div>\n\n\t\t\t\t\t\t<!-- Modal footer -->\n\t\t\t\t\t\t<div class=\"modal-footer\">\n\t\t\t\t\t\t\t\n\t\t\t\t\t\t<\/div>\n\n\t\t\t\t\t<\/div>\n\t\t\t\t<\/div>\n\t\t\t<\/div>\n\t\t\t\n\t\t\t\n\t\t\t<div class=\"modal fade\" id=\"modal_partner_631\">\n\t\t\t\t<div class=\"modal-dialog modal-xl modal-dialog-scrollable modal-dialog-centered\">\n\t\t\t\t\t<div class=\"modal-content\">\n\n\t\t\t\t\n\t\t\t\t\t\t<div class=\"modal-header\">\n\t\t\t\t\t\t\t\n\t\t\t\t\t\t\t<button type=\"button\" class=\"close\" data-dismiss=\"modal\">&times;<\/button>\n\t\t\t\t\t\t<\/div>\n\n\t\t\t\t\t\t<!-- Modal body -->\n\t\t\t\t\t\t<div class=\"modal-body\">\n\t\t\t\t\t\t\t<div class=\"container\">\n\t\t\t\t\t\t\t\t<div class=\"row\">\n\t\t\t\t\t\t\t\t\t<div class=\"col-md-5\">\n\t\t\t\t\t\t\t\t\t\t<div class=\"imagen_modal\"><img decoding=\"async\" src=\"https:\/\/sustainableapprentices.eu\/wp-content\/uploads\/2023\/03\/mindshift.png\" name=\"Mindshift Talent Advisory\" alt=\"Mindshift Talent Advisory\"><\/div>\n\t\t\t\t\t\t\t\t\t<\/div>\n\t\t\t\t\t\t\t\t\t<div class=\"col-md-7\">\n\t\t\t\t\t\t\t\t\t\t<div class=\"titulo_modal\">\n\t\t\t\t\t\t\t\t\t\t\t<h3>Mindshift Talent Advisory<\/h3>\n\t\t\t\t\t\t\t\t\t\t\t<div class=\"separador_verde\"><\/div>\n\t\t\t\t\t\t\t\t\t\t\t<div class=\"contenido_modal\">A Mindshift \u00e9 uma empresa de consultoria especializada em Recursos Humanos, que aposta na performance e atualiza\u00e7\u00e3o das compet\u00eancias das pessoas, procurando favorecer a maturidade digital e interpessoal nas organiza\u00e7\u00f5es e sociedade.\r\nAo n\u00edvel nacional, a Mindshift tem como um dos seus principais parceiros a The Key Talent Portugal, uma Consulting HR Tech especializada em Social Atraction e Talent Assessment que desenvolve plataformas, como Panorama e AplyGo, que permitem otimizar, implementar e gerir processos de RH digitais, \u00e1geis e atrativos baseados em an\u00e1lise de dados.\r\nAo n\u00edvel europeu, a Mindshift \u00e9 um parceiro de refer\u00eancia no desenvolvimento de projetos de coopera\u00e7\u00e3o estrat\u00e9gica transnacional para a cria\u00e7\u00e3o de solu\u00e7\u00f5es inovadoras na \u00e1rea da forma\u00e7\u00e3o de jovens e adultos em seis \u00e1reas essenciais: upskilling &amp; reskilling, inclus\u00e3o e empregabilidade, desenvolvimento sustent\u00e1vel, capacita\u00e7\u00e3o de mulheres, empreendedorismo e criatividade e talento digital.\r\nA Mindshift est\u00e1 fortemente empenhada nos princ\u00edpios da Responsabilidade Social e na Agenda 2030 para o Desenvolvimento Sustent\u00e1vel, reunindo uma equipa de colaboradores com diversas forma\u00e7\u00f5es e experi\u00eancias profissionais.<\/div>\n\t\t\t\t\t\t\t\t\t\t<\/div>\n\t\t\t\t\t\t\t\t\t<\/div>\n\t\t\t\t\t\t\t\t<\/div> \n\t\t\t\t\t\t\t<\/div>\n\t\t\t\t\t\t<\/div>\n\n\t\t\t\t\t\t<!-- Modal footer -->\n\t\t\t\t\t\t<div class=\"modal-footer\">\n\t\t\t\t\t\t\t\n\t\t\t\t\t\t<\/div>\n\n\t\t\t\t\t<\/div>\n\t\t\t\t<\/div>\n\t\t\t<\/div>\n\t\t\t\n\t\t\t\n\t\t\t<div class=\"modal fade\" id=\"modal_partner_635\">\n\t\t\t\t<div class=\"modal-dialog modal-xl modal-dialog-scrollable modal-dialog-centered\">\n\t\t\t\t\t<div class=\"modal-content\">\n\n\t\t\t\t\n\t\t\t\t\t\t<div class=\"modal-header\">\n\t\t\t\t\t\t\t\n\t\t\t\t\t\t\t<button type=\"button\" class=\"close\" data-dismiss=\"modal\">&times;<\/button>\n\t\t\t\t\t\t<\/div>\n\n\t\t\t\t\t\t<!-- Modal body -->\n\t\t\t\t\t\t<div class=\"modal-body\">\n\t\t\t\t\t\t\t<div class=\"container\">\n\t\t\t\t\t\t\t\t<div class=\"row\">\n\t\t\t\t\t\t\t\t\t<div class=\"col-md-5\">\n\t\t\t\t\t\t\t\t\t\t<div class=\"imagen_modal\"><img decoding=\"async\" src=\"https:\/\/sustainableapprentices.eu\/wp-content\/uploads\/2023\/03\/stambul.png\" name=\"Istanbul Valiligi \u2013 Governo de Istambul\" alt=\"Istanbul Valiligi \u2013 Governo de Istambul\"><\/div>\n\t\t\t\t\t\t\t\t\t<\/div>\n\t\t\t\t\t\t\t\t\t<div class=\"col-md-7\">\n\t\t\t\t\t\t\t\t\t\t<div class=\"titulo_modal\">\n\t\t\t\t\t\t\t\t\t\t\t<h3>Istanbul Valiligi \u2013 Governo de Istambul<\/h3>\n\t\t\t\t\t\t\t\t\t\t\t<div class=\"separador_verde\"><\/div>\n\t\t\t\t\t\t\t\t\t\t\t<div class=\"contenido_modal\">O Governo de Istambul (GOI) \u00e9 o principal \u00f3rg\u00e3o administrativo de Istambul, com mais de 2.000 funcion\u00e1rios. Um total de 24 dire\u00e7\u00f5es provinciais (como a Dire\u00e7\u00e3o Regional da Administra\u00e7\u00e3o das Migra\u00e7\u00f5es) e 39 governadores distritais trabalham sob a tutela do Governo de Istambul. O Gabinete da UE e das Rela\u00e7\u00f5es Externas desenvolve e executa projetos em nome do Governo da Istambul e assegura que os cidad\u00e3os compreendem o processo e as medidas exigidas pela UE. No dom\u00ednio dos projetos, as prioridades do GOI s\u00e3o o apoio \u00e0s pessoas com defici\u00eancia, aos grupos desfavorecidos, aos imigrantes, \u00e0s pessoas fora da escolaridade e aos adultos desempregados, bem como a sustentabilidade. Neste contexto, coopera com muitas institui\u00e7\u00f5es p\u00fablicas, universidades, centros de forma\u00e7\u00e3o, escolas e centros de EFP e organiza\u00e7\u00f5es n\u00e3o governamentais para jovens e adultos.<\/div>\n\t\t\t\t\t\t\t\t\t\t<\/div>\n\t\t\t\t\t\t\t\t\t<\/div>\n\t\t\t\t\t\t\t\t<\/div> \n\t\t\t\t\t\t\t<\/div>\n\t\t\t\t\t\t<\/div>\n\n\t\t\t\t\t\t<!-- Modal footer -->\n\t\t\t\t\t\t<div class=\"modal-footer\">\n\t\t\t\t\t\t\t\n\t\t\t\t\t\t<\/div>\n\n\t\t\t\t\t<\/div>\n\t\t\t\t<\/div>\n\t\t\t<\/div>\n\t\t\t\n\t\t\t\n\t\t\t<div class=\"modal fade\" id=\"modal_partner_639\">\n\t\t\t\t<div class=\"modal-dialog modal-xl modal-dialog-scrollable modal-dialog-centered\">\n\t\t\t\t\t<div class=\"modal-content\">\n\n\t\t\t\t\n\t\t\t\t\t\t<div class=\"modal-header\">\n\t\t\t\t\t\t\t\n\t\t\t\t\t\t\t<button type=\"button\" class=\"close\" data-dismiss=\"modal\">&times;<\/button>\n\t\t\t\t\t\t<\/div>\n\n\t\t\t\t\t\t<!-- Modal body -->\n\t\t\t\t\t\t<div class=\"modal-body\">\n\t\t\t\t\t\t\t<div class=\"container\">\n\t\t\t\t\t\t\t\t<div class=\"row\">\n\t\t\t\t\t\t\t\t\t<div class=\"col-md-5\">\n\t\t\t\t\t\t\t\t\t\t<div class=\"imagen_modal\"><img decoding=\"async\" src=\"https:\/\/sustainableapprentices.eu\/wp-content\/uploads\/2023\/03\/cfs_logo.png\" name=\"Centro Servizi Formazione\" alt=\"Centro Servizi Formazione\"><\/div>\n\t\t\t\t\t\t\t\t\t<\/div>\n\t\t\t\t\t\t\t\t\t<div class=\"col-md-7\">\n\t\t\t\t\t\t\t\t\t\t<div class=\"titulo_modal\">\n\t\t\t\t\t\t\t\t\t\t\t<h3>Centro Servizi Formazione<\/h3>\n\t\t\t\t\t\t\t\t\t\t\t<div class=\"separador_verde\"><\/div>\n\t\t\t\t\t\t\t\t\t\t\t<div class=\"contenido_modal\">O Centro Servizi Formazione come\u00e7ou a funcionar no territ\u00f3rio de Pavia em 1997, com o objetivo de criar projetos sociais, forma\u00e7\u00e3o profissional e apoio escolar. Com o tempo, as atividades do Centro expandiram-se consideravelmente, particularmente com a participa\u00e7\u00e3o em projetos complexos ao n\u00edvel provincial, regional, nacional e europeu.\r\n\r\nO Centro tem quatro sedes, uma em Pavia (a casa m\u00e3e), constitu\u00edda por uma estrutura aut\u00f3noma, com salas de aula e laborat\u00f3rios para a forma\u00e7\u00e3o. A segunda situa-se em Mil\u00e3o, a terceira em Vigevano e a quarta em Voghera, todas cidades situadas na regi\u00e3o da Lombardia.\r\n\r\nAs suas instala\u00e7\u00f5es s\u00e3o constitu\u00eddas por uma estrutura aut\u00f3noma com salas de aula para diferentes tipos de forma\u00e7\u00e3o: profissional, permanente e cont\u00ednua, gabinetes para as atividades de dire\u00e7\u00e3o, coordena\u00e7\u00e3o e tutoria. Todas as salas de aula est\u00e3o equipadas para um ensino moderno e avan\u00e7ado.\r\n\r\nEntre as experi\u00eancias mais significativas, o Centro tem participado ativamente em iniciativas relativas \u00e0 experimenta\u00e7\u00e3o, ao n\u00edvel europeu, de modelos de forma\u00e7\u00e3o e inclus\u00e3o de pessoas com necessidades especiais e trabalhadores sociais em risco de exclus\u00e3o social, bem como em frutuosos interc\u00e2mbios de boas pr\u00e1ticas com redes transnacionais.\r\n\r\nA equipa do Centro \u00e9 constitu\u00edda por formadores, profissionais e t\u00e9cnicos da \u00e1rea social e educativa. As principais atividades s\u00e3o:\r\n<ul>\r\n \t<li>Apoio \u00e0 educa\u00e7\u00e3o\/forma\u00e7\u00e3o<\/li>\r\n \t<li>Apoio ao trabalho<\/li>\r\n \t<li>Orienta\u00e7\u00e3o pessoal, educativa e profissional<\/li>\r\n \t<li>Espa\u00e7os para escuta e apoio \u00e0 psicologia educacional<\/li>\r\n \t<li>Investiga\u00e7\u00e3o social e planeamento social<\/li>\r\n \t<li>Aconselhamento sist\u00e9mico<\/li>\r\n<\/ul><\/div>\n\t\t\t\t\t\t\t\t\t\t<\/div>\n\t\t\t\t\t\t\t\t\t<\/div>\n\t\t\t\t\t\t\t\t<\/div> \n\t\t\t\t\t\t\t<\/div>\n\t\t\t\t\t\t<\/div>\n\n\t\t\t\t\t\t<!-- Modal footer -->\n\t\t\t\t\t\t<div class=\"modal-footer\">\n\t\t\t\t\t\t\t\n\t\t\t\t\t\t<\/div>\n\n\t\t\t\t\t<\/div>\n\t\t\t\t<\/div>\n\t\t\t<\/div>\n\t\t\t\n\t\t\t\n\t\t\t<div class=\"modal fade\" id=\"modal_partner_643\">\n\t\t\t\t<div class=\"modal-dialog modal-xl modal-dialog-scrollable modal-dialog-centered\">\n\t\t\t\t\t<div class=\"modal-content\">\n\n\t\t\t\t\n\t\t\t\t\t\t<div class=\"modal-header\">\n\t\t\t\t\t\t\t\n\t\t\t\t\t\t\t<button type=\"button\" class=\"close\" data-dismiss=\"modal\">&times;<\/button>\n\t\t\t\t\t\t<\/div>\n\n\t\t\t\t\t\t<!-- Modal body -->\n\t\t\t\t\t\t<div class=\"modal-body\">\n\t\t\t\t\t\t\t<div class=\"container\">\n\t\t\t\t\t\t\t\t<div class=\"row\">\n\t\t\t\t\t\t\t\t\t<div class=\"col-md-5\">\n\t\t\t\t\t\t\t\t\t\t<div class=\"imagen_modal\"><img decoding=\"async\" src=\"https:\/\/sustainableapprentices.eu\/wp-content\/uploads\/2023\/03\/innoquality.png\" name=\"Innoquality Systems Limited\" alt=\"Innoquality Systems Limited\"><\/div>\n\t\t\t\t\t\t\t\t\t<\/div>\n\t\t\t\t\t\t\t\t\t<div class=\"col-md-7\">\n\t\t\t\t\t\t\t\t\t\t<div class=\"titulo_modal\">\n\t\t\t\t\t\t\t\t\t\t\t<h3>Innoquality Systems Limited<\/h3>\n\t\t\t\t\t\t\t\t\t\t\t<div class=\"separador_verde\"><\/div>\n\t\t\t\t\t\t\t\t\t\t\t<div class=\"contenido_modal\">A Innoquality Systems (INQS) fornece servi\u00e7os de programas e pol\u00edticas concebidos para permitir resultados positivos e progressivos a estudantes e professores na forma\u00e7\u00e3o infantil, prim\u00e1ria, b\u00e1sica, secund\u00e1ria, profissional e comunit\u00e1ria. Apoiando a aprendizagem ao longo da vida, desde os primeiros cuidados com os beb\u00e9s e as crian\u00e7as pequenas at\u00e9 \u00e0 forma\u00e7\u00e3o universit\u00e1ria e profissional, as suas abordagens e metodologias inovadoras tratam de quest\u00f5es cr\u00edticas e melhoram a qualidade dos programas educativos. A sua riqueza e experi\u00eancia profissional gerou uma carteira de solu\u00e7\u00f5es e metodologias baseadas em provas que podem ser aplicadas a novos desafios, \u00e0 medida que o panorama educativo continua a evoluir. Compreende intrinsecamente as prioridades educativas dos stakeholders locais, nacionais e europeus, das organiza\u00e7\u00f5es filantr\u00f3picas e das organiza\u00e7\u00f5es sem fins lucrativos.\r\nO apoio da INQS, altamente diferenciado e especializado, \u00e9 refor\u00e7ado pelas rela\u00e7\u00f5es de trabalho estreitas que mant\u00e9m com pessoas essenciais no terreno. Concebidos para melhorar a qualidade, impulsionar os resultados e aumentar a responsabiliza\u00e7\u00e3o num contexto educativo colaborativo, os servi\u00e7os educativos da INQS produzem melhorias reais e resultados quantific\u00e1veis. O seu curr\u00edculo de projetos bem-sucedidos abrange desde organiza\u00e7\u00f5es comunit\u00e1rias a iniciativas nacionais e projetos europeus. As avalia\u00e7\u00f5es de programas da INQS fornecem informa\u00e7\u00f5es em tempo real sobre a implementa\u00e7\u00e3o e os principais conhecimentos sobre os resultados.\r\nCom base no seu profundo conhecimento dos desafios educativos enfrentados globalmente ao n\u00edvel nacional, a INQS fornece aos colaboradores e clientes metodologias de ponta que lhes permitem transformar a investiga\u00e7\u00e3o em pr\u00e1tica, melhorando a efic\u00e1cia e a sustentabilidade dos programas educativos. O software da InnoQuality Systems tamb\u00e9m fornece solu\u00e7\u00f5es educativas baseadas na Web que garantem que as institui\u00e7\u00f5es educativas possam gerir melhor o desenvolvimento, a edi\u00e7\u00e3o, a aprova\u00e7\u00e3o, a captura, a publica\u00e7\u00e3o e a entrega de todos os aspetos do desenvolvimento de m\u00f3dulos e programas. A INQS tamb\u00e9m oferece uma experi\u00eancia consider\u00e1vel no dom\u00ednio da aprendizagem de l\u00ednguas, da literacia e das tecnologias educativas.<\/div>\n\t\t\t\t\t\t\t\t\t\t<\/div>\n\t\t\t\t\t\t\t\t\t<\/div>\n\t\t\t\t\t\t\t\t<\/div> \n\t\t\t\t\t\t\t<\/div>\n\t\t\t\t\t\t<\/div>\n\n\t\t\t\t\t\t<!-- Modal footer -->\n\t\t\t\t\t\t<div class=\"modal-footer\">\n\t\t\t\t\t\t\t\n\t\t\t\t\t\t<\/div>\n\n\t\t\t\t\t<\/div>\n\t\t\t\t<\/div>\n\t\t\t<\/div>\n\t\t\t\n\t\t\t<\/div>\n\t\t\t\t\t\t<\/div>\n\t\t\t\t<\/div>\n\t\t\t\t\t<\/div>\n\t\t<\/div>\n\t\t\t\t\t<\/div>\n\t\t<\/section>\n\t\t\t\t<\/div>\n\t\t","protected":false},"excerpt":{"rendered":"<p>Sobre O objetivo do projeto Sustainable Apprentices \u00e9 apoiar os formadores do Ensino e Forma\u00e7\u00e3o Profissional (EFP) na conce\u00e7\u00e3o de programas que criem oportunidades de forma\u00e7\u00e3o em contexto de trabalho e promovam a implementa\u00e7\u00e3o dos Objetivos de Desenvolvimento Sustent\u00e1vel (ODS) nas Pequenas e M\u00e9dias Empresas (PME). Atrav\u00e9s de ferramentas digitais e da aprendizagem baseada em projetos, visa fornecer aos formandos do EFP conhecimentos sobre pr\u00e1ticas e compet\u00eancias sustent\u00e1veis, altamente requeridas e necess\u00e1rias nas PME atuais. O setor privado \u00e9 uma componente fundamental do desenvolvimento sustent\u00e1vel, sendo que as PME representam 99,8% das empresas na Europa e empregam 97,7% da for\u00e7a de trabalho. \u00c9, portanto, crucial formar a m\u00e3o-de-obra do futuro nos princ\u00edpios da economia sustent\u00e1vel, prote\u00e7\u00e3o ambiental e inclus\u00e3o, a fim de moldar a cultura laboral e empresarial da pr\u00f3xima gera\u00e7\u00e3o a menos de dez anos para alcan\u00e7ar a meta dos 17 ODS estabelecidos pela Agenda 2030 da ONU.<\/p>\n","protected":false},"author":1,"featured_media":0,"parent":0,"menu_order":0,"comment_status":"closed","ping_status":"closed","template":"elementor_header_footer","meta":{"_acf_changed":false,"footnotes":""},"class_list":["post-588","page","type-page","status-publish","hentry"],"acf":[],"_links":{"self":[{"href":"https:\/\/sustainableapprentices.eu\/pt-pt\/wp-json\/wp\/v2\/pages\/588","targetHints":{"allow":["GET"]}}],"collection":[{"href":"https:\/\/sustainableapprentices.eu\/pt-pt\/wp-json\/wp\/v2\/pages"}],"about":[{"href":"https:\/\/sustainableapprentices.eu\/pt-pt\/wp-json\/wp\/v2\/types\/page"}],"author":[{"embeddable":true,"href":"https:\/\/sustainableapprentices.eu\/pt-pt\/wp-json\/wp\/v2\/users\/1"}],"replies":[{"embeddable":true,"href":"https:\/\/sustainableapprentices.eu\/pt-pt\/wp-json\/wp\/v2\/comments?post=588"}],"version-history":[{"count":1,"href":"https:\/\/sustainableapprentices.eu\/pt-pt\/wp-json\/wp\/v2\/pages\/588\/revisions"}],"predecessor-version":[{"id":589,"href":"https:\/\/sustainableapprentices.eu\/pt-pt\/wp-json\/wp\/v2\/pages\/588\/revisions\/589"}],"wp:attachment":[{"href":"https:\/\/sustainableapprentices.eu\/pt-pt\/wp-json\/wp\/v2\/media?parent=588"}],"curies":[{"name":"wp","href":"https:\/\/api.w.org\/{rel}","templated":true}]}}