{"id":567,"date":"2023-03-10T17:51:30","date_gmt":"2023-03-10T17:51:30","guid":{"rendered":"https:\/\/sustainableapprentices.eu\/chi-siamo\/"},"modified":"2023-09-12T07:19:55","modified_gmt":"2023-09-12T07:19:55","slug":"chi-siamo","status":"publish","type":"page","link":"https:\/\/sustainableapprentices.eu\/it\/chi-siamo\/","title":{"rendered":"Chi siamo"},"content":{"rendered":"\t\t<div data-elementor-type=\"wp-page\" data-elementor-id=\"567\" class=\"elementor elementor-567 elementor-9\">\n\t\t\t\t\t\t<section class=\"elementor-section elementor-top-section elementor-element elementor-element-2713473 elementor-section-full_width elementor-section-height-default elementor-section-height-default wpr-particle-no wpr-jarallax-no wpr-parallax-no wpr-sticky-section-no wpr-equal-height-no\" data-id=\"2713473\" data-element_type=\"section\" data-e-type=\"section\" data-settings=\"{&quot;background_background&quot;:&quot;classic&quot;}\">\n\t\t\t\t\t\t<div class=\"elementor-container elementor-column-gap-default\">\n\t\t\t\t\t<div class=\"elementor-column elementor-col-50 elementor-top-column elementor-element elementor-element-b10b042\" data-id=\"b10b042\" data-element_type=\"column\" data-e-type=\"column\">\n\t\t\t<div class=\"elementor-widget-wrap elementor-element-populated\">\n\t\t\t\t\t\t<div class=\"elementor-element elementor-element-0ff0dfa elementor-widget elementor-widget-heading\" data-id=\"0ff0dfa\" data-element_type=\"widget\" data-e-type=\"widget\" data-widget_type=\"heading.default\">\n\t\t\t\t<div class=\"elementor-widget-container\">\n\t\t\t\t\t<h2 class=\"elementor-heading-title elementor-size-default\">About<\/h2>\t\t\t\t<\/div>\n\t\t\t\t<\/div>\n\t\t\t\t<div class=\"elementor-element elementor-element-2851ad2 elementor-widget-divider--view-line elementor-widget elementor-widget-divider\" data-id=\"2851ad2\" data-element_type=\"widget\" data-e-type=\"widget\" data-widget_type=\"divider.default\">\n\t\t\t\t<div class=\"elementor-widget-container\">\n\t\t\t\t\t\t\t<div class=\"elementor-divider\">\n\t\t\t<span class=\"elementor-divider-separator\">\n\t\t\t\t\t\t<\/span>\n\t\t<\/div>\n\t\t\t\t\t\t<\/div>\n\t\t\t\t<\/div>\n\t\t\t\t<div class=\"elementor-element elementor-element-faa8cfb elementor-widget elementor-widget-text-editor\" data-id=\"faa8cfb\" data-element_type=\"widget\" data-e-type=\"widget\" data-widget_type=\"text-editor.default\">\n\t\t\t\t<div class=\"elementor-widget-container\">\n\t\t\t\t\t\t\t\t\t<p>Sustainable Apprentices mira a sostenere gli insegnanti IFP e i formatori aziendali nella creazione di programmi di apprendistato creando nuove opportunit\u00e0 di apprendimento basato sul lavoro per favorire l&#8217;attuazione degli Obiettivi di sviluppo sostenibile (SDG) nelle piccole e medie imprese (PMI) attraverso strumenti digitali e project-based learning, per fornire agli studenti dell&#8217;IFP conoscenze e competenze &#8211; oggi molto richieste e necessarie dalle PMI &#8211; sulle le pratiche sostenibili.<\/p>\n<p>Il settore privato \u00e8 una componente cruciale dello sviluppo sostenibile e le piccole e medie imprese, che rappresentano il 99,8% delle imprese in Europa e impiegano il 97,74% della forza lavoro, sono attori chiavo della transizione sostenibile. Pertanto, \u00e8 fondamentale educare la forza lavoro del futuro ai principi dell&#8217;economia sostenibile, della protezione ambientale e dell&#8217;inclusione al fine di plasmare la cultura lavorativa e imprenditoriale della prossima generazione, avendo a disposizione meno di dieci anni per raggiungere i 17 obiettivi di sviluppo sostenibile (SDG) stabiliti dall&#8217;Agenda 2030 delle Nazioni Unite.<\/p>\n\t\t\t\t\t\t\t\t<\/div>\n\t\t\t\t<\/div>\n\t\t\t\t\t<\/div>\n\t\t<\/div>\n\t\t\t\t<div class=\"elementor-column elementor-col-50 elementor-top-column elementor-element elementor-element-16500a9\" data-id=\"16500a9\" data-element_type=\"column\" data-e-type=\"column\">\n\t\t\t<div class=\"elementor-widget-wrap elementor-element-populated\">\n\t\t\t\t\t\t<div class=\"elementor-element elementor-element-41ce420 elementor-widget elementor-widget-image\" data-id=\"41ce420\" data-element_type=\"widget\" data-e-type=\"widget\" data-widget_type=\"image.default\">\n\t\t\t\t<div class=\"elementor-widget-container\">\n\t\t\t\t\t\t\t\t\t\t\t\t\t\t\t<img fetchpriority=\"high\" decoding=\"async\" width=\"1185\" height=\"890\" src=\"https:\/\/sustainableapprentices.eu\/wp-content\/uploads\/2023\/03\/Mapa.jpg\" class=\"attachment-full size-full wp-image-407\" alt=\"\" srcset=\"https:\/\/sustainableapprentices.eu\/wp-content\/uploads\/2023\/03\/Mapa.jpg 1185w, https:\/\/sustainableapprentices.eu\/wp-content\/uploads\/2023\/03\/Mapa-300x225.jpg 300w, https:\/\/sustainableapprentices.eu\/wp-content\/uploads\/2023\/03\/Mapa-1024x769.jpg 1024w, https:\/\/sustainableapprentices.eu\/wp-content\/uploads\/2023\/03\/Mapa-768x577.jpg 768w\" sizes=\"(max-width: 1185px) 100vw, 1185px\" \/>\t\t\t\t\t\t\t\t\t\t\t\t\t\t\t<\/div>\n\t\t\t\t<\/div>\n\t\t\t\t\t<\/div>\n\t\t<\/div>\n\t\t\t\t\t<\/div>\n\t\t<\/section>\n\t\t\t\t<section class=\"elementor-section elementor-top-section elementor-element elementor-element-592330d elementor-section-boxed elementor-section-height-default elementor-section-height-default wpr-particle-no wpr-jarallax-no wpr-parallax-no wpr-sticky-section-no wpr-equal-height-no\" data-id=\"592330d\" data-element_type=\"section\" data-e-type=\"section\">\n\t\t\t\t\t\t<div class=\"elementor-container elementor-column-gap-default\">\n\t\t\t\t\t<div class=\"elementor-column elementor-col-100 elementor-top-column elementor-element elementor-element-94cc7ac\" data-id=\"94cc7ac\" data-element_type=\"column\" data-e-type=\"column\">\n\t\t\t<div class=\"elementor-widget-wrap elementor-element-populated\">\n\t\t\t\t\t\t<div class=\"elementor-element elementor-element-59df3b1 elementor-widget elementor-widget-shortcode\" data-id=\"59df3b1\" data-element_type=\"widget\" data-e-type=\"widget\" data-widget_type=\"shortcode.default\">\n\t\t\t\t<div class=\"elementor-widget-container\">\n\t\t\t\t\t\t\t<div class=\"elementor-shortcode\">\n\t<style>\n\t.contenedor_partner {\n\t\tborder: 2px solid #3F7E44;\n\t\tborder-radius: 15px;\n\t\tmargin: 18px 5px;\n\t\tpadding-bottom: 20px;\n\t\tbox-shadow: 1px 1px 10px #00000024;\n\t}\n\t\n\t.cont_imagen_partner_listado {\n\t\twidth: 70%;\n\t\tmargin: 15px auto 20px;\n\t}\n\t\n\th3.partner_title {\n\t\tcolor: #000;\n\t\ttext-align: center;\n\t\tpadding: 0px 38px;\n\t\tfont-size: 18px;\n\t}\n\t\n\tp.partner_pais {\n\t\ttext-align: center;\n\t\tcolor: #C5192D;\n\t\tfont-weight: 600;\n\t}\n\t\n\tp.partner_website a {\n\t\ttext-align: center;\n\t\tcolor: #3F7E44;\n\t}\n\t\n\tp.partner_website {\n\t\ttext-align: center;\n\t}\n\t\n\t.contenedor_partners {\n\t\tmargin-top: 30px;\n\t}\n\t\n\t.contenedor_boton {\n\t\tmargin: 0 auto;\n\t\ttext-align: center;\n\t}\n\t\n\ta.btn.text-white {\n\t\tpadding: 5px 28px;\n\t}\n\n\t<\/style>\n\t<script>\n\n\tfunction igualar(){\n\t\tvar padtop = 0;\n\t\tvar padtop_home = 0;\n\t\tvar heights = jQuery(\".iguales\").map(function ()\n\t\t{\n\t\t\treturn jQuery(this).height();\n\t\t}).get();\n\t\n\t\tmaxHeight = Math.max.apply(null, heights);\n\t\t\n\t\tjQuery(\".iguales\").css(\"height\",maxHeight+padtop);\n\n\n\t}\n\n\tjQuery(document).ready(function () {\n\t\t\n\t\t\tigualar();\n\t\t\t\n\n\t});\n\t<\/script>\n\t\n\t\t<div class=\"container contenedor_partners\">\n\t\t\t<div class=\"row\">\n\t\t<div class=\"col-md-4\">\t<div class=\"contenedor_partner\" data-id=\"625\">\t\t<div class=\"cont_imagen_partner_listado\"><img decoding=\"async\" src=\"https:\/\/sustainableapprentices.eu\/wp-content\/uploads\/2023\/03\/infodef_v2.png\" name=\"INFODEF - Isitituo per la Promozione e lo Sviluppo della Formazione\" alt=\"INFODEF - Isitituo per la Promozione e lo Sviluppo della Formazione\"><\/div>\t\t<h3 class=\"partner_title iguales\">INFODEF - Isitituo per la Promozione e lo Sviluppo della Formazione<\/h3>\t\t<p class=\"partner_pais\">Spagna<\/p>\t\t<p class=\"partner_website\"><a href=\"https:\/\/infodef.es\/\" target=\"_blank\">https:\/\/infodef.es\/<\/a><\/p>\n\t\t\t\t\t\t\t<div class=\"contenedor_boton\">\n\t\t\t\t\t\t\t\t<a class=\"btn text-white\" style=\"background-color: #C5192D;\" href=\"#\" role=\"button\" data-toggle=\"modal\" data-target=\"#modal_partner_625\">\n\t\t\t\t\t\t\t\t\t<i class=\"fa fa-eye\"><\/i>\n\t\t\t\t\t\t\t\t<\/a>\n\t\t\t\t\t\t\t<\/div>\t<\/div><\/div><div class=\"col-md-4\">\t<div class=\"contenedor_partner\" data-id=\"626\">\t\t<div class=\"cont_imagen_partner_listado\"><img decoding=\"async\" src=\"https:\/\/sustainableapprentices.eu\/wp-content\/uploads\/2023\/03\/ain_logo.png\" name=\"AIN - Associazione del Industria della Navarra\" alt=\"AIN - Associazione del Industria della Navarra\"><\/div>\t\t<h3 class=\"partner_title iguales\">AIN - Associazione del Industria della Navarra<\/h3>\t\t<p class=\"partner_pais\">Spagna<\/p>\t\t<p class=\"partner_website\"><a href=\"https:\/\/www.ain.es\/\" target=\"_blank\">https:\/\/www.ain.es\/<\/a><\/p>\n\t\t\t\t\t\t\t<div class=\"contenedor_boton\">\n\t\t\t\t\t\t\t\t<a class=\"btn text-white\" style=\"background-color: #C5192D;\" href=\"#\" role=\"button\" data-toggle=\"modal\" data-target=\"#modal_partner_626\">\n\t\t\t\t\t\t\t\t\t<i class=\"fa fa-eye\"><\/i>\n\t\t\t\t\t\t\t\t<\/a>\n\t\t\t\t\t\t\t<\/div>\t<\/div><\/div><div class=\"col-md-4\">\t<div class=\"contenedor_partner\" data-id=\"630\">\t\t<div class=\"cont_imagen_partner_listado\"><img decoding=\"async\" src=\"https:\/\/sustainableapprentices.eu\/wp-content\/uploads\/2023\/03\/mindshift.png\" name=\"Mindshift Talent Advisory\" alt=\"Mindshift Talent Advisory\"><\/div>\t\t<h3 class=\"partner_title iguales\">Mindshift Talent Advisory<\/h3>\t\t<p class=\"partner_pais\">Portogallo<\/p>\t\t<p class=\"partner_website\"><a href=\"https:\/\/www.mindshift.pt\/\" target=\"_blank\">https:\/\/www.mindshift.pt\/<\/a><\/p>\n\t\t\t\t\t\t\t<div class=\"contenedor_boton\">\n\t\t\t\t\t\t\t\t<a class=\"btn text-white\" style=\"background-color: #C5192D;\" href=\"#\" role=\"button\" data-toggle=\"modal\" data-target=\"#modal_partner_630\">\n\t\t\t\t\t\t\t\t\t<i class=\"fa fa-eye\"><\/i>\n\t\t\t\t\t\t\t\t<\/a>\n\t\t\t\t\t\t\t<\/div>\t<\/div><\/div><div class=\"col-md-4\">\t<div class=\"contenedor_partner\" data-id=\"634\">\t\t<div class=\"cont_imagen_partner_listado\"><img decoding=\"async\" src=\"https:\/\/sustainableapprentices.eu\/wp-content\/uploads\/2023\/03\/stambul.png\" name=\"Istanbul Valiligi \u2013 Governatorato di Istanbul\" alt=\"Istanbul Valiligi \u2013 Governatorato di Istanbul\"><\/div>\t\t<h3 class=\"partner_title iguales\">Istanbul Valiligi \u2013 Governatorato di Istanbul<\/h3>\t\t<p class=\"partner_pais\">Turchia<\/p>\t\t<p class=\"partner_website\"><a href=\"https:\/\/abmerkez.com\/\" target=\"_blank\">https:\/\/abmerkez.com\/<\/a><\/p>\n\t\t\t\t\t\t\t<div class=\"contenedor_boton\">\n\t\t\t\t\t\t\t\t<a class=\"btn text-white\" style=\"background-color: #C5192D;\" href=\"#\" role=\"button\" data-toggle=\"modal\" data-target=\"#modal_partner_634\">\n\t\t\t\t\t\t\t\t\t<i class=\"fa fa-eye\"><\/i>\n\t\t\t\t\t\t\t\t<\/a>\n\t\t\t\t\t\t\t<\/div>\t<\/div><\/div><div class=\"col-md-4\">\t<div class=\"contenedor_partner\" data-id=\"638\">\t\t<div class=\"cont_imagen_partner_listado\"><img decoding=\"async\" src=\"https:\/\/sustainableapprentices.eu\/wp-content\/uploads\/2023\/03\/cfs_logo.png\" name=\"Centro Servizi Formazione\" alt=\"Centro Servizi Formazione\"><\/div>\t\t<h3 class=\"partner_title iguales\">Centro Servizi Formazione<\/h3>\t\t<p class=\"partner_pais\">Italia <\/p>\t\t<p class=\"partner_website\"><a href=\"https:\/\/www.csf.lombardia.it\/\" target=\"_blank\">https:\/\/www.csf.lombardia.it\/<\/a><\/p>\n\t\t\t\t\t\t\t<div class=\"contenedor_boton\">\n\t\t\t\t\t\t\t\t<a class=\"btn text-white\" style=\"background-color: #C5192D;\" href=\"#\" role=\"button\" data-toggle=\"modal\" data-target=\"#modal_partner_638\">\n\t\t\t\t\t\t\t\t\t<i class=\"fa fa-eye\"><\/i>\n\t\t\t\t\t\t\t\t<\/a>\n\t\t\t\t\t\t\t<\/div>\t<\/div><\/div><div class=\"col-md-4\">\t<div class=\"contenedor_partner\" data-id=\"642\">\t\t<div class=\"cont_imagen_partner_listado\"><img decoding=\"async\" src=\"https:\/\/sustainableapprentices.eu\/wp-content\/uploads\/2023\/03\/innoquality.png\" name=\"Innoquality Systems Limited\" alt=\"Innoquality Systems Limited\"><\/div>\t\t<h3 class=\"partner_title iguales\">Innoquality Systems Limited<\/h3>\t\t<p class=\"partner_pais\">Irlanda<\/p>\t\t<p class=\"partner_website\"><a href=\"https:\/\/innoqualitysystems.com\/\" target=\"_blank\">https:\/\/innoqualitysystems.com\/<\/a><\/p>\n\t\t\t\t\t\t\t<div class=\"contenedor_boton\">\n\t\t\t\t\t\t\t\t<a class=\"btn text-white\" style=\"background-color: #C5192D;\" href=\"#\" role=\"button\" data-toggle=\"modal\" data-target=\"#modal_partner_642\">\n\t\t\t\t\t\t\t\t\t<i class=\"fa fa-eye\"><\/i>\n\t\t\t\t\t\t\t\t<\/a>\n\t\t\t\t\t\t\t<\/div>\t<\/div><\/div>\n\t\t\t<\/div>\n\t\t<\/div>\n\t\t\n\t\t\t<div class=\"modal fade\" id=\"modal_partner_625\">\n\t\t\t\t<div class=\"modal-dialog modal-xl modal-dialog-scrollable modal-dialog-centered\">\n\t\t\t\t\t<div class=\"modal-content\">\n\n\t\t\t\t\n\t\t\t\t\t\t<div class=\"modal-header\">\n\t\t\t\t\t\t\t\n\t\t\t\t\t\t\t<button type=\"button\" class=\"close\" data-dismiss=\"modal\">&times;<\/button>\n\t\t\t\t\t\t<\/div>\n\n\t\t\t\t\t\t<!-- Modal body -->\n\t\t\t\t\t\t<div class=\"modal-body\">\n\t\t\t\t\t\t\t<div class=\"container\">\n\t\t\t\t\t\t\t\t<div class=\"row\">\n\t\t\t\t\t\t\t\t\t<div class=\"col-md-5\">\n\t\t\t\t\t\t\t\t\t\t<div class=\"imagen_modal\"><img decoding=\"async\" src=\"https:\/\/sustainableapprentices.eu\/wp-content\/uploads\/2023\/03\/infodef_v2.png\" name=\"INFODEF - Isitituo per la Promozione e lo Sviluppo della Formazione\" alt=\"INFODEF - Isitituo per la Promozione e lo Sviluppo della Formazione\"><\/div>\n\t\t\t\t\t\t\t\t\t<\/div>\n\t\t\t\t\t\t\t\t\t<div class=\"col-md-7\">\n\t\t\t\t\t\t\t\t\t\t<div class=\"titulo_modal\">\n\t\t\t\t\t\t\t\t\t\t\t<h3>INFODEF - Isitituo per la Promozione e lo Sviluppo della Formazione<\/h3>\n\t\t\t\t\t\t\t\t\t\t\t<div class=\"separador_verde\"><\/div>\n\t\t\t\t\t\t\t\t\t\t\t<div class=\"contenido_modal\">INFODEF, Istituto per la Promozione e lo Sviluppo della Formazione, \u00e8 un centro privato e indipendente per la Ricerca, lo Sviluppo e l'Innovazione la cui missione \u00e8 ideare e realizzare progetti che contribuiscano al raggiungimento di uno sviluppo sostenibile e inclusivo attraverso l'educazione, la cultura e l'innovazione. INFODEF \u00e8 stato accreditato come \u201cPMI Innovativa\u201d dal Ministero della Scienza e dell'Innovazione spagnolo.\r\nIl centro progetta e sviluppa strumenti, metodologie, prodotti e servizi innovativi che rispondono alle attuali sfide sociali ed economiche e consentono di anticipare e guidare i cambiamenti necessari per raggiungere i traguardi e gli obiettivi futuri nella societ\u00e0.\r\nINFODEF sostiene la modernizzazione dei sistemi educativi e l'innovazione pedagogica delle istituzioni educative pubbliche e private a livello nazionale ed europeo. Ha una vasta esperienza nello sviluppo di metodologie, strumenti e risorse di insegnamento e apprendimento innovativi e ha significativa esperienza nella definizione di curricula formativi (basati su EQF ed ECVET) e di risultati dell'apprendimento, nella progettazione di nuovi strumenti per l'identificazione, la valutazione e la certificazione di competenze base, chiave, trasversali e professionali, nello sviluppo di strumenti innovativi basati sulle ICT, nellla progettazione di metodologie a supporto di programmi e pratiche di apprendimento basato sul lavoro, di nuovi strumenti per il riconoscimento e la certificazione dell'apprendimento non formale e informale, di metodi di insegnamento innovativi, educazione all'imprenditorialit\u00e0, educazione speciale e valutazione e verifica della qualit\u00e0 dei programmi educativi.<\/div>\n\t\t\t\t\t\t\t\t\t\t<\/div>\n\t\t\t\t\t\t\t\t\t<\/div>\n\t\t\t\t\t\t\t\t<\/div> \n\t\t\t\t\t\t\t<\/div>\n\t\t\t\t\t\t<\/div>\n\n\t\t\t\t\t\t<!-- Modal footer -->\n\t\t\t\t\t\t<div class=\"modal-footer\">\n\t\t\t\t\t\t\t\n\t\t\t\t\t\t<\/div>\n\n\t\t\t\t\t<\/div>\n\t\t\t\t<\/div>\n\t\t\t<\/div>\n\t\t\t\n\t\t\t\n\t\t\t<div class=\"modal fade\" id=\"modal_partner_626\">\n\t\t\t\t<div class=\"modal-dialog modal-xl modal-dialog-scrollable modal-dialog-centered\">\n\t\t\t\t\t<div class=\"modal-content\">\n\n\t\t\t\t\n\t\t\t\t\t\t<div class=\"modal-header\">\n\t\t\t\t\t\t\t\n\t\t\t\t\t\t\t<button type=\"button\" class=\"close\" data-dismiss=\"modal\">&times;<\/button>\n\t\t\t\t\t\t<\/div>\n\n\t\t\t\t\t\t<!-- Modal body -->\n\t\t\t\t\t\t<div class=\"modal-body\">\n\t\t\t\t\t\t\t<div class=\"container\">\n\t\t\t\t\t\t\t\t<div class=\"row\">\n\t\t\t\t\t\t\t\t\t<div class=\"col-md-5\">\n\t\t\t\t\t\t\t\t\t\t<div class=\"imagen_modal\"><img decoding=\"async\" src=\"https:\/\/sustainableapprentices.eu\/wp-content\/uploads\/2023\/03\/ain_logo.png\" name=\"AIN - Associazione del Industria della Navarra\" alt=\"AIN - Associazione del Industria della Navarra\"><\/div>\n\t\t\t\t\t\t\t\t\t<\/div>\n\t\t\t\t\t\t\t\t\t<div class=\"col-md-7\">\n\t\t\t\t\t\t\t\t\t\t<div class=\"titulo_modal\">\n\t\t\t\t\t\t\t\t\t\t\t<h3>AIN - Associazione del Industria della Navarra<\/h3>\n\t\t\t\t\t\t\t\t\t\t\t<div class=\"separador_verde\"><\/div>\n\t\t\t\t\t\t\t\t\t\t\t<div class=\"contenido_modal\">Ain \u00e8 un'organizzazione privata senza scopo di lucro e un centro di tecnologia e innovazione situato in Navarra, in Spagna. AIN \u00e8 anche il centro di formazione di riferimento, dove si formano professionisti di enti, aziende, studenti e docenti VET. Il dipartimento di formazione \u00e8 focalizzato sullo sviluppo di programmi di formazione e istruzione innovativi per migliorare la competitivit\u00e0 delle aziende adattando i suoi profili professionali e migliorando le competenze di lavoratori e studenti, in particolare nell'acquisizione di competenze digitali e tecniche per adattare il loro profilo al lavoro con le nuove tecnologie. Ain sviluppa programmi di formazione completi a tutti i livelli professionali e personali in campi funzionali e diverse aree incentrate sullo sviluppo personale e corsi di coaching e formazione in sostenibilit\u00e0 e competenze trasversali e trasversali. I nostri obiettivi principali sono: realizzare progetti di ricerca e sviluppo; Consulenza su questioni tecniche e formative; Miglioramento della competitivit\u00e0 e della gestione dell'impresa; Formazione e sviluppo delle persone. Il nostro contributo al progetto sar\u00e0 la creazione di un quadro metodologico per stabilire programmi pratici che implementino gli SDG nelle PMI. Inoltre, contribuiremo all'esecuzione delle diverse attivit\u00e0 e compiti che verranno svolti per raggiungere i risultati del progetto.<\/div>\n\t\t\t\t\t\t\t\t\t\t<\/div>\n\t\t\t\t\t\t\t\t\t<\/div>\n\t\t\t\t\t\t\t\t<\/div> \n\t\t\t\t\t\t\t<\/div>\n\t\t\t\t\t\t<\/div>\n\n\t\t\t\t\t\t<!-- Modal footer -->\n\t\t\t\t\t\t<div class=\"modal-footer\">\n\t\t\t\t\t\t\t\n\t\t\t\t\t\t<\/div>\n\n\t\t\t\t\t<\/div>\n\t\t\t\t<\/div>\n\t\t\t<\/div>\n\t\t\t\n\t\t\t\n\t\t\t<div class=\"modal fade\" id=\"modal_partner_630\">\n\t\t\t\t<div class=\"modal-dialog modal-xl modal-dialog-scrollable modal-dialog-centered\">\n\t\t\t\t\t<div class=\"modal-content\">\n\n\t\t\t\t\n\t\t\t\t\t\t<div class=\"modal-header\">\n\t\t\t\t\t\t\t\n\t\t\t\t\t\t\t<button type=\"button\" class=\"close\" data-dismiss=\"modal\">&times;<\/button>\n\t\t\t\t\t\t<\/div>\n\n\t\t\t\t\t\t<!-- Modal body -->\n\t\t\t\t\t\t<div class=\"modal-body\">\n\t\t\t\t\t\t\t<div class=\"container\">\n\t\t\t\t\t\t\t\t<div class=\"row\">\n\t\t\t\t\t\t\t\t\t<div class=\"col-md-5\">\n\t\t\t\t\t\t\t\t\t\t<div class=\"imagen_modal\"><img decoding=\"async\" src=\"https:\/\/sustainableapprentices.eu\/wp-content\/uploads\/2023\/03\/mindshift.png\" name=\"Mindshift Talent Advisory\" alt=\"Mindshift Talent Advisory\"><\/div>\n\t\t\t\t\t\t\t\t\t<\/div>\n\t\t\t\t\t\t\t\t\t<div class=\"col-md-7\">\n\t\t\t\t\t\t\t\t\t\t<div class=\"titulo_modal\">\n\t\t\t\t\t\t\t\t\t\t\t<h3>Mindshift Talent Advisory<\/h3>\n\t\t\t\t\t\t\t\t\t\t\t<div class=\"separador_verde\"><\/div>\n\t\t\t\t\t\t\t\t\t\t\t<div class=\"contenido_modal\">Mindshift \u00e8 una societ\u00e0 di consulenza specializzata in Risorse Umane che investe nella performance e nell'aggiornamento delle competenze delle persone, cercando di rafforzare le competenze digitali e di relazione interpersonale nelle organizzazioni e nella societ\u00e0.\r\n\r\nA livello nazionale, MINDSHIFT ha tra i suoi principali partner The Key Talent Portugal, HR Tech Consulting specializzata in Social Attraction e Talent Assessment che sviluppa piattaforme digitali, come Panorama e AplyGo, che consentono di ottimizzare, implementare e gestire processi HR digitali, agili e attrattivi basati sull'analisi dei dati.\r\n\r\nA livello europeo, siamo un partner strategico per lo sviluppo di progetti di cooperazione transnazionale volti a creare soluzioni innovative nell'area della formazione di giovani e di adulti, in sei aree chiave: miglioramento delle competenze e riqualificazione, inclusione e occupabilit\u00e0, sviluppo sostenibile, emancipazione delle donne, imprenditorialit\u00e0 e creativit\u00e0 e talento digitale.\r\n\r\nMindshift \u00e8 fortemente legata ai principi della Responsabilit\u00e0 Sociale e dell'Agenda 2030 per lo Sviluppo Sostenibile, riunendo un team di persone con diversi background ed esperienze professionali.<\/div>\n\t\t\t\t\t\t\t\t\t\t<\/div>\n\t\t\t\t\t\t\t\t\t<\/div>\n\t\t\t\t\t\t\t\t<\/div> \n\t\t\t\t\t\t\t<\/div>\n\t\t\t\t\t\t<\/div>\n\n\t\t\t\t\t\t<!-- Modal footer -->\n\t\t\t\t\t\t<div class=\"modal-footer\">\n\t\t\t\t\t\t\t\n\t\t\t\t\t\t<\/div>\n\n\t\t\t\t\t<\/div>\n\t\t\t\t<\/div>\n\t\t\t<\/div>\n\t\t\t\n\t\t\t\n\t\t\t<div class=\"modal fade\" id=\"modal_partner_634\">\n\t\t\t\t<div class=\"modal-dialog modal-xl modal-dialog-scrollable modal-dialog-centered\">\n\t\t\t\t\t<div class=\"modal-content\">\n\n\t\t\t\t\n\t\t\t\t\t\t<div class=\"modal-header\">\n\t\t\t\t\t\t\t\n\t\t\t\t\t\t\t<button type=\"button\" class=\"close\" data-dismiss=\"modal\">&times;<\/button>\n\t\t\t\t\t\t<\/div>\n\n\t\t\t\t\t\t<!-- Modal body -->\n\t\t\t\t\t\t<div class=\"modal-body\">\n\t\t\t\t\t\t\t<div class=\"container\">\n\t\t\t\t\t\t\t\t<div class=\"row\">\n\t\t\t\t\t\t\t\t\t<div class=\"col-md-5\">\n\t\t\t\t\t\t\t\t\t\t<div class=\"imagen_modal\"><img decoding=\"async\" src=\"https:\/\/sustainableapprentices.eu\/wp-content\/uploads\/2023\/03\/stambul.png\" name=\"Istanbul Valiligi \u2013 Governatorato di Istanbul\" alt=\"Istanbul Valiligi \u2013 Governatorato di Istanbul\"><\/div>\n\t\t\t\t\t\t\t\t\t<\/div>\n\t\t\t\t\t\t\t\t\t<div class=\"col-md-7\">\n\t\t\t\t\t\t\t\t\t\t<div class=\"titulo_modal\">\n\t\t\t\t\t\t\t\t\t\t\t<h3>Istanbul Valiligi \u2013 Governatorato di Istanbul<\/h3>\n\t\t\t\t\t\t\t\t\t\t\t<div class=\"separador_verde\"><\/div>\n\t\t\t\t\t\t\t\t\t\t\t<div class=\"contenido_modal\">Il Governatorato di Istanbul (GOI) \u00e8 il pi\u00f9 alto organo amministrativo di Istanbul con oltre 2000 dipendenti. 24 direttori provinciali (come la direzione regionale dell'amministrazione della migrazione) e 39 governatorati distrettuali lavorano sotto il governo dell'Indonesia. L'UE e l'Ufficio per le relazioni estere sviluppa e implementa progetti per conto del GOI e si assicura che i cittadini comprendano il processo e le implementazioni richieste dall'UE. Nell'ambito del progetto, le priorit\u00e0 del GOI sono il sostegno alle persone con disabilit\u00e0, ai gruppi svantaggiati, agli immigrati, ai NEET e agli adulti disoccupati, nonch\u00e9 la sostenibilit\u00e0. In questo contesto, il GOI collabora con molte istituzioni pubbliche, universit\u00e0, centri di formazione, scuole e centri di formazione professionale e ONG per giovani e adulti.<\/div>\n\t\t\t\t\t\t\t\t\t\t<\/div>\n\t\t\t\t\t\t\t\t\t<\/div>\n\t\t\t\t\t\t\t\t<\/div> \n\t\t\t\t\t\t\t<\/div>\n\t\t\t\t\t\t<\/div>\n\n\t\t\t\t\t\t<!-- Modal footer -->\n\t\t\t\t\t\t<div class=\"modal-footer\">\n\t\t\t\t\t\t\t\n\t\t\t\t\t\t<\/div>\n\n\t\t\t\t\t<\/div>\n\t\t\t\t<\/div>\n\t\t\t<\/div>\n\t\t\t\n\t\t\t\n\t\t\t<div class=\"modal fade\" id=\"modal_partner_638\">\n\t\t\t\t<div class=\"modal-dialog modal-xl modal-dialog-scrollable modal-dialog-centered\">\n\t\t\t\t\t<div class=\"modal-content\">\n\n\t\t\t\t\n\t\t\t\t\t\t<div class=\"modal-header\">\n\t\t\t\t\t\t\t\n\t\t\t\t\t\t\t<button type=\"button\" class=\"close\" data-dismiss=\"modal\">&times;<\/button>\n\t\t\t\t\t\t<\/div>\n\n\t\t\t\t\t\t<!-- Modal body -->\n\t\t\t\t\t\t<div class=\"modal-body\">\n\t\t\t\t\t\t\t<div class=\"container\">\n\t\t\t\t\t\t\t\t<div class=\"row\">\n\t\t\t\t\t\t\t\t\t<div class=\"col-md-5\">\n\t\t\t\t\t\t\t\t\t\t<div class=\"imagen_modal\"><img decoding=\"async\" src=\"https:\/\/sustainableapprentices.eu\/wp-content\/uploads\/2023\/03\/cfs_logo.png\" name=\"Centro Servizi Formazione\" alt=\"Centro Servizi Formazione\"><\/div>\n\t\t\t\t\t\t\t\t\t<\/div>\n\t\t\t\t\t\t\t\t\t<div class=\"col-md-7\">\n\t\t\t\t\t\t\t\t\t\t<div class=\"titulo_modal\">\n\t\t\t\t\t\t\t\t\t\t\t<h3>Centro Servizi Formazione<\/h3>\n\t\t\t\t\t\t\t\t\t\t\t<div class=\"separador_verde\"><\/div>\n\t\t\t\t\t\t\t\t\t\t\t<div class=\"contenido_modal\">Il Centro Servizi Formazione ha iniziato ad operare nel territorio pavese nel 1997, con l'obiettivo di realizzare progetti sociali, di formazione professionale e di sostegno scolastico. Nel tempo le attivit\u00e0 del Centro si sono notevolmente ampliate, in particolare con la partecipazione a complessi progetti a livello provinciale, regionale, nazionale ed europeo.\r\n\r\nIl Centro Servizi Formazione ha quattro sedi, una a Pavia (la casa madre), costituite da una struttura autonoma con aule e laboratori per la formazione. La seconda sede \u00e8 a Milano, la terza a Vigevano e la quarta a Voghera, tutte citt\u00e0 della Regione Lombardia.\r\n\r\nLe sedi hanno una struttura autonoma con aule per diversi tipi di formazione: professionale, permanente e continua, uffici per l'attivit\u00e0 di direzione, coordinamento e tutoraggio. Tutte le aule sono attrezzate per un insegnamento moderno e innovativo.\r\n\r\nTra le esperienze pi\u00f9 significative, il Centro Servizi Formazione \u00e8 stato attivo in iniziative riguardanti la sperimentazione a livello europeo di modelli per la formazione e l'inclusione delle persone con bisogni speciali e delle persone socio-lavorative a rischio di esclusione sociale, e in proficui scambi di buone pratiche con le reti transnazionali.\r\n\r\nIl Team del Centro \u00e8 composto da insegnanti, professionisti e tecnici dell'area sociale ed educativa. Le principali attivit\u00e0 sono:\r\n<ul>\r\n \t<li>Servizi per l'istruzione<\/li>\r\n \t<li>Servizi al lavoro<\/li>\r\n \t<li>Orientamento personale, educativo e professionale<\/li>\r\n \t<li>Spazi di ascolto e sostegno alla psicologia dell'educazione<\/li>\r\n \t<li>Ricerca sociale e progettazione sociale<\/li>\r\n \t<li>Consulenza sistemica<\/li>\r\n<\/ul><\/div>\n\t\t\t\t\t\t\t\t\t\t<\/div>\n\t\t\t\t\t\t\t\t\t<\/div>\n\t\t\t\t\t\t\t\t<\/div> \n\t\t\t\t\t\t\t<\/div>\n\t\t\t\t\t\t<\/div>\n\n\t\t\t\t\t\t<!-- Modal footer -->\n\t\t\t\t\t\t<div class=\"modal-footer\">\n\t\t\t\t\t\t\t\n\t\t\t\t\t\t<\/div>\n\n\t\t\t\t\t<\/div>\n\t\t\t\t<\/div>\n\t\t\t<\/div>\n\t\t\t\n\t\t\t\n\t\t\t<div class=\"modal fade\" id=\"modal_partner_642\">\n\t\t\t\t<div class=\"modal-dialog modal-xl modal-dialog-scrollable modal-dialog-centered\">\n\t\t\t\t\t<div class=\"modal-content\">\n\n\t\t\t\t\n\t\t\t\t\t\t<div class=\"modal-header\">\n\t\t\t\t\t\t\t\n\t\t\t\t\t\t\t<button type=\"button\" class=\"close\" data-dismiss=\"modal\">&times;<\/button>\n\t\t\t\t\t\t<\/div>\n\n\t\t\t\t\t\t<!-- Modal body -->\n\t\t\t\t\t\t<div class=\"modal-body\">\n\t\t\t\t\t\t\t<div class=\"container\">\n\t\t\t\t\t\t\t\t<div class=\"row\">\n\t\t\t\t\t\t\t\t\t<div class=\"col-md-5\">\n\t\t\t\t\t\t\t\t\t\t<div class=\"imagen_modal\"><img decoding=\"async\" src=\"https:\/\/sustainableapprentices.eu\/wp-content\/uploads\/2023\/03\/innoquality.png\" name=\"Innoquality Systems Limited\" alt=\"Innoquality Systems Limited\"><\/div>\n\t\t\t\t\t\t\t\t\t<\/div>\n\t\t\t\t\t\t\t\t\t<div class=\"col-md-7\">\n\t\t\t\t\t\t\t\t\t\t<div class=\"titulo_modal\">\n\t\t\t\t\t\t\t\t\t\t\t<h3>Innoquality Systems Limited<\/h3>\n\t\t\t\t\t\t\t\t\t\t\t<div class=\"separador_verde\"><\/div>\n\t\t\t\t\t\t\t\t\t\t\t<div class=\"contenido_modal\">Innoquality Systems fornisce programmi e servizi progettati per consentire a studenti e insegnanti della scuola d'infanzia, primaria, secondaria, professionale e alla comunit\u00e0 di raggiungere i prorpi obiettivi e migliorare i prorpi risultati. Sostenendo l'apprendimento lungo tutto l'arco della vita, dall'assistenza precoce per i neonati e i bambini pi\u00f9 piccoli, fino alla formazione universitaria e professionale, i nostri approcci innovativi e le nostre metodologie permettono di affrontre temi chiave e di migliorre la qualit\u00e0 dei programmi educativi. La nostra ricchezza di competenze e l'esperienza professionale ci permette di offrie un portafoglio di soluzioni e metodologie basate su casi concreti, in grado di adattarsi alle nuove sfide che il panorama dell'istruzione continuamente in evoluzione ci pone. Sappiamo interpretate le priorit\u00e0 educative di tutti gli attori, a livello locale, nazionale ed europeo, delle organizzazioni filantropiche e delle organizzazioni non profit.\r\n\r\nLe nostre consulenze altamente differenziate e specializzate valorizzano le strette relazioni di lavoro che abbiamo con attori chiave nel settore. Progettati per migliorare la qualit\u00e0, stimolare risultati e aumentare la capacit\u00e0 di rendere conto di quanto realizzato in un contesto educativo collaborativo, i servizi educativi di InnoQuality Systems apportano miglioramenti reali e risultati quantificabili. Il nostro curriculum di progetti di successo spazia dalle organizzazioni community based alle iniziative nazionali ai progetti europei. I programmi di valutazione di InnoQuality Systems forniscono input in tempo reale sull'implementazione e approfondimenti chiave sui risultati.\r\n\r\nDalla nostra profonda comprensione delle sfide educative affrontate a livello globale a livello nazionale, forniamo ai nostri collaboratori e clienti metodologie all'avanguardia che consentono loro di trasformare la ricerca in pratica, rendendo maggiormente efficaci e sostenibil i programmi educativi a livello nazionale. InnoQuality Systems Software fornisce anche soluzioni didattiche basate sul web che permettono agli istituti didattici di gestire meglio lo sviluppo, la modifica, l'approvazione, l'acquisizione, la pubblicazione e la consegna di moduli e programmi educativi. I sistemi InnoQuality Systems ha anche una notevole esperienza nel campo dello sviluppo di competenze linguistiche, dell'alfabetizzazione e delle tecnologie educative.<\/div>\n\t\t\t\t\t\t\t\t\t\t<\/div>\n\t\t\t\t\t\t\t\t\t<\/div>\n\t\t\t\t\t\t\t\t<\/div> \n\t\t\t\t\t\t\t<\/div>\n\t\t\t\t\t\t<\/div>\n\n\t\t\t\t\t\t<!-- Modal footer -->\n\t\t\t\t\t\t<div class=\"modal-footer\">\n\t\t\t\t\t\t\t\n\t\t\t\t\t\t<\/div>\n\n\t\t\t\t\t<\/div>\n\t\t\t\t<\/div>\n\t\t\t<\/div>\n\t\t\t\n\t\t\t<\/div>\n\t\t\t\t\t\t<\/div>\n\t\t\t\t<\/div>\n\t\t\t\t\t<\/div>\n\t\t<\/div>\n\t\t\t\t\t<\/div>\n\t\t<\/section>\n\t\t\t\t<\/div>\n\t\t","protected":false},"excerpt":{"rendered":"<p>About Sustainable Apprentices mira a sostenere gli insegnanti IFP e i formatori aziendali nella creazione di programmi di apprendistato creando nuove opportunit\u00e0 di apprendimento basato sul lavoro per favorire l&#8217;attuazione degli Obiettivi di sviluppo sostenibile (SDG) nelle piccole e medie imprese (PMI) attraverso strumenti digitali e project-based learning, per fornire agli studenti dell&#8217;IFP conoscenze e competenze &#8211; oggi molto richieste e necessarie dalle PMI &#8211; sulle le pratiche sostenibili. Il settore privato \u00e8 una componente cruciale dello sviluppo sostenibile e le piccole e medie imprese, che rappresentano il 99,8% delle imprese in Europa e impiegano il 97,74% della forza lavoro, sono attori chiavo della transizione sostenibile. Pertanto, \u00e8 fondamentale educare la forza lavoro del futuro ai principi dell&#8217;economia sostenibile, della protezione ambientale e dell&#8217;inclusione al fine di plasmare la cultura lavorativa e imprenditoriale della prossima generazione, avendo a disposizione meno di dieci anni per raggiungere i 17 obiettivi di sviluppo sostenibile (SDG) stabiliti dall&#8217;Agenda 2030 delle Nazioni Unite.<\/p>\n","protected":false},"author":1,"featured_media":0,"parent":0,"menu_order":0,"comment_status":"closed","ping_status":"closed","template":"elementor_header_footer","meta":{"_acf_changed":false,"footnotes":""},"class_list":["post-567","page","type-page","status-publish","hentry"],"acf":[],"_links":{"self":[{"href":"https:\/\/sustainableapprentices.eu\/it\/wp-json\/wp\/v2\/pages\/567","targetHints":{"allow":["GET"]}}],"collection":[{"href":"https:\/\/sustainableapprentices.eu\/it\/wp-json\/wp\/v2\/pages"}],"about":[{"href":"https:\/\/sustainableapprentices.eu\/it\/wp-json\/wp\/v2\/types\/page"}],"author":[{"embeddable":true,"href":"https:\/\/sustainableapprentices.eu\/it\/wp-json\/wp\/v2\/users\/1"}],"replies":[{"embeddable":true,"href":"https:\/\/sustainableapprentices.eu\/it\/wp-json\/wp\/v2\/comments?post=567"}],"version-history":[{"count":3,"href":"https:\/\/sustainableapprentices.eu\/it\/wp-json\/wp\/v2\/pages\/567\/revisions"}],"predecessor-version":[{"id":570,"href":"https:\/\/sustainableapprentices.eu\/it\/wp-json\/wp\/v2\/pages\/567\/revisions\/570"}],"wp:attachment":[{"href":"https:\/\/sustainableapprentices.eu\/it\/wp-json\/wp\/v2\/media?parent=567"}],"curies":[{"name":"wp","href":"https:\/\/api.w.org\/{rel}","templated":true}]}}