{"id":528,"date":"2022-12-20T17:52:09","date_gmt":"2022-12-20T17:52:09","guid":{"rendered":"https:\/\/sustainableapprentices.eu\/noticias\/"},"modified":"2024-01-29T15:39:12","modified_gmt":"2024-01-29T15:39:12","slug":"noticias","status":"publish","type":"page","link":"https:\/\/sustainableapprentices.eu\/es\/noticias\/","title":{"rendered":"Noticias"},"content":{"rendered":"\t\t<div data-elementor-type=\"wp-page\" data-elementor-id=\"528\" class=\"elementor elementor-528 elementor-13\">\n\t\t\t\t\t\t<section class=\"elementor-section elementor-top-section elementor-element elementor-element-17ff08a elementor-section-boxed elementor-section-height-default elementor-section-height-default wpr-particle-no wpr-jarallax-no wpr-parallax-no wpr-sticky-section-no wpr-equal-height-no\" data-id=\"17ff08a\" data-element_type=\"section\" data-e-type=\"section\">\n\t\t\t\t\t\t<div class=\"elementor-container elementor-column-gap-default\">\n\t\t\t\t\t<div class=\"elementor-column elementor-col-66 elementor-top-column elementor-element elementor-element-a820275\" data-id=\"a820275\" data-element_type=\"column\" data-e-type=\"column\">\n\t\t\t<div class=\"elementor-widget-wrap elementor-element-populated\">\n\t\t\t\t\t\t<div class=\"elementor-element elementor-element-3b9fde9 elementor-widget elementor-widget-heading\" data-id=\"3b9fde9\" data-element_type=\"widget\" data-e-type=\"widget\" data-widget_type=\"heading.default\">\n\t\t\t\t<div class=\"elementor-widget-container\">\n\t\t\t\t\t<h2 class=\"elementor-heading-title elementor-size-default\">Ya est\u00e1 disponible nuestro \u00faltimo bolet\u00edn<\/h2>\t\t\t\t<\/div>\n\t\t\t\t<\/div>\n\t\t\t\t<div class=\"elementor-element elementor-element-4cf6f61 elementor-widget-divider--view-line elementor-widget elementor-widget-divider\" data-id=\"4cf6f61\" data-element_type=\"widget\" data-e-type=\"widget\" data-widget_type=\"divider.default\">\n\t\t\t\t<div class=\"elementor-widget-container\">\n\t\t\t\t\t\t\t<div class=\"elementor-divider\">\n\t\t\t<span class=\"elementor-divider-separator\">\n\t\t\t\t\t\t<\/span>\n\t\t<\/div>\n\t\t\t\t\t\t<\/div>\n\t\t\t\t<\/div>\n\t\t\t\t<section class=\"elementor-section elementor-inner-section elementor-element elementor-element-78be6a5 elementor-section-boxed elementor-section-height-default elementor-section-height-default wpr-particle-no wpr-jarallax-no wpr-parallax-no wpr-sticky-section-no wpr-equal-height-no\" data-id=\"78be6a5\" data-element_type=\"section\" data-e-type=\"section\" data-settings=\"{&quot;background_background&quot;:&quot;classic&quot;}\">\n\t\t\t\t\t\t<div class=\"elementor-container elementor-column-gap-default\">\n\t\t\t\t\t<div class=\"elementor-column elementor-col-50 elementor-inner-column elementor-element elementor-element-3547e88\" data-id=\"3547e88\" data-element_type=\"column\" data-e-type=\"column\">\n\t\t\t<div class=\"elementor-widget-wrap elementor-element-populated\">\n\t\t\t\t\t\t<div class=\"elementor-element elementor-element-ff2ef2b elementor-widget elementor-widget-image\" data-id=\"ff2ef2b\" data-element_type=\"widget\" data-e-type=\"widget\" data-widget_type=\"image.default\">\n\t\t\t\t<div class=\"elementor-widget-container\">\n\t\t\t\t\t\t\t\t\t\t\t\t\t\t\t\t<a href=\"https:\/\/sustainableapprentices.eu\/wp-content\/uploads\/2024\/01\/SA_Newsletter-2-ES-2.pdf\" target=\"_blank\">\n\t\t\t\t\t\t\t<img fetchpriority=\"high\" decoding=\"async\" width=\"618\" height=\"877\" src=\"https:\/\/sustainableapprentices.eu\/wp-content\/uploads\/2024\/01\/Newsletter-2-ES.png\" class=\"attachment-large size-large wp-image-803\" alt=\"\" srcset=\"https:\/\/sustainableapprentices.eu\/wp-content\/uploads\/2024\/01\/Newsletter-2-ES.png 618w, https:\/\/sustainableapprentices.eu\/wp-content\/uploads\/2024\/01\/Newsletter-2-ES-211x300.png 211w\" sizes=\"(max-width: 618px) 100vw, 618px\" \/>\t\t\t\t\t\t\t\t<\/a>\n\t\t\t\t\t\t\t\t\t\t\t\t\t\t\t<\/div>\n\t\t\t\t<\/div>\n\t\t\t\t\t<\/div>\n\t\t<\/div>\n\t\t\t\t<div class=\"elementor-column elementor-col-50 elementor-inner-column elementor-element elementor-element-0d17411\" data-id=\"0d17411\" data-element_type=\"column\" data-e-type=\"column\">\n\t\t\t<div class=\"elementor-widget-wrap elementor-element-populated\">\n\t\t\t\t\t\t<div class=\"elementor-element elementor-element-6374664 elementor-widget elementor-widget-heading\" data-id=\"6374664\" data-element_type=\"widget\" data-e-type=\"widget\" data-widget_type=\"heading.default\">\n\t\t\t\t<div class=\"elementor-widget-container\">\n\t\t\t\t\t<h3 class=\"elementor-heading-title elementor-size-default\">Bolet\u00edn 2<\/h3>\t\t\t\t<\/div>\n\t\t\t\t<\/div>\n\t\t\t\t<div class=\"elementor-element elementor-element-acdc9ab elementor-widget elementor-widget-text-editor\" data-id=\"acdc9ab\" data-element_type=\"widget\" data-e-type=\"widget\" data-widget_type=\"text-editor.default\">\n\t\t\t\t<div class=\"elementor-widget-container\">\n\t\t\t\t\t\t\t\t\t<p>20\/02\/2023<\/p>\t\t\t\t\t\t\t\t<\/div>\n\t\t\t\t<\/div>\n\t\t\t\t<div class=\"elementor-element elementor-element-bd8a96b elementor-widget elementor-widget-button\" data-id=\"bd8a96b\" data-element_type=\"widget\" data-e-type=\"widget\" data-widget_type=\"button.default\">\n\t\t\t\t<div class=\"elementor-widget-container\">\n\t\t\t\t\t\t\t\t\t<div class=\"elementor-button-wrapper\">\n\t\t\t\t\t<a class=\"elementor-button elementor-button-link elementor-size-sm\" href=\"https:\/\/sustainableapprentices.eu\/wp-content\/uploads\/2024\/01\/SA_Newsletter-2-ES-2.pdf\" target=\"_blank\">\n\t\t\t\t\t\t<span class=\"elementor-button-content-wrapper\">\n\t\t\t\t\t\t<span class=\"elementor-button-icon\">\n\t\t\t\t<i aria-hidden=\"true\" class=\"far fa-file-pdf\"><\/i>\t\t\t<\/span>\n\t\t\t\t\t\t\t\t\t<span class=\"elementor-button-text\">Descargar bolet\u00edn<\/span>\n\t\t\t\t\t<\/span>\n\t\t\t\t\t<\/a>\n\t\t\t\t<\/div>\n\t\t\t\t\t\t\t\t<\/div>\n\t\t\t\t<\/div>\n\t\t\t\t\t<\/div>\n\t\t<\/div>\n\t\t\t\t\t<\/div>\n\t\t<\/section>\n\t\t\t\t<section class=\"elementor-section elementor-inner-section elementor-element elementor-element-e6f2cb3 elementor-section-boxed elementor-section-height-default elementor-section-height-default wpr-particle-no wpr-jarallax-no wpr-parallax-no wpr-sticky-section-no wpr-equal-height-no\" data-id=\"e6f2cb3\" data-element_type=\"section\" data-e-type=\"section\" data-settings=\"{&quot;background_background&quot;:&quot;classic&quot;}\">\n\t\t\t\t\t\t<div class=\"elementor-container elementor-column-gap-default\">\n\t\t\t\t\t<div class=\"elementor-column elementor-col-50 elementor-inner-column elementor-element elementor-element-38b6d16\" data-id=\"38b6d16\" data-element_type=\"column\" data-e-type=\"column\">\n\t\t\t<div class=\"elementor-widget-wrap elementor-element-populated\">\n\t\t\t\t\t\t<div class=\"elementor-element elementor-element-f6dc3e5 elementor-widget elementor-widget-image\" data-id=\"f6dc3e5\" data-element_type=\"widget\" data-e-type=\"widget\" data-widget_type=\"image.default\">\n\t\t\t\t<div class=\"elementor-widget-container\">\n\t\t\t\t\t\t\t\t\t\t\t\t\t\t\t\t<a href=\"https:\/\/sustainableapprentices.eu\/wp-content\/uploads\/2024\/01\/SA_Newsletter-1.-ES.pdf\" target=\"_blank\">\n\t\t\t\t\t\t\t<img decoding=\"async\" width=\"620\" height=\"876\" src=\"https:\/\/sustainableapprentices.eu\/wp-content\/uploads\/2024\/01\/Newsletter-1-ES.png\" class=\"attachment-large size-large wp-image-758\" alt=\"\" srcset=\"https:\/\/sustainableapprentices.eu\/wp-content\/uploads\/2024\/01\/Newsletter-1-ES.png 620w, https:\/\/sustainableapprentices.eu\/wp-content\/uploads\/2024\/01\/Newsletter-1-ES-212x300.png 212w\" sizes=\"(max-width: 620px) 100vw, 620px\" \/>\t\t\t\t\t\t\t\t<\/a>\n\t\t\t\t\t\t\t\t\t\t\t\t\t\t\t<\/div>\n\t\t\t\t<\/div>\n\t\t\t\t\t<\/div>\n\t\t<\/div>\n\t\t\t\t<div class=\"elementor-column elementor-col-50 elementor-inner-column elementor-element elementor-element-63f9e35\" data-id=\"63f9e35\" data-element_type=\"column\" data-e-type=\"column\">\n\t\t\t<div class=\"elementor-widget-wrap elementor-element-populated\">\n\t\t\t\t\t\t<div class=\"elementor-element elementor-element-434f2ba elementor-widget elementor-widget-heading\" data-id=\"434f2ba\" data-element_type=\"widget\" data-e-type=\"widget\" data-widget_type=\"heading.default\">\n\t\t\t\t<div class=\"elementor-widget-container\">\n\t\t\t\t\t<h3 class=\"elementor-heading-title elementor-size-default\">Bolet\u00edn 1<\/h3>\t\t\t\t<\/div>\n\t\t\t\t<\/div>\n\t\t\t\t<div class=\"elementor-element elementor-element-e829059 elementor-widget elementor-widget-text-editor\" data-id=\"e829059\" data-element_type=\"widget\" data-e-type=\"widget\" data-widget_type=\"text-editor.default\">\n\t\t\t\t<div class=\"elementor-widget-container\">\n\t\t\t\t\t\t\t\t\t<p>20\/12\/2022<\/p>\n\t\t\t\t\t\t\t\t<\/div>\n\t\t\t\t<\/div>\n\t\t\t\t<div class=\"elementor-element elementor-element-3372973 elementor-widget elementor-widget-button\" data-id=\"3372973\" data-element_type=\"widget\" data-e-type=\"widget\" data-widget_type=\"button.default\">\n\t\t\t\t<div class=\"elementor-widget-container\">\n\t\t\t\t\t\t\t\t\t<div class=\"elementor-button-wrapper\">\n\t\t\t\t\t<a class=\"elementor-button elementor-button-link elementor-size-sm\" href=\"https:\/\/sustainableapprentices.eu\/wp-content\/uploads\/2024\/01\/SA_Newsletter-1.-ES.pdf\" target=\"_blank\">\n\t\t\t\t\t\t<span class=\"elementor-button-content-wrapper\">\n\t\t\t\t\t\t<span class=\"elementor-button-icon\">\n\t\t\t\t<i aria-hidden=\"true\" class=\"far fa-file-pdf\"><\/i>\t\t\t<\/span>\n\t\t\t\t\t\t\t\t\t<span class=\"elementor-button-text\">Descargar bolet\u00edn<\/span>\n\t\t\t\t\t<\/span>\n\t\t\t\t\t<\/a>\n\t\t\t\t<\/div>\n\t\t\t\t\t\t\t\t<\/div>\n\t\t\t\t<\/div>\n\t\t\t\t\t<\/div>\n\t\t<\/div>\n\t\t\t\t\t<\/div>\n\t\t<\/section>\n\t\t\t\t<div class=\"elementor-element elementor-element-17554a8 elementor-widget elementor-widget-heading\" data-id=\"17554a8\" data-element_type=\"widget\" data-e-type=\"widget\" data-widget_type=\"heading.default\">\n\t\t\t\t<div class=\"elementor-widget-container\">\n\t\t\t\t\t<h2 class=\"elementor-heading-title elementor-size-default\">Noticias<\/h2>\t\t\t\t<\/div>\n\t\t\t\t<\/div>\n\t\t\t\t<div class=\"elementor-element elementor-element-5efa91d elementor-widget-divider--view-line elementor-widget elementor-widget-divider\" data-id=\"5efa91d\" data-element_type=\"widget\" data-e-type=\"widget\" data-widget_type=\"divider.default\">\n\t\t\t\t<div class=\"elementor-widget-container\">\n\t\t\t\t\t\t\t<div class=\"elementor-divider\">\n\t\t\t<span class=\"elementor-divider-separator\">\n\t\t\t\t\t\t<\/span>\n\t\t<\/div>\n\t\t\t\t\t\t<\/div>\n\t\t\t\t<\/div>\n\t\t\t\t<div class=\"elementor-element elementor-element-c8e482d elementor-grid-eael-col-2 elementor-grid-tablet-eael-col-2 elementor-grid-mobile-eael-col-1 elementor-widget elementor-widget-eael-post-grid\" data-id=\"c8e482d\" data-element_type=\"widget\" data-e-type=\"widget\" data-settings=\"{&quot;eael_post_grid_columns&quot;:&quot;eael-col-2&quot;,&quot;eael_post_grid_columns_tablet&quot;:&quot;eael-col-2&quot;,&quot;eael_post_grid_columns_mobile&quot;:&quot;eael-col-1&quot;}\" data-widget_type=\"eael-post-grid.default\">\n\t\t\t\t<div class=\"elementor-widget-container\">\n\t\t\t\t\t<div id=\"eael-post-grid-c8e482d\" class=\"eael-post-grid-container\">\n            <div class=\"eael-post-grid eael-post-appender eael-post-appender-c8e482d eael-post-grid-style-three\" data-layout-mode=\"grid\"><article class=\"eael-grid-post  eael-post-grid-column eael-pg-post-772 category-noticias-que-hacemos-socios\" data-id=\"772\">\n        <div class=\"eael-grid-post-holder\">\n            <div class=\"eael-grid-post-holder-inner\"><div class=\"eael-entry-media\"><div class=\"eael-entry-overlay fade-in\"><i class=\"fas fa-long-arrow-alt-right\" aria-hidden=\"true\"><\/i><a href=\"https:\/\/sustainableapprentices.eu\/es\/2023\/02\/07\/reunion-de-evaluacion-intermedia-en-milan\/\"><\/a><\/div><div class=\"eael-entry-thumbnail \">\n                 <img decoding=\"async\" width=\"800\" height=\"498\" src=\"https:\/\/sustainableapprentices.eu\/wp-content\/uploads\/2023\/02\/Pic.1-scaled-e1681836320785-1024x637.jpg\" class=\"attachment-large size-large wp-image-501\" alt=\"\" srcset=\"https:\/\/sustainableapprentices.eu\/wp-content\/uploads\/2023\/02\/Pic.1-scaled-e1681836320785-1024x637.jpg 1024w, https:\/\/sustainableapprentices.eu\/wp-content\/uploads\/2023\/02\/Pic.1-scaled-e1681836320785-300x187.jpg 300w, https:\/\/sustainableapprentices.eu\/wp-content\/uploads\/2023\/02\/Pic.1-scaled-e1681836320785-768x478.jpg 768w, https:\/\/sustainableapprentices.eu\/wp-content\/uploads\/2023\/02\/Pic.1-scaled-e1681836320785-1536x956.jpg 1536w, https:\/\/sustainableapprentices.eu\/wp-content\/uploads\/2023\/02\/Pic.1-scaled-e1681836320785-2048x1274.jpg 2048w, https:\/\/sustainableapprentices.eu\/wp-content\/uploads\/2023\/02\/Pic.1-scaled-e1681836320785-1320x821.jpg 1320w\" sizes=\"(max-width: 800px) 100vw, 800px\" \/>\n             <\/div>\n        <\/div><div class=\"eael-entry-wrapper\"><header class=\"eael-entry-header\"><h4 class=\"eael-entry-title\"><a class=\"eael-grid-post-link\" href=\"https:\/\/sustainableapprentices.eu\/es\/2023\/02\/07\/reunion-de-evaluacion-intermedia-en-milan\/\" title=\"Reuni\u00f3n de evaluaci\u00f3n intermedia en Mil\u00e1n\">Reuni\u00f3n de evaluaci\u00f3n intermedia en Mil\u00e1n<\/a><\/h4><\/header><div class=\"eael-entry-meta\"><span class=\"eael-posted-on\"><time datetime=\"7 de febrero de 2023\">7 de febrero de 2023<\/time><\/span><\/div><div class=\"eael-entry-content\">\n                        <div class=\"eael-grid-post-excerpt\"><p>Los socios del proyecto Erasmus+ \u00abSustainable Apprentices\u00bb se reunieron en Mil\u00e1n, Italia, para la tercera reuni\u00f3n transnacional del proyecto, la segunda presencial, el 2 de...<\/p><a href=\"https:\/\/sustainableapprentices.eu\/es\/2023\/02\/07\/reunion-de-evaluacion-intermedia-en-milan\/\" class=\"eael-post-elements-readmore-btn\">Leer m\u00e1s<\/a><\/div>\n                    <\/div><\/div><\/div>\n        <\/div>\n    <\/article><article class=\"eael-grid-post  eael-post-grid-column eael-pg-post-773 category-aprendices-noticias-que-hacemos\" data-id=\"773\">\n        <div class=\"eael-grid-post-holder\">\n            <div class=\"eael-grid-post-holder-inner\"><div class=\"eael-entry-media\"><div class=\"eael-entry-overlay fade-in\"><i class=\"fas fa-long-arrow-alt-right\" aria-hidden=\"true\"><\/i><a href=\"https:\/\/sustainableapprentices.eu\/es\/2022\/12\/06\/los-programas-de-aprendizaje-en-la-ue-y-los-ods\/\"><\/a><\/div><div class=\"eael-entry-thumbnail \">\n                 <img loading=\"lazy\" decoding=\"async\" width=\"800\" height=\"533\" src=\"https:\/\/sustainableapprentices.eu\/wp-content\/uploads\/2023\/03\/foto1.jpg\" class=\"attachment-large size-large wp-image-425\" alt=\"\" srcset=\"https:\/\/sustainableapprentices.eu\/wp-content\/uploads\/2023\/03\/foto1.jpg 800w, https:\/\/sustainableapprentices.eu\/wp-content\/uploads\/2023\/03\/foto1-300x200.jpg 300w, https:\/\/sustainableapprentices.eu\/wp-content\/uploads\/2023\/03\/foto1-768x512.jpg 768w\" sizes=\"(max-width: 800px) 100vw, 800px\" \/>\n             <\/div>\n        <\/div><div class=\"eael-entry-wrapper\"><header class=\"eael-entry-header\"><h4 class=\"eael-entry-title\"><a class=\"eael-grid-post-link\" href=\"https:\/\/sustainableapprentices.eu\/es\/2022\/12\/06\/los-programas-de-aprendizaje-en-la-ue-y-los-ods\/\" title=\"Los programas de aprendizaje en la UE y los ODS\">Los programas de aprendizaje en la UE y los ODS<\/a><\/h4><\/header><div class=\"eael-entry-meta\"><span class=\"eael-posted-on\"><time datetime=\"6 de diciembre de 2022\">6 de diciembre de 2022<\/time><\/span><\/div><div class=\"eael-entry-content\">\n                        <div class=\"eael-grid-post-excerpt\"><p>Un programa de aprendizaje, seg\u00fan el Marco Europeo de Educaci\u00f3n, Formaci\u00f3n y Pol\u00edtica de Juventud, es un programa de formaci\u00f3n basado en el trabajo que...<\/p><a href=\"https:\/\/sustainableapprentices.eu\/es\/2022\/12\/06\/los-programas-de-aprendizaje-en-la-ue-y-los-ods\/\" class=\"eael-post-elements-readmore-btn\">Leer m\u00e1s<\/a><\/div>\n                    <\/div><\/div><\/div>\n        <\/div>\n    <\/article><article class=\"eael-grid-post  eael-post-grid-column eael-pg-post-774 category-noticias-quienes-somos-socios\" data-id=\"774\">\n        <div class=\"eael-grid-post-holder\">\n            <div class=\"eael-grid-post-holder-inner\"><div class=\"eael-entry-media\"><div class=\"eael-entry-overlay fade-in\"><i class=\"fas fa-long-arrow-alt-right\" aria-hidden=\"true\"><\/i><a href=\"https:\/\/sustainableapprentices.eu\/es\/2022\/10\/04\/los-socios-se-reunen-en-persona-por-primera-vez-en-lisboa\/\"><\/a><\/div><div class=\"eael-entry-thumbnail \">\n                 <img loading=\"lazy\" decoding=\"async\" width=\"800\" height=\"420\" src=\"https:\/\/sustainableapprentices.eu\/wp-content\/uploads\/2023\/04\/1664279811297-scaled-e1681735597222-1024x537.jpg\" class=\"attachment-large size-large wp-image-497\" alt=\"\" srcset=\"https:\/\/sustainableapprentices.eu\/wp-content\/uploads\/2023\/04\/1664279811297-scaled-e1681735597222-1024x537.jpg 1024w, https:\/\/sustainableapprentices.eu\/wp-content\/uploads\/2023\/04\/1664279811297-scaled-e1681735597222-300x157.jpg 300w, https:\/\/sustainableapprentices.eu\/wp-content\/uploads\/2023\/04\/1664279811297-scaled-e1681735597222-768x403.jpg 768w, https:\/\/sustainableapprentices.eu\/wp-content\/uploads\/2023\/04\/1664279811297-scaled-e1681735597222-1536x806.jpg 1536w, https:\/\/sustainableapprentices.eu\/wp-content\/uploads\/2023\/04\/1664279811297-scaled-e1681735597222-1320x693.jpg 1320w, https:\/\/sustainableapprentices.eu\/wp-content\/uploads\/2023\/04\/1664279811297-scaled-e1681735597222.jpg 1913w\" sizes=\"(max-width: 800px) 100vw, 800px\" \/>\n             <\/div>\n        <\/div><div class=\"eael-entry-wrapper\"><header class=\"eael-entry-header\"><h4 class=\"eael-entry-title\"><a class=\"eael-grid-post-link\" href=\"https:\/\/sustainableapprentices.eu\/es\/2022\/10\/04\/los-socios-se-reunen-en-persona-por-primera-vez-en-lisboa\/\" title=\"Los socios se re\u00fanen en persona por primera vez en Lisboa\">Los socios se re\u00fanen en persona por primera vez en Lisboa<\/a><\/h4><\/header><div class=\"eael-entry-meta\"><span class=\"eael-posted-on\"><time datetime=\"4 de octubre de 2022\">4 de octubre de 2022<\/time><\/span><\/div><div class=\"eael-entry-content\">\n                        <div class=\"eael-grid-post-excerpt\"><p>El proyecto Erasmus+ \u00bb Sustainable Apprentices \u00bb celebr\u00f3 la reuni\u00f3n de establecimiento en Lisboa el pasado mes de septiembre. La reuni\u00f3n ten\u00eda por objeto debatir...<\/p><a href=\"https:\/\/sustainableapprentices.eu\/es\/2022\/10\/04\/los-socios-se-reunen-en-persona-por-primera-vez-en-lisboa\/\" class=\"eael-post-elements-readmore-btn\">Leer m\u00e1s<\/a><\/div>\n                    <\/div><\/div><\/div>\n        <\/div>\n    <\/article><article class=\"eael-grid-post  eael-post-grid-column eael-pg-post-776 category-noticias-resultados\" data-id=\"776\">\n        <div class=\"eael-grid-post-holder\">\n            <div class=\"eael-grid-post-holder-inner\"><div class=\"eael-entry-media\"><div class=\"eael-entry-overlay fade-in\"><i class=\"fas fa-long-arrow-alt-right\" aria-hidden=\"true\"><\/i><a href=\"https:\/\/sustainableapprentices.eu\/es\/2022\/09\/06\/ya-disponible-el-plan-de-estudios-ecvet-sobre-el-apoyo-a-los-programas-de-formacion-para-aplicar-los-ods-en-las-pymes\/\"><\/a><\/div><div class=\"eael-entry-thumbnail \">\n                 <img loading=\"lazy\" decoding=\"async\" width=\"800\" height=\"487\" src=\"https:\/\/sustainableapprentices.eu\/wp-content\/uploads\/2023\/04\/pexels-pixabay-355948-1024x623.jpg\" class=\"attachment-large size-large wp-image-493\" alt=\"\" srcset=\"https:\/\/sustainableapprentices.eu\/wp-content\/uploads\/2023\/04\/pexels-pixabay-355948-1024x623.jpg 1024w, https:\/\/sustainableapprentices.eu\/wp-content\/uploads\/2023\/04\/pexels-pixabay-355948-300x182.jpg 300w, https:\/\/sustainableapprentices.eu\/wp-content\/uploads\/2023\/04\/pexels-pixabay-355948-768x467.jpg 768w, https:\/\/sustainableapprentices.eu\/wp-content\/uploads\/2023\/04\/pexels-pixabay-355948-1536x934.jpg 1536w, https:\/\/sustainableapprentices.eu\/wp-content\/uploads\/2023\/04\/pexels-pixabay-355948-2048x1245.jpg 2048w, https:\/\/sustainableapprentices.eu\/wp-content\/uploads\/2023\/04\/pexels-pixabay-355948-1320x802.jpg 1320w\" sizes=\"(max-width: 800px) 100vw, 800px\" \/>\n             <\/div>\n        <\/div><div class=\"eael-entry-wrapper\"><header class=\"eael-entry-header\"><h4 class=\"eael-entry-title\"><a class=\"eael-grid-post-link\" href=\"https:\/\/sustainableapprentices.eu\/es\/2022\/09\/06\/ya-disponible-el-plan-de-estudios-ecvet-sobre-el-apoyo-a-los-programas-de-formacion-para-aplicar-los-ods-en-las-pymes\/\" title=\"Ya disponible el plan de estudios ECVET sobre el apoyo a los programas de formaci\u00f3n para aplicar los ODS en las pymes\">Ya disponible el plan de estudios ECVET sobre el apoyo a los programas de formaci\u00f3n para aplicar los ODS en las pymes<\/a><\/h4><\/header><div class=\"eael-entry-meta\"><span class=\"eael-posted-on\"><time datetime=\"6 de septiembre de 2022\">6 de septiembre de 2022<\/time><\/span><\/div><div class=\"eael-entry-content\">\n                        <div class=\"eael-grid-post-excerpt\"><p>El primer resultado del proyecto se ha finalizado y dise\u00f1ado como un plan de estudios ECVET sobre el apoyo a los programas de aprendizaje para...<\/p><a href=\"https:\/\/sustainableapprentices.eu\/es\/2022\/09\/06\/ya-disponible-el-plan-de-estudios-ecvet-sobre-el-apoyo-a-los-programas-de-formacion-para-aplicar-los-ods-en-las-pymes\/\" class=\"eael-post-elements-readmore-btn\">Leer m\u00e1s<\/a><\/div>\n                    <\/div><\/div><\/div>\n        <\/div>\n    <\/article><article class=\"eael-grid-post  eael-post-grid-column eael-pg-post-777 category-noticias\" data-id=\"777\">\n        <div class=\"eael-grid-post-holder\">\n            <div class=\"eael-grid-post-holder-inner\"><div class=\"eael-entry-media\"><div class=\"eael-entry-overlay fade-in\"><i class=\"fas fa-long-arrow-alt-right\" aria-hidden=\"true\"><\/i><a href=\"https:\/\/sustainableapprentices.eu\/es\/2022\/08\/02\/el-papel-fundamental-de-los-aprendices\/\"><\/a><\/div><div class=\"eael-entry-thumbnail \">\n                 <img loading=\"lazy\" decoding=\"async\" width=\"800\" height=\"600\" src=\"https:\/\/sustainableapprentices.eu\/wp-content\/uploads\/2022\/08\/mimi-thian-vdXMSiX-n6M-unsplash-1024x768.jpg\" class=\"attachment-large size-large wp-image-489\" alt=\"\" srcset=\"https:\/\/sustainableapprentices.eu\/wp-content\/uploads\/2022\/08\/mimi-thian-vdXMSiX-n6M-unsplash-1024x768.jpg 1024w, https:\/\/sustainableapprentices.eu\/wp-content\/uploads\/2022\/08\/mimi-thian-vdXMSiX-n6M-unsplash-300x225.jpg 300w, https:\/\/sustainableapprentices.eu\/wp-content\/uploads\/2022\/08\/mimi-thian-vdXMSiX-n6M-unsplash-768x576.jpg 768w, https:\/\/sustainableapprentices.eu\/wp-content\/uploads\/2022\/08\/mimi-thian-vdXMSiX-n6M-unsplash-1536x1152.jpg 1536w, https:\/\/sustainableapprentices.eu\/wp-content\/uploads\/2022\/08\/mimi-thian-vdXMSiX-n6M-unsplash-2048x1536.jpg 2048w, https:\/\/sustainableapprentices.eu\/wp-content\/uploads\/2022\/08\/mimi-thian-vdXMSiX-n6M-unsplash-1320x990.jpg 1320w\" sizes=\"(max-width: 800px) 100vw, 800px\" \/>\n             <\/div>\n        <\/div><div class=\"eael-entry-wrapper\"><header class=\"eael-entry-header\"><h4 class=\"eael-entry-title\"><a class=\"eael-grid-post-link\" href=\"https:\/\/sustainableapprentices.eu\/es\/2022\/08\/02\/el-papel-fundamental-de-los-aprendices\/\" title=\"El papel fundamental de los aprendices\">El papel fundamental de los aprendices<\/a><\/h4><\/header><div class=\"eael-entry-meta\"><span class=\"eael-posted-on\"><time datetime=\"2 de agosto de 2022\">2 de agosto de 2022<\/time><\/span><\/div><div class=\"eael-entry-content\">\n                        <div class=\"eael-grid-post-excerpt\"><p>Los programas de aprendizaje son una parte crucial del proceso de desarrollo de la mano de obra, ya que ofrecen a los j\u00f3venes la oportunidad...<\/p><a href=\"https:\/\/sustainableapprentices.eu\/es\/2022\/08\/02\/el-papel-fundamental-de-los-aprendices\/\" class=\"eael-post-elements-readmore-btn\">Leer m\u00e1s<\/a><\/div>\n                    <\/div><\/div><\/div>\n        <\/div>\n    <\/article><article class=\"eael-grid-post  eael-post-grid-column eael-pg-post-778 category-noticias\" data-id=\"778\">\n        <div class=\"eael-grid-post-holder\">\n            <div class=\"eael-grid-post-holder-inner\"><div class=\"eael-entry-media\"><div class=\"eael-entry-overlay fade-in\"><i class=\"fas fa-long-arrow-alt-right\" aria-hidden=\"true\"><\/i><a href=\"https:\/\/sustainableapprentices.eu\/es\/2022\/07\/05\/el-papel-de-las-pymes-europeas-en-la-consecucion-de-los-ods\/\"><\/a><\/div><div class=\"eael-entry-thumbnail \">\n                 <img loading=\"lazy\" decoding=\"async\" width=\"800\" height=\"533\" src=\"https:\/\/sustainableapprentices.eu\/wp-content\/uploads\/2023\/03\/foto2.jpg\" class=\"attachment-large size-large wp-image-429\" alt=\"\" srcset=\"https:\/\/sustainableapprentices.eu\/wp-content\/uploads\/2023\/03\/foto2.jpg 800w, https:\/\/sustainableapprentices.eu\/wp-content\/uploads\/2023\/03\/foto2-300x200.jpg 300w, https:\/\/sustainableapprentices.eu\/wp-content\/uploads\/2023\/03\/foto2-768x512.jpg 768w\" sizes=\"(max-width: 800px) 100vw, 800px\" \/>\n             <\/div>\n        <\/div><div class=\"eael-entry-wrapper\"><header class=\"eael-entry-header\"><h4 class=\"eael-entry-title\"><a class=\"eael-grid-post-link\" href=\"https:\/\/sustainableapprentices.eu\/es\/2022\/07\/05\/el-papel-de-las-pymes-europeas-en-la-consecucion-de-los-ods\/\" title=\"El papel de las pymes europeas en la consecuci\u00f3n de los ODS\">El papel de las pymes europeas en la consecuci\u00f3n de los ODS<\/a><\/h4><\/header><div class=\"eael-entry-meta\"><span class=\"eael-posted-on\"><time datetime=\"5 de julio de 2022\">5 de julio de 2022<\/time><\/span><\/div><div class=\"eael-entry-content\">\n                        <div class=\"eael-grid-post-excerpt\"><p>Las peque\u00f1as y medianas empresas desempe\u00f1an un papel fundamental en la econom\u00eda de la Uni\u00f3n Europea (UE), ya que representan el 99% de todas las...<\/p><a href=\"https:\/\/sustainableapprentices.eu\/es\/2022\/07\/05\/el-papel-de-las-pymes-europeas-en-la-consecucion-de-los-ods\/\" class=\"eael-post-elements-readmore-btn\">Leer m\u00e1s<\/a><\/div>\n                    <\/div><\/div><\/div>\n        <\/div>\n    <\/article><article class=\"eael-grid-post  eael-post-grid-column eael-pg-post-779 category-noticias\" data-id=\"779\">\n        <div class=\"eael-grid-post-holder\">\n            <div class=\"eael-grid-post-holder-inner\"><div class=\"eael-entry-media\"><div class=\"eael-entry-overlay fade-in\"><i class=\"fas fa-long-arrow-alt-right\" aria-hidden=\"true\"><\/i><a href=\"https:\/\/sustainableapprentices.eu\/es\/2022\/06\/07\/los-objetivos-de-desarrollo-sostenible-en-relacion-con-la-efp-y-los-programas-de-aprendizaje\/\"><\/a><\/div><div class=\"eael-entry-thumbnail \">\n                 <img loading=\"lazy\" decoding=\"async\" width=\"800\" height=\"534\" src=\"https:\/\/sustainableapprentices.eu\/wp-content\/uploads\/2022\/06\/thisisengineering-raeng-h6gCRTCxM7o-unsplash-1024x683.jpg\" class=\"attachment-large size-large wp-image-485\" alt=\"\" srcset=\"https:\/\/sustainableapprentices.eu\/wp-content\/uploads\/2022\/06\/thisisengineering-raeng-h6gCRTCxM7o-unsplash-1024x683.jpg 1024w, https:\/\/sustainableapprentices.eu\/wp-content\/uploads\/2022\/06\/thisisengineering-raeng-h6gCRTCxM7o-unsplash-300x200.jpg 300w, https:\/\/sustainableapprentices.eu\/wp-content\/uploads\/2022\/06\/thisisengineering-raeng-h6gCRTCxM7o-unsplash-768x512.jpg 768w, https:\/\/sustainableapprentices.eu\/wp-content\/uploads\/2022\/06\/thisisengineering-raeng-h6gCRTCxM7o-unsplash-1536x1025.jpg 1536w, https:\/\/sustainableapprentices.eu\/wp-content\/uploads\/2022\/06\/thisisengineering-raeng-h6gCRTCxM7o-unsplash-2048x1366.jpg 2048w, https:\/\/sustainableapprentices.eu\/wp-content\/uploads\/2022\/06\/thisisengineering-raeng-h6gCRTCxM7o-unsplash-1320x881.jpg 1320w\" sizes=\"(max-width: 800px) 100vw, 800px\" \/>\n             <\/div>\n        <\/div><div class=\"eael-entry-wrapper\"><header class=\"eael-entry-header\"><h4 class=\"eael-entry-title\"><a class=\"eael-grid-post-link\" href=\"https:\/\/sustainableapprentices.eu\/es\/2022\/06\/07\/los-objetivos-de-desarrollo-sostenible-en-relacion-con-la-efp-y-los-programas-de-aprendizaje\/\" title=\"Los Objetivos de Desarrollo Sostenible en relaci\u00f3n con la EFP y los programas de aprendizaje\">Los Objetivos de Desarrollo Sostenible en relaci\u00f3n con la EFP y los programas de aprendizaje<\/a><\/h4><\/header><div class=\"eael-entry-meta\"><span class=\"eael-posted-on\"><time datetime=\"7 de junio de 2022\">7 de junio de 2022<\/time><\/span><\/div><div class=\"eael-entry-content\">\n                        <div class=\"eael-grid-post-excerpt\"><p>A pesar de los esfuerzos de las administraciones p\u00fablicas por promover los Objetivos de Desarrollo Sostenible (ODS), en Europa, la gran mayor\u00eda de la poblaci\u00f3n...<\/p><a href=\"https:\/\/sustainableapprentices.eu\/es\/2022\/06\/07\/los-objetivos-de-desarrollo-sostenible-en-relacion-con-la-efp-y-los-programas-de-aprendizaje\/\" class=\"eael-post-elements-readmore-btn\">Leer m\u00e1s<\/a><\/div>\n                    <\/div><\/div><\/div>\n        <\/div>\n    <\/article><article class=\"eael-grid-post  eael-post-grid-column eael-pg-post-780 category-noticias-quienes-somos-socios\" data-id=\"780\">\n        <div class=\"eael-grid-post-holder\">\n            <div class=\"eael-grid-post-holder-inner\"><div class=\"eael-entry-media\"><div class=\"eael-entry-overlay fade-in\"><i class=\"fas fa-long-arrow-alt-right\" aria-hidden=\"true\"><\/i><a href=\"https:\/\/sustainableapprentices.eu\/es\/2022\/05\/03\/el-consorcio-seis-socios-experimentados-de-cinco-paises-europeos\/\"><\/a><\/div><div class=\"eael-entry-thumbnail \">\n                 <img loading=\"lazy\" decoding=\"async\" width=\"800\" height=\"468\" src=\"https:\/\/sustainableapprentices.eu\/wp-content\/uploads\/2023\/04\/christian-lue-8Yw6tsB8tnc-unsplash-1024x599.jpg\" class=\"attachment-large size-large wp-image-481\" alt=\"\" srcset=\"https:\/\/sustainableapprentices.eu\/wp-content\/uploads\/2023\/04\/christian-lue-8Yw6tsB8tnc-unsplash-1024x599.jpg 1024w, https:\/\/sustainableapprentices.eu\/wp-content\/uploads\/2023\/04\/christian-lue-8Yw6tsB8tnc-unsplash-300x176.jpg 300w, https:\/\/sustainableapprentices.eu\/wp-content\/uploads\/2023\/04\/christian-lue-8Yw6tsB8tnc-unsplash-768x449.jpg 768w, https:\/\/sustainableapprentices.eu\/wp-content\/uploads\/2023\/04\/christian-lue-8Yw6tsB8tnc-unsplash-1536x899.jpg 1536w, https:\/\/sustainableapprentices.eu\/wp-content\/uploads\/2023\/04\/christian-lue-8Yw6tsB8tnc-unsplash-2048x1198.jpg 2048w, https:\/\/sustainableapprentices.eu\/wp-content\/uploads\/2023\/04\/christian-lue-8Yw6tsB8tnc-unsplash-1320x772.jpg 1320w\" sizes=\"(max-width: 800px) 100vw, 800px\" \/>\n             <\/div>\n        <\/div><div class=\"eael-entry-wrapper\"><header class=\"eael-entry-header\"><h4 class=\"eael-entry-title\"><a class=\"eael-grid-post-link\" href=\"https:\/\/sustainableapprentices.eu\/es\/2022\/05\/03\/el-consorcio-seis-socios-experimentados-de-cinco-paises-europeos\/\" title=\"El consorcio: seis socios experimentados de cinco pa\u00edses europeos\">El consorcio: seis socios experimentados de cinco pa\u00edses europeos<\/a><\/h4><\/header><div class=\"eael-entry-meta\"><span class=\"eael-posted-on\"><time datetime=\"3 de mayo de 2022\">3 de mayo de 2022<\/time><\/span><\/div><div class=\"eael-entry-content\">\n                        <div class=\"eael-grid-post-excerpt\"><p>La asociaci\u00f3n de Sustainable Apprentices tiene una posici\u00f3n privilegiada en cuanto a su conexi\u00f3n y presencia dentro del sector industrial m\u00e1s relevante y las instituciones...<\/p><a href=\"https:\/\/sustainableapprentices.eu\/es\/2022\/05\/03\/el-consorcio-seis-socios-experimentados-de-cinco-paises-europeos\/\" class=\"eael-post-elements-readmore-btn\">Leer m\u00e1s<\/a><\/div>\n                    <\/div><\/div><\/div>\n        <\/div>\n    <\/article><\/div>\n            <div class=\"clearfix\"><\/div>\n        <\/div>\t\t\t\t<\/div>\n\t\t\t\t<\/div>\n\t\t\t\t\t<\/div>\n\t\t<\/div>\n\t\t\t\t<div class=\"elementor-column elementor-col-33 elementor-top-column elementor-element elementor-element-c1a8d86\" data-id=\"c1a8d86\" data-element_type=\"column\" data-e-type=\"column\">\n\t\t\t<div class=\"elementor-widget-wrap elementor-element-populated\">\n\t\t\t\t\t\t<div class=\"elementor-element elementor-element-33d8276 elementor-widget elementor-widget-heading\" data-id=\"33d8276\" data-element_type=\"widget\" data-e-type=\"widget\" data-widget_type=\"heading.default\">\n\t\t\t\t<div class=\"elementor-widget-container\">\n\t\t\t\t\t<h2 class=\"elementor-heading-title elementor-size-default\">Suscr\u00edbete<\/h2>\t\t\t\t<\/div>\n\t\t\t\t<\/div>\n\t\t\t\t<div class=\"elementor-element elementor-element-678e54b elementor-widget-divider--view-line elementor-widget elementor-widget-divider\" data-id=\"678e54b\" data-element_type=\"widget\" data-e-type=\"widget\" data-widget_type=\"divider.default\">\n\t\t\t\t<div class=\"elementor-widget-container\">\n\t\t\t\t\t\t\t<div class=\"elementor-divider\">\n\t\t\t<span class=\"elementor-divider-separator\">\n\t\t\t\t\t\t<\/span>\n\t\t<\/div>\n\t\t\t\t\t\t<\/div>\n\t\t\t\t<\/div>\n\t\t\t\t<div class=\"elementor-element elementor-element-b43b342 elementor-widget elementor-widget-shortcode\" data-id=\"b43b342\" data-element_type=\"widget\" data-e-type=\"widget\" data-widget_type=\"shortcode.default\">\n\t\t\t\t<div class=\"elementor-widget-container\">\n\t\t\t\t\t\t\t<div class=\"elementor-shortcode\">  \n  \n  <div class=\"\n    mailpoet_form_popup_overlay\n      \"><\/div>\n  <div\n    id=\"mailpoet_form_1\"\n    class=\"\n      mailpoet_form\n      mailpoet_form_shortcode\n      mailpoet_form_position_\n      mailpoet_form_animation_\n    \"\n      >\n\n    <style type=\"text\/css\">\n     #mailpoet_form_1 .mailpoet_form {  }\n#mailpoet_form_1 .mailpoet_column_with_background { padding: 10px; }\n#mailpoet_form_1 .mailpoet_form_column:not(:first-child) { margin-left: 20px; }\n#mailpoet_form_1 .mailpoet_paragraph { line-height: 20px; margin-bottom: 20px; }\n#mailpoet_form_1 .mailpoet_segment_label, #mailpoet_form_1 .mailpoet_text_label, #mailpoet_form_1 .mailpoet_textarea_label, #mailpoet_form_1 .mailpoet_select_label, #mailpoet_form_1 .mailpoet_radio_label, #mailpoet_form_1 .mailpoet_checkbox_label, #mailpoet_form_1 .mailpoet_list_label, #mailpoet_form_1 .mailpoet_date_label { display: block; font-weight: normal; }\n#mailpoet_form_1 .mailpoet_text, #mailpoet_form_1 .mailpoet_textarea, #mailpoet_form_1 .mailpoet_select, #mailpoet_form_1 .mailpoet_date_month, #mailpoet_form_1 .mailpoet_date_day, #mailpoet_form_1 .mailpoet_date_year, #mailpoet_form_1 .mailpoet_date { display: block; }\n#mailpoet_form_1 .mailpoet_text, #mailpoet_form_1 .mailpoet_textarea { width: 200px; }\n#mailpoet_form_1 .mailpoet_checkbox {  }\n#mailpoet_form_1 .mailpoet_submit {  }\n#mailpoet_form_1 .mailpoet_divider {  }\n#mailpoet_form_1 .mailpoet_message {  }\n#mailpoet_form_1 .mailpoet_form_loading { width: 30px; text-align: center; line-height: normal; }\n#mailpoet_form_1 .mailpoet_form_loading > span { width: 5px; height: 5px; background-color: #5b5b5b; }#mailpoet_form_1{border-radius: 0px;text-align: left;}#mailpoet_form_1 form.mailpoet_form {padding: 20px;}#mailpoet_form_1{width: 100%;}#mailpoet_form_1 .mailpoet_message {margin: 0; padding: 0 20px;}#mailpoet_form_1 .mailpoet_paragraph.last {margin-bottom: 0} @media (max-width: 500px) {#mailpoet_form_1 {background-image: none;}} @media (min-width: 500px) {#mailpoet_form_1 .last .mailpoet_paragraph:last-child {margin-bottom: 0}}  @media (max-width: 500px) {#mailpoet_form_1 .mailpoet_form_column:last-child .mailpoet_paragraph:last-child {margin-bottom: 0}} \n    <\/style>\n\n    <form\n      target=\"_self\"\n      method=\"post\"\n      action=\"https:\/\/sustainableapprentices.eu\/wp-admin\/admin-post.php?action=mailpoet_subscription_form\"\n      class=\"mailpoet_form mailpoet_form_form mailpoet_form_shortcode\"\n      novalidate\n      data-delay=\"\"\n      data-exit-intent-enabled=\"\"\n      data-trigger-mode=\"\"\n      data-click-trigger-selector=\"\"\n      data-font-family=\"\"\n      data-cookie-expiration-time=\"\"\n    >\n      <input type=\"hidden\" name=\"data[form_id]\" value=\"1\" \/>\n      <input type=\"hidden\" name=\"token\" value=\"b30b8efbc2\" \/>\n      <input type=\"hidden\" name=\"api_version\" value=\"v1\" \/>\n      <input type=\"hidden\" name=\"endpoint\" value=\"subscribers\" \/>\n      <input type=\"hidden\" name=\"mailpoet_method\" value=\"subscribe\" \/>\n\n      <label class=\"mailpoet_hp_email_label\" style=\"display: none !important;\">Por favor, deja este campo vac\u00edo<input type=\"email\" name=\"data[email]\"\/><\/label><div class=\"mailpoet_paragraph \"><input type=\"email\" autocomplete=\"email\" class=\"mailpoet_text\" id=\"form_email_1\" name=\"data[form_field_YmJmY2IwYThjN2EwX2VtYWls]\" title=\"Your email\" value=\"\" style=\"width:100%;box-sizing:border-box;padding:5px;margin: 0 auto 0 0;\" data-automation-id=\"form_email\"  placeholder=\"Your email *\" aria-label=\"Your email *\" data-parsley-errors-container=\".mailpoet_error_1y6g0\" data-parsley-required=\"true\" required aria-required=\"true\" data-parsley-minlength=\"6\" data-parsley-maxlength=\"150\" data-parsley-type-message=\"Este valor debe ser un correo electr\u00f3nico v\u00e1lido.\" data-parsley-required-message=\"Este campo es obligatorio.\"\/><span class=\"mailpoet_error_1y6g0\"><\/span><\/div>\n<div class=\"mailpoet_paragraph \"><input type=\"submit\" class=\"mailpoet_submit\" value=\"Subscribe!\" data-automation-id=\"subscribe-submit-button\" style=\"width:100%;box-sizing:border-box;padding:5px;margin: 0 auto 0 0;border-color:transparent;\" \/><span class=\"mailpoet_form_loading\"><span class=\"mailpoet_bounce1\"><\/span><span class=\"mailpoet_bounce2\"><\/span><span class=\"mailpoet_bounce3\"><\/span><\/span><\/div>\n\n      <div class=\"mailpoet_message\">\n        <p class=\"mailpoet_validate_success\"\n                style=\"display:none;\"\n                >Check your inbox or spam folder to confirm your subscription.\n        <\/p>\n        <p class=\"mailpoet_validate_error\"\n                style=\"display:none;\"\n                >        <\/p>\n      <\/div>\n    <\/form>\n\n      <\/div>\n\n  <\/div>\n\t\t\t\t\t\t<\/div>\n\t\t\t\t<\/div>\n\t\t\t\t<div class=\"elementor-element elementor-element-25d72c3 elementor-widget elementor-widget-heading\" data-id=\"25d72c3\" data-element_type=\"widget\" data-e-type=\"widget\" data-widget_type=\"heading.default\">\n\t\t\t\t<div class=\"elementor-widget-container\">\n\t\t\t\t\t<h2 class=\"elementor-heading-title elementor-size-default\">Redes Sociales<\/h2>\t\t\t\t<\/div>\n\t\t\t\t<\/div>\n\t\t\t\t<div class=\"elementor-element elementor-element-60174de elementor-widget-divider--view-line elementor-widget elementor-widget-divider\" data-id=\"60174de\" data-element_type=\"widget\" data-e-type=\"widget\" data-widget_type=\"divider.default\">\n\t\t\t\t<div class=\"elementor-widget-container\">\n\t\t\t\t\t\t\t<div class=\"elementor-divider\">\n\t\t\t<span class=\"elementor-divider-separator\">\n\t\t\t\t\t\t<\/span>\n\t\t<\/div>\n\t\t\t\t\t\t<\/div>\n\t\t\t\t<\/div>\n\t\t\t\t<div class=\"elementor-element elementor-element-a808a9d elementor-widget elementor-widget-text-editor\" data-id=\"a808a9d\" data-element_type=\"widget\" data-e-type=\"widget\" data-widget_type=\"text-editor.default\">\n\t\t\t\t<div class=\"elementor-widget-container\">\n\t\t\t\t\t\t\t\t\t<p>S\u00edguenos<\/p>\n\t\t\t\t\t\t\t\t<\/div>\n\t\t\t\t<\/div>\n\t\t\t\t<div class=\"elementor-element elementor-element-645bcf0 elementor-widget-divider--view-line elementor-widget elementor-widget-divider\" data-id=\"645bcf0\" data-element_type=\"widget\" data-e-type=\"widget\" data-widget_type=\"divider.default\">\n\t\t\t\t<div class=\"elementor-widget-container\">\n\t\t\t\t\t\t\t<div class=\"elementor-divider\">\n\t\t\t<span class=\"elementor-divider-separator\">\n\t\t\t\t\t\t<\/span>\n\t\t<\/div>\n\t\t\t\t\t\t<\/div>\n\t\t\t\t<\/div>\n\t\t\t\t<div class=\"elementor-element elementor-element-28aed61 e-grid-align-left elementor-shape-rounded elementor-grid-0 elementor-widget elementor-widget-social-icons\" data-id=\"28aed61\" data-element_type=\"widget\" data-e-type=\"widget\" data-widget_type=\"social-icons.default\">\n\t\t\t\t<div class=\"elementor-widget-container\">\n\t\t\t\t\t\t\t<div class=\"elementor-social-icons-wrapper elementor-grid\" role=\"list\">\n\t\t\t\t\t\t\t<span class=\"elementor-grid-item\" role=\"listitem\">\n\t\t\t\t\t<a class=\"elementor-icon elementor-social-icon elementor-social-icon-twitter elementor-repeater-item-4c782aa\" href=\"#\" target=\"_blank\">\n\t\t\t\t\t\t<span class=\"elementor-screen-only\">Twitter<\/span>\n\t\t\t\t\t\t<i aria-hidden=\"true\" class=\"fab fa-twitter\"><\/i>\t\t\t\t\t<\/a>\n\t\t\t\t<\/span>\n\t\t\t\t\t\t\t<span class=\"elementor-grid-item\" role=\"listitem\">\n\t\t\t\t\t<a class=\"elementor-icon elementor-social-icon elementor-social-icon-facebook elementor-repeater-item-20143f1\" href=\"#\" target=\"_blank\">\n\t\t\t\t\t\t<span class=\"elementor-screen-only\">Facebook<\/span>\n\t\t\t\t\t\t<i aria-hidden=\"true\" class=\"fab fa-facebook\"><\/i>\t\t\t\t\t<\/a>\n\t\t\t\t<\/span>\n\t\t\t\t\t\t\t<span class=\"elementor-grid-item\" role=\"listitem\">\n\t\t\t\t\t<a class=\"elementor-icon elementor-social-icon elementor-social-icon-linkedin elementor-repeater-item-d03fe97\" href=\"#\" target=\"_blank\">\n\t\t\t\t\t\t<span class=\"elementor-screen-only\">Linkedin<\/span>\n\t\t\t\t\t\t<i aria-hidden=\"true\" class=\"fab fa-linkedin\"><\/i>\t\t\t\t\t<\/a>\n\t\t\t\t<\/span>\n\t\t\t\t\t<\/div>\n\t\t\t\t\t\t<\/div>\n\t\t\t\t<\/div>\n\t\t\t\t<div class=\"elementor-element elementor-element-cfe6e7e elementor-widget-divider--view-line elementor-widget elementor-widget-divider\" data-id=\"cfe6e7e\" data-element_type=\"widget\" data-e-type=\"widget\" data-widget_type=\"divider.default\">\n\t\t\t\t<div class=\"elementor-widget-container\">\n\t\t\t\t\t\t\t<div class=\"elementor-divider\">\n\t\t\t<span class=\"elementor-divider-separator\">\n\t\t\t\t\t\t<\/span>\n\t\t<\/div>\n\t\t\t\t\t\t<\/div>\n\t\t\t\t<\/div>\n\t\t\t\t<div class=\"elementor-element elementor-element-1a27ae9 elementor-widget elementor-widget-html\" data-id=\"1a27ae9\" data-element_type=\"widget\" data-e-type=\"widget\" data-widget_type=\"html.default\">\n\t\t\t\t<div class=\"elementor-widget-container\">\n\t\t\t\t\t<iframe src=\"https:\/\/www.facebook.com\/plugins\/page.php?href=https%3A%2F%2Fwww.facebook.com%2FSustainableApprentices&amp;tabs=timeline&amp;width=350&amp;height=1000&amp;small_header=true&amp;adapt_container_width=true&amp;hide_cover=true&amp;show_facepile=false&amp;appId=154649677939298\" width=\"350\" height=\"1000\" style=\"border:none;overflow:hidden\" scrolling=\"no\" frameborder=\"0\" allowfullscreen=\"true\" allow=\"autoplay; clipboard-write; encrypted-media; picture-in-picture; web-share\"><\/iframe>\t\t\t\t<\/div>\n\t\t\t\t<\/div>\n\t\t\t\t\t<\/div>\n\t\t<\/div>\n\t\t\t\t\t<\/div>\n\t\t<\/section>\n\t\t\t\t<\/div>\n\t\t","protected":false},"excerpt":{"rendered":"<p>Ya est\u00e1 disponible nuestro \u00faltimo bolet\u00edn Bolet\u00edn 2 20\/02\/2023 Descargar bolet\u00edn Bolet\u00edn 1 20\/12\/2022 Descargar bolet\u00edn Noticias Reuni\u00f3n de evaluaci\u00f3n intermedia en Mil\u00e1n 07\/02\/2023 Los socios del proyecto Erasmus+ &#8220;Sustainable Apprentices&#8221; se reunieron en Mil\u00e1n, Italia, para la tercera reuni\u00f3n transnacional del proyecto, la segunda presencial, el 2 de&#8230; Leer m\u00e1s Los programas de aprendizaje en la UE y los ODS 06\/12\/2022 Un programa de aprendizaje, seg\u00fan el Marco Europeo de Educaci\u00f3n, Formaci\u00f3n y Pol\u00edtica de Juventud, es un programa de formaci\u00f3n basado en el trabajo que&#8230; Leer m\u00e1s Los socios se re\u00fanen en persona por primera vez en Lisboa 04\/10\/2022 El proyecto Erasmus+ &#8221; Sustainable Apprentices &#8221; celebr\u00f3 la reuni\u00f3n de establecimiento en Lisboa el pasado mes de septiembre. La reuni\u00f3n ten\u00eda por objeto debatir&#8230; Leer m\u00e1s Ya disponible el plan de estudios ECVET sobre el apoyo a los programas de formaci\u00f3n para aplicar los ODS en las pymes 06\/09\/2022 El primer resultado del proyecto se ha finalizado y dise\u00f1ado como un plan de estudios ECVET sobre el apoyo a los programas de aprendizaje para&#8230; Leer m\u00e1s El papel fundamental de los aprendices 02\/08\/2022 Los programas de aprendizaje son una parte crucial del proceso de desarrollo de la mano de obra, ya que ofrecen a los j\u00f3venes la oportunidad&#8230; Leer m\u00e1s El papel de las pymes europeas en la consecuci\u00f3n de los ODS 05\/07\/2022 Las peque\u00f1as y medianas empresas desempe\u00f1an un papel fundamental en la econom\u00eda de la Uni\u00f3n Europea (UE), ya que representan el 99% de todas las&#8230; Leer m\u00e1s Los Objetivos de Desarrollo Sostenible en relaci\u00f3n con la EFP y los programas de aprendizaje 07\/06\/2022 A pesar de los esfuerzos de las administraciones p\u00fablicas por promover los Objetivos de Desarrollo Sostenible (ODS), en Europa, la gran mayor\u00eda de la poblaci\u00f3n&#8230; Leer m\u00e1s El consorcio: seis socios experimentados de cinco pa\u00edses europeos 03\/05\/2022 La asociaci\u00f3n de Sustainable Apprentices tiene una posici\u00f3n privilegiada en cuanto a su conexi\u00f3n y presencia dentro del sector industrial m\u00e1s relevante y las instituciones&#8230; Leer m\u00e1s Suscr\u00edbete Redes Sociales S\u00edguenos Twitter Facebook Linkedin<\/p>\n","protected":false},"author":1,"featured_media":0,"parent":0,"menu_order":0,"comment_status":"closed","ping_status":"closed","template":"elementor_header_footer","meta":{"_acf_changed":false,"footnotes":""},"class_list":["post-528","page","type-page","status-publish","hentry"],"acf":[],"_links":{"self":[{"href":"https:\/\/sustainableapprentices.eu\/es\/wp-json\/wp\/v2\/pages\/528","targetHints":{"allow":["GET"]}}],"collection":[{"href":"https:\/\/sustainableapprentices.eu\/es\/wp-json\/wp\/v2\/pages"}],"about":[{"href":"https:\/\/sustainableapprentices.eu\/es\/wp-json\/wp\/v2\/types\/page"}],"author":[{"embeddable":true,"href":"https:\/\/sustainableapprentices.eu\/es\/wp-json\/wp\/v2\/users\/1"}],"replies":[{"embeddable":true,"href":"https:\/\/sustainableapprentices.eu\/es\/wp-json\/wp\/v2\/comments?post=528"}],"version-history":[{"count":16,"href":"https:\/\/sustainableapprentices.eu\/es\/wp-json\/wp\/v2\/pages\/528\/revisions"}],"predecessor-version":[{"id":821,"href":"https:\/\/sustainableapprentices.eu\/es\/wp-json\/wp\/v2\/pages\/528\/revisions\/821"}],"wp:attachment":[{"href":"https:\/\/sustainableapprentices.eu\/es\/wp-json\/wp\/v2\/media?parent=528"}],"curies":[{"name":"wp","href":"https:\/\/api.w.org\/{rel}","templated":true}]}}