{"id":507,"date":"2023-03-10T17:51:30","date_gmt":"2023-03-10T17:51:30","guid":{"rendered":"https:\/\/sustainableapprentices.eu\/quienes-somos\/"},"modified":"2024-01-26T10:42:54","modified_gmt":"2024-01-26T10:42:54","slug":"quienes-somos","status":"publish","type":"page","link":"https:\/\/sustainableapprentices.eu\/es\/quienes-somos\/","title":{"rendered":"Qui\u00e9nes somos"},"content":{"rendered":"\t\t<div data-elementor-type=\"wp-page\" data-elementor-id=\"507\" class=\"elementor elementor-507 elementor-9\">\n\t\t\t\t\t\t<section class=\"elementor-section elementor-top-section elementor-element elementor-element-2713473 elementor-section-full_width elementor-section-height-default elementor-section-height-default wpr-particle-no wpr-jarallax-no wpr-parallax-no wpr-sticky-section-no wpr-equal-height-no\" data-id=\"2713473\" data-element_type=\"section\" data-e-type=\"section\" data-settings=\"{&quot;background_background&quot;:&quot;classic&quot;}\">\n\t\t\t\t\t\t<div class=\"elementor-container elementor-column-gap-default\">\n\t\t\t\t\t<div class=\"elementor-column elementor-col-50 elementor-top-column elementor-element elementor-element-b10b042\" data-id=\"b10b042\" data-element_type=\"column\" data-e-type=\"column\">\n\t\t\t<div class=\"elementor-widget-wrap elementor-element-populated\">\n\t\t\t\t\t\t<div class=\"elementor-element elementor-element-0ff0dfa elementor-widget elementor-widget-heading\" data-id=\"0ff0dfa\" data-element_type=\"widget\" data-e-type=\"widget\" data-widget_type=\"heading.default\">\n\t\t\t\t<div class=\"elementor-widget-container\">\n\t\t\t\t\t<h2 class=\"elementor-heading-title elementor-size-default\">El consorcio<\/h2>\t\t\t\t<\/div>\n\t\t\t\t<\/div>\n\t\t\t\t<div class=\"elementor-element elementor-element-2851ad2 elementor-widget-divider--view-line elementor-widget elementor-widget-divider\" data-id=\"2851ad2\" data-element_type=\"widget\" data-e-type=\"widget\" data-widget_type=\"divider.default\">\n\t\t\t\t<div class=\"elementor-widget-container\">\n\t\t\t\t\t\t\t<div class=\"elementor-divider\">\n\t\t\t<span class=\"elementor-divider-separator\">\n\t\t\t\t\t\t<\/span>\n\t\t<\/div>\n\t\t\t\t\t\t<\/div>\n\t\t\t\t<\/div>\n\t\t\t\t<div class=\"elementor-element elementor-element-faa8cfb elementor-widget elementor-widget-text-editor\" data-id=\"faa8cfb\" data-element_type=\"widget\" data-e-type=\"widget\" data-widget_type=\"text-editor.default\">\n\t\t\t\t<div class=\"elementor-widget-container\">\n\t\t\t\t\t\t\t\t\t<p>Sustainable Apprentices est\u00e1 formado por un consorcio de seis socios europeos de Espa\u00f1a, Portugal, Italia, Irlanda y Turqu\u00eda con amplia y reconocida experiencia en la creaci\u00f3n de nuevas metodolog\u00edas educativas para abordar las lagunas en la EFP, respondiendo a las necesidades del mercado laboral, as\u00ed como estar directamente vinculado a los principales actores de la educaci\u00f3n, la formaci\u00f3n en la empresa y las PYME. De este modo, el consorcio garantiza un enfoque transnacional de las necesidades cercanas a la realidad de las PYME y los proveedores de EFP en t\u00e9rminos de adopci\u00f3n y aplicaci\u00f3n de enfoques sostenibles en su din\u00e1mica de trabajo en consonancia con los ODS.<\/p><p>El sector privado es un componente crucial del desarrollo sostenible, y las peque\u00f1as y medianas empresas, que representan el 99,8% de las empresas en Europa y emplean al 97,74% de la mano de obra, son un aspecto significativo de la transici\u00f3n sostenible. Por lo tanto, es crucial educar a la mano de obra del futuro en los principios de la econom\u00eda sostenible, la protecci\u00f3n del medio ambiente y la inclusi\u00f3n con el fin de dar forma a la cultura laboral y empresarial de la pr\u00f3xima generaci\u00f3n a la que le quedan menos de diez a\u00f1os para alcanzar los 17 (ODS) establecidos por la Agenda 2030 de la ONU.<\/p>\t\t\t\t\t\t\t\t<\/div>\n\t\t\t\t<\/div>\n\t\t\t\t\t<\/div>\n\t\t<\/div>\n\t\t\t\t<div class=\"elementor-column elementor-col-50 elementor-top-column elementor-element elementor-element-16500a9\" data-id=\"16500a9\" data-element_type=\"column\" data-e-type=\"column\">\n\t\t\t<div class=\"elementor-widget-wrap elementor-element-populated\">\n\t\t\t\t\t\t<div class=\"elementor-element elementor-element-41ce420 elementor-widget elementor-widget-image\" data-id=\"41ce420\" data-element_type=\"widget\" data-e-type=\"widget\" data-widget_type=\"image.default\">\n\t\t\t\t<div class=\"elementor-widget-container\">\n\t\t\t\t\t\t\t\t\t\t\t\t\t\t\t<img fetchpriority=\"high\" decoding=\"async\" width=\"1185\" height=\"890\" src=\"https:\/\/sustainableapprentices.eu\/wp-content\/uploads\/2023\/03\/Mapa.jpg\" class=\"attachment-full size-full wp-image-409\" alt=\"\" srcset=\"https:\/\/sustainableapprentices.eu\/wp-content\/uploads\/2023\/03\/Mapa.jpg 1185w, https:\/\/sustainableapprentices.eu\/wp-content\/uploads\/2023\/03\/Mapa-300x225.jpg 300w, https:\/\/sustainableapprentices.eu\/wp-content\/uploads\/2023\/03\/Mapa-1024x769.jpg 1024w, https:\/\/sustainableapprentices.eu\/wp-content\/uploads\/2023\/03\/Mapa-768x577.jpg 768w\" sizes=\"(max-width: 1185px) 100vw, 1185px\" \/>\t\t\t\t\t\t\t\t\t\t\t\t\t\t\t<\/div>\n\t\t\t\t<\/div>\n\t\t\t\t\t<\/div>\n\t\t<\/div>\n\t\t\t\t\t<\/div>\n\t\t<\/section>\n\t\t\t\t<section class=\"elementor-section elementor-top-section elementor-element elementor-element-592330d elementor-section-boxed elementor-section-height-default elementor-section-height-default wpr-particle-no wpr-jarallax-no wpr-parallax-no wpr-sticky-section-no wpr-equal-height-no\" data-id=\"592330d\" data-element_type=\"section\" data-e-type=\"section\">\n\t\t\t\t\t\t<div class=\"elementor-container elementor-column-gap-default\">\n\t\t\t\t\t<div class=\"elementor-column elementor-col-100 elementor-top-column elementor-element elementor-element-94cc7ac\" data-id=\"94cc7ac\" data-element_type=\"column\" data-e-type=\"column\">\n\t\t\t<div class=\"elementor-widget-wrap elementor-element-populated\">\n\t\t\t\t\t\t<div class=\"elementor-element elementor-element-59df3b1 elementor-widget elementor-widget-shortcode\" data-id=\"59df3b1\" data-element_type=\"widget\" data-e-type=\"widget\" data-widget_type=\"shortcode.default\">\n\t\t\t\t<div class=\"elementor-widget-container\">\n\t\t\t\t\t\t\t<div class=\"elementor-shortcode\">\n\t<style>\n\t.contenedor_partner {\n\t\tborder: 2px solid #3F7E44;\n\t\tborder-radius: 15px;\n\t\tmargin: 18px 5px;\n\t\tpadding-bottom: 20px;\n\t\tbox-shadow: 1px 1px 10px #00000024;\n\t}\n\t\n\t.cont_imagen_partner_listado {\n\t\twidth: 70%;\n\t\tmargin: 15px auto 20px;\n\t}\n\t\n\th3.partner_title {\n\t\tcolor: #000;\n\t\ttext-align: center;\n\t\tpadding: 0px 38px;\n\t\tfont-size: 18px;\n\t}\n\t\n\tp.partner_pais {\n\t\ttext-align: center;\n\t\tcolor: #C5192D;\n\t\tfont-weight: 600;\n\t}\n\t\n\tp.partner_website a {\n\t\ttext-align: center;\n\t\tcolor: #3F7E44;\n\t}\n\t\n\tp.partner_website {\n\t\ttext-align: center;\n\t}\n\t\n\t.contenedor_partners {\n\t\tmargin-top: 30px;\n\t}\n\t\n\t.contenedor_boton {\n\t\tmargin: 0 auto;\n\t\ttext-align: center;\n\t}\n\t\n\ta.btn.text-white {\n\t\tpadding: 5px 28px;\n\t}\n\n\t<\/style>\n\t<script>\n\n\tfunction igualar(){\n\t\tvar padtop = 0;\n\t\tvar padtop_home = 0;\n\t\tvar heights = jQuery(\".iguales\").map(function ()\n\t\t{\n\t\t\treturn jQuery(this).height();\n\t\t}).get();\n\t\n\t\tmaxHeight = Math.max.apply(null, heights);\n\t\t\n\t\tjQuery(\".iguales\").css(\"height\",maxHeight+padtop);\n\n\n\t}\n\n\tjQuery(document).ready(function () {\n\t\t\n\t\t\tigualar();\n\t\t\t\n\n\t});\n\t<\/script>\n\t\n\t\t<div class=\"container contenedor_partners\">\n\t\t\t<div class=\"row\">\n\t\t<div class=\"col-md-4\">\t<div class=\"contenedor_partner\" data-id=\"622\">\t\t<div class=\"cont_imagen_partner_listado\"><img decoding=\"async\" src=\"https:\/\/sustainableapprentices.eu\/wp-content\/uploads\/2023\/03\/infodef_v2.png\" name=\"INFODEF - Instituto para el Fomento del Desarrollo y la Formaci\u00f3n\" alt=\"INFODEF - Instituto para el Fomento del Desarrollo y la Formaci\u00f3n\"><\/div>\t\t<h3 class=\"partner_title iguales\">INFODEF - Instituto para el Fomento del Desarrollo y la Formaci\u00f3n<\/h3>\t\t<p class=\"partner_pais\">Espa\u00f1a<\/p>\t\t<p class=\"partner_website\"><a href=\"https:\/\/infodef.es\/\" target=\"_blank\">https:\/\/infodef.es\/<\/a><\/p>\n\t\t\t\t\t\t\t<div class=\"contenedor_boton\">\n\t\t\t\t\t\t\t\t<a class=\"btn text-white\" style=\"background-color: #C5192D;\" href=\"#\" role=\"button\" data-toggle=\"modal\" data-target=\"#modal_partner_622\">\n\t\t\t\t\t\t\t\t\t<i class=\"fa fa-eye\"><\/i>\n\t\t\t\t\t\t\t\t<\/a>\n\t\t\t\t\t\t\t<\/div>\t<\/div><\/div><div class=\"col-md-4\">\t<div class=\"contenedor_partner\" data-id=\"628\">\t\t<div class=\"cont_imagen_partner_listado\"><img decoding=\"async\" src=\"https:\/\/sustainableapprentices.eu\/wp-content\/uploads\/2023\/03\/ain_logo.png\" name=\"AIN - Asociaci\u00f3n de la Industria Navarra\" alt=\"AIN - Asociaci\u00f3n de la Industria Navarra\"><\/div>\t\t<h3 class=\"partner_title iguales\">AIN - Asociaci\u00f3n de la Industria Navarra<\/h3>\t\t<p class=\"partner_pais\">Espa\u00f1a<\/p>\t\t<p class=\"partner_website\"><a href=\"https:\/\/www.ain.es\/\" target=\"_blank\">https:\/\/www.ain.es\/<\/a><\/p>\n\t\t\t\t\t\t\t<div class=\"contenedor_boton\">\n\t\t\t\t\t\t\t\t<a class=\"btn text-white\" style=\"background-color: #C5192D;\" href=\"#\" role=\"button\" data-toggle=\"modal\" data-target=\"#modal_partner_628\">\n\t\t\t\t\t\t\t\t\t<i class=\"fa fa-eye\"><\/i>\n\t\t\t\t\t\t\t\t<\/a>\n\t\t\t\t\t\t\t<\/div>\t<\/div><\/div><div class=\"col-md-4\">\t<div class=\"contenedor_partner\" data-id=\"632\">\t\t<div class=\"cont_imagen_partner_listado\"><img decoding=\"async\" src=\"https:\/\/sustainableapprentices.eu\/wp-content\/uploads\/2023\/03\/mindshift.png\" name=\"Mindshift Talent Advisory\" alt=\"Mindshift Talent Advisory\"><\/div>\t\t<h3 class=\"partner_title iguales\">Mindshift Talent Advisory<\/h3>\t\t<p class=\"partner_pais\">Portugal<\/p>\t\t<p class=\"partner_website\"><a href=\"https:\/\/www.mindshift.pt\/\" target=\"_blank\">https:\/\/www.mindshift.pt\/<\/a><\/p>\n\t\t\t\t\t\t\t<div class=\"contenedor_boton\">\n\t\t\t\t\t\t\t\t<a class=\"btn text-white\" style=\"background-color: #C5192D;\" href=\"#\" role=\"button\" data-toggle=\"modal\" data-target=\"#modal_partner_632\">\n\t\t\t\t\t\t\t\t\t<i class=\"fa fa-eye\"><\/i>\n\t\t\t\t\t\t\t\t<\/a>\n\t\t\t\t\t\t\t<\/div>\t<\/div><\/div><div class=\"col-md-4\">\t<div class=\"contenedor_partner\" data-id=\"636\">\t\t<div class=\"cont_imagen_partner_listado\"><img decoding=\"async\" src=\"https:\/\/sustainableapprentices.eu\/wp-content\/uploads\/2023\/03\/stambul.png\" name=\"Istanbul Valiligi \u2013 Gobierno de Estambul\" alt=\"Istanbul Valiligi \u2013 Gobierno de Estambul\"><\/div>\t\t<h3 class=\"partner_title iguales\">Istanbul Valiligi \u2013 Gobierno de Estambul<\/h3>\t\t<p class=\"partner_pais\">Turqu\u00eda<\/p>\t\t<p class=\"partner_website\"><a href=\"https:\/\/abmerkez.com\/\" target=\"_blank\">https:\/\/abmerkez.com\/<\/a><\/p>\n\t\t\t\t\t\t\t<div class=\"contenedor_boton\">\n\t\t\t\t\t\t\t\t<a class=\"btn text-white\" style=\"background-color: #C5192D;\" href=\"#\" role=\"button\" data-toggle=\"modal\" data-target=\"#modal_partner_636\">\n\t\t\t\t\t\t\t\t\t<i class=\"fa fa-eye\"><\/i>\n\t\t\t\t\t\t\t\t<\/a>\n\t\t\t\t\t\t\t<\/div>\t<\/div><\/div><div class=\"col-md-4\">\t<div class=\"contenedor_partner\" data-id=\"640\">\t\t<div class=\"cont_imagen_partner_listado\"><img decoding=\"async\" src=\"https:\/\/sustainableapprentices.eu\/wp-content\/uploads\/2023\/03\/cfs_logo.png\" name=\"Centro Servizi Formazione\" alt=\"Centro Servizi Formazione\"><\/div>\t\t<h3 class=\"partner_title iguales\">Centro Servizi Formazione<\/h3>\t\t<p class=\"partner_pais\">Italia<\/p>\t\t<p class=\"partner_website\"><a href=\"https:\/\/www.csf.lombardia.it\/\" target=\"_blank\">https:\/\/www.csf.lombardia.it\/<\/a><\/p>\n\t\t\t\t\t\t\t<div class=\"contenedor_boton\">\n\t\t\t\t\t\t\t\t<a class=\"btn text-white\" style=\"background-color: #C5192D;\" href=\"#\" role=\"button\" data-toggle=\"modal\" data-target=\"#modal_partner_640\">\n\t\t\t\t\t\t\t\t\t<i class=\"fa fa-eye\"><\/i>\n\t\t\t\t\t\t\t\t<\/a>\n\t\t\t\t\t\t\t<\/div>\t<\/div><\/div><div class=\"col-md-4\">\t<div class=\"contenedor_partner\" data-id=\"644\">\t\t<div class=\"cont_imagen_partner_listado\"><img decoding=\"async\" src=\"https:\/\/sustainableapprentices.eu\/wp-content\/uploads\/2023\/03\/innoquality.png\" name=\"Innoquality Systems Limited\" alt=\"Innoquality Systems Limited\"><\/div>\t\t<h3 class=\"partner_title iguales\">Innoquality Systems Limited<\/h3>\t\t<p class=\"partner_pais\">Irlanda<\/p>\t\t<p class=\"partner_website\"><a href=\"https:\/\/innoqualitysystems.com\/\" target=\"_blank\">https:\/\/innoqualitysystems.com\/<\/a><\/p>\n\t\t\t\t\t\t\t<div class=\"contenedor_boton\">\n\t\t\t\t\t\t\t\t<a class=\"btn text-white\" style=\"background-color: #C5192D;\" href=\"#\" role=\"button\" data-toggle=\"modal\" data-target=\"#modal_partner_644\">\n\t\t\t\t\t\t\t\t\t<i class=\"fa fa-eye\"><\/i>\n\t\t\t\t\t\t\t\t<\/a>\n\t\t\t\t\t\t\t<\/div>\t<\/div><\/div>\n\t\t\t<\/div>\n\t\t<\/div>\n\t\t\n\t\t\t<div class=\"modal fade\" id=\"modal_partner_622\">\n\t\t\t\t<div class=\"modal-dialog modal-xl modal-dialog-scrollable modal-dialog-centered\">\n\t\t\t\t\t<div class=\"modal-content\">\n\n\t\t\t\t\n\t\t\t\t\t\t<div class=\"modal-header\">\n\t\t\t\t\t\t\t\n\t\t\t\t\t\t\t<button type=\"button\" class=\"close\" data-dismiss=\"modal\">&times;<\/button>\n\t\t\t\t\t\t<\/div>\n\n\t\t\t\t\t\t<!-- Modal body -->\n\t\t\t\t\t\t<div class=\"modal-body\">\n\t\t\t\t\t\t\t<div class=\"container\">\n\t\t\t\t\t\t\t\t<div class=\"row\">\n\t\t\t\t\t\t\t\t\t<div class=\"col-md-5\">\n\t\t\t\t\t\t\t\t\t\t<div class=\"imagen_modal\"><img decoding=\"async\" src=\"https:\/\/sustainableapprentices.eu\/wp-content\/uploads\/2023\/03\/infodef_v2.png\" name=\"INFODEF - Instituto para el Fomento del Desarrollo y la Formaci\u00f3n\" alt=\"INFODEF - Instituto para el Fomento del Desarrollo y la Formaci\u00f3n\"><\/div>\n\t\t\t\t\t\t\t\t\t<\/div>\n\t\t\t\t\t\t\t\t\t<div class=\"col-md-7\">\n\t\t\t\t\t\t\t\t\t\t<div class=\"titulo_modal\">\n\t\t\t\t\t\t\t\t\t\t\t<h3>INFODEF - Instituto para el Fomento del Desarrollo y la Formaci\u00f3n<\/h3>\n\t\t\t\t\t\t\t\t\t\t\t<div class=\"separador_verde\"><\/div>\n\t\t\t\t\t\t\t\t\t\t\t<div class=\"contenido_modal\">INFODEF, Instituto para la Promoci\u00f3n del Desarrollo y la Formaci\u00f3n, es un centro privado e independiente de Investigaci\u00f3n, Desarrollo e Innovaci\u00f3n cuya misi\u00f3n es dise\u00f1ar y llevar a cabo proyectos que contribuyan a alcanzar un desarrollo sostenible e integrador a trav\u00e9s de la educaci\u00f3n, la cultura y la innovaci\u00f3n. INFODEF ha sido acreditado como \"PYME innovadora\" por el Ministerio de Ciencia e Innovaci\u00f3n espa\u00f1ol.\r\n\r\nEl centro dise\u00f1a y desarrolla herramientas, metodolog\u00edas, productos y servicios innovadores que responden a los retos sociales y econ\u00f3micos actuales y permiten anticipar e impulsar los cambios necesarios para alcanzar las metas y objetivos futuros de la sociedad.\r\n\r\nINFODEF apoya la modernizaci\u00f3n de los sistemas educativos y la innovaci\u00f3n pedag\u00f3gica de las instituciones educativas p\u00fablicas y privadas a nivel nacional y europeo. Posee una amplia experiencia en el desarrollo de metodolog\u00edas, herramientas y recursos innovadores de ense\u00f1anza y aprendizaje, y realiza trabajos de extensibilidad en la definici\u00f3n de curr\u00edculos de formaci\u00f3n y resultados de aprendizaje (basados en EQF y ECVET), el dise\u00f1o de nuevas herramientas para la identificaci\u00f3n, evaluaci\u00f3n y validaci\u00f3n de competencias (b\u00e1sicas, clave, transversales y profesionales), el desarrollo de herramientas innovadoras basadas en las TIC, el dise\u00f1o de metodolog\u00edas para apoyar los programas y pr\u00e1cticas de aprendizaje basado en el trabajo, nuevos instrumentos para el reconocimiento y la validaci\u00f3n del aprendizaje no formal e informal, m\u00e9todos de ense\u00f1anza innovadores, educaci\u00f3n empresarial, educaci\u00f3n especial y la evaluaci\u00f3n y valoraci\u00f3n de la calidad de los programas educativos.<\/div>\n\t\t\t\t\t\t\t\t\t\t<\/div>\n\t\t\t\t\t\t\t\t\t<\/div>\n\t\t\t\t\t\t\t\t<\/div> \n\t\t\t\t\t\t\t<\/div>\n\t\t\t\t\t\t<\/div>\n\n\t\t\t\t\t\t<!-- Modal footer -->\n\t\t\t\t\t\t<div class=\"modal-footer\">\n\t\t\t\t\t\t\t\n\t\t\t\t\t\t<\/div>\n\n\t\t\t\t\t<\/div>\n\t\t\t\t<\/div>\n\t\t\t<\/div>\n\t\t\t\n\t\t\t\n\t\t\t<div class=\"modal fade\" id=\"modal_partner_628\">\n\t\t\t\t<div class=\"modal-dialog modal-xl modal-dialog-scrollable modal-dialog-centered\">\n\t\t\t\t\t<div class=\"modal-content\">\n\n\t\t\t\t\n\t\t\t\t\t\t<div class=\"modal-header\">\n\t\t\t\t\t\t\t\n\t\t\t\t\t\t\t<button type=\"button\" class=\"close\" data-dismiss=\"modal\">&times;<\/button>\n\t\t\t\t\t\t<\/div>\n\n\t\t\t\t\t\t<!-- Modal body -->\n\t\t\t\t\t\t<div class=\"modal-body\">\n\t\t\t\t\t\t\t<div class=\"container\">\n\t\t\t\t\t\t\t\t<div class=\"row\">\n\t\t\t\t\t\t\t\t\t<div class=\"col-md-5\">\n\t\t\t\t\t\t\t\t\t\t<div class=\"imagen_modal\"><img decoding=\"async\" src=\"https:\/\/sustainableapprentices.eu\/wp-content\/uploads\/2023\/03\/ain_logo.png\" name=\"AIN - Asociaci\u00f3n de la Industria Navarra\" alt=\"AIN - Asociaci\u00f3n de la Industria Navarra\"><\/div>\n\t\t\t\t\t\t\t\t\t<\/div>\n\t\t\t\t\t\t\t\t\t<div class=\"col-md-7\">\n\t\t\t\t\t\t\t\t\t\t<div class=\"titulo_modal\">\n\t\t\t\t\t\t\t\t\t\t\t<h3>AIN - Asociaci\u00f3n de la Industria Navarra<\/h3>\n\t\t\t\t\t\t\t\t\t\t\t<div class=\"separador_verde\"><\/div>\n\t\t\t\t\t\t\t\t\t\t\t<div class=\"contenido_modal\">AIN es una organizaci\u00f3n privada sin \u00e1nimo de lucro y un centro tecnol\u00f3gico y de innovaci\u00f3n situado en Navarra, Espa\u00f1a. AIN es tambi\u00e9n el centro de formaci\u00f3n de referencia, donde se forman profesionales de organizaciones, empresas y estudiantes y profesores de FP. El departamento de formaci\u00f3n se centra en desarrollar programas formativos y educativos innovadores para mejorar la competitividad de las empresas adaptando sus perfiles profesionales y cualificar a trabajadores y estudiantes, especialmente en la adquisici\u00f3n de competencias digitales y t\u00e9cnicas para adaptar su perfil al trabajo con las nuevas tecnolog\u00edas. Se desarrollan programas de formaci\u00f3n integral en todos los niveles profesionales y personales en \u00e1mbitos funcionales y diferentes \u00e1reas enfocados al desarrollo personal y cursos de coaching y formaci\u00f3n en sostenibilidad y competencias transversales y blandas. Nuestros principales objetivos son: realizaci\u00f3n de proyectos de investigaci\u00f3n y desarrollo; Asesoramiento en temas t\u00e9cnicos y formativos; Mejora de la competitividad y gesti\u00f3n de la empresa; Formaci\u00f3n y desarrollo de personas. Nuestra contribuci\u00f3n al proyecto ser\u00e1 la creaci\u00f3n de un marco metodol\u00f3gico para establecer programas de pr\u00e1cticas que implementen los ODS en las PYMEs. Adem\u00e1s, contribuiremos en la ejecuci\u00f3n de las diferentes actividades y tareas que se llevar\u00e1n a cabo para alcanzar los resultados del proyecto.<\/div>\n\t\t\t\t\t\t\t\t\t\t<\/div>\n\t\t\t\t\t\t\t\t\t<\/div>\n\t\t\t\t\t\t\t\t<\/div> \n\t\t\t\t\t\t\t<\/div>\n\t\t\t\t\t\t<\/div>\n\n\t\t\t\t\t\t<!-- Modal footer -->\n\t\t\t\t\t\t<div class=\"modal-footer\">\n\t\t\t\t\t\t\t\n\t\t\t\t\t\t<\/div>\n\n\t\t\t\t\t<\/div>\n\t\t\t\t<\/div>\n\t\t\t<\/div>\n\t\t\t\n\t\t\t\n\t\t\t<div class=\"modal fade\" id=\"modal_partner_632\">\n\t\t\t\t<div class=\"modal-dialog modal-xl modal-dialog-scrollable modal-dialog-centered\">\n\t\t\t\t\t<div class=\"modal-content\">\n\n\t\t\t\t\n\t\t\t\t\t\t<div class=\"modal-header\">\n\t\t\t\t\t\t\t\n\t\t\t\t\t\t\t<button type=\"button\" class=\"close\" data-dismiss=\"modal\">&times;<\/button>\n\t\t\t\t\t\t<\/div>\n\n\t\t\t\t\t\t<!-- Modal body -->\n\t\t\t\t\t\t<div class=\"modal-body\">\n\t\t\t\t\t\t\t<div class=\"container\">\n\t\t\t\t\t\t\t\t<div class=\"row\">\n\t\t\t\t\t\t\t\t\t<div class=\"col-md-5\">\n\t\t\t\t\t\t\t\t\t\t<div class=\"imagen_modal\"><img decoding=\"async\" src=\"https:\/\/sustainableapprentices.eu\/wp-content\/uploads\/2023\/03\/mindshift.png\" name=\"Mindshift Talent Advisory\" alt=\"Mindshift Talent Advisory\"><\/div>\n\t\t\t\t\t\t\t\t\t<\/div>\n\t\t\t\t\t\t\t\t\t<div class=\"col-md-7\">\n\t\t\t\t\t\t\t\t\t\t<div class=\"titulo_modal\">\n\t\t\t\t\t\t\t\t\t\t\t<h3>Mindshift Talent Advisory<\/h3>\n\t\t\t\t\t\t\t\t\t\t\t<div class=\"separador_verde\"><\/div>\n\t\t\t\t\t\t\t\t\t\t\t<div class=\"contenido_modal\">Mindshift es una consultora especializada en Recursos Humanos que invierte en el desempe\u00f1o y actualizaci\u00f3n de las competencias de las personas, buscando potenciar la madurez digital e interpersonal en las organizaciones y en la sociedad.\r\nA nivel nacional, MINDSHIFT tiene como uno de sus principales socios The Key Talent Portugal, una HR Tech Consulting especializada en Atracci\u00f3n Social y Evaluaci\u00f3n del Talento que desarrolla plataformas, como Panorama y AplyGo, que permiten optimizar, implementar y gestionar procesos de RRHH digitales, \u00e1giles y atractivos basados en el an\u00e1lisis de datos.\r\nA nivel europeo, somos un socio estrat\u00e9gico para el desarrollo de proyectos de cooperaci\u00f3n transnacional con el objetivo de crear soluciones innovadoras en el \u00e1mbito de la formaci\u00f3n de j\u00f3venes y adultos, en seis \u00e1reas clave: mejora y reciclaje de competencias, inclusi\u00f3n y empleabilidad, desarrollo sostenible, empoderamiento de la mujer, emprendimiento y creatividad, y talento digital.\r\nMindshift est\u00e1 firmemente comprometida con los principios de Responsabilidad Social y la Agenda 2030 para el Desarrollo Sostenible, reuniendo a un equipo de personal con diversos antecedentes y experiencia profesional.<\/div>\n\t\t\t\t\t\t\t\t\t\t<\/div>\n\t\t\t\t\t\t\t\t\t<\/div>\n\t\t\t\t\t\t\t\t<\/div> \n\t\t\t\t\t\t\t<\/div>\n\t\t\t\t\t\t<\/div>\n\n\t\t\t\t\t\t<!-- Modal footer -->\n\t\t\t\t\t\t<div class=\"modal-footer\">\n\t\t\t\t\t\t\t\n\t\t\t\t\t\t<\/div>\n\n\t\t\t\t\t<\/div>\n\t\t\t\t<\/div>\n\t\t\t<\/div>\n\t\t\t\n\t\t\t\n\t\t\t<div class=\"modal fade\" id=\"modal_partner_636\">\n\t\t\t\t<div class=\"modal-dialog modal-xl modal-dialog-scrollable modal-dialog-centered\">\n\t\t\t\t\t<div class=\"modal-content\">\n\n\t\t\t\t\n\t\t\t\t\t\t<div class=\"modal-header\">\n\t\t\t\t\t\t\t\n\t\t\t\t\t\t\t<button type=\"button\" class=\"close\" data-dismiss=\"modal\">&times;<\/button>\n\t\t\t\t\t\t<\/div>\n\n\t\t\t\t\t\t<!-- Modal body -->\n\t\t\t\t\t\t<div class=\"modal-body\">\n\t\t\t\t\t\t\t<div class=\"container\">\n\t\t\t\t\t\t\t\t<div class=\"row\">\n\t\t\t\t\t\t\t\t\t<div class=\"col-md-5\">\n\t\t\t\t\t\t\t\t\t\t<div class=\"imagen_modal\"><img decoding=\"async\" src=\"https:\/\/sustainableapprentices.eu\/wp-content\/uploads\/2023\/03\/stambul.png\" name=\"Istanbul Valiligi \u2013 Gobierno de Estambul\" alt=\"Istanbul Valiligi \u2013 Gobierno de Estambul\"><\/div>\n\t\t\t\t\t\t\t\t\t<\/div>\n\t\t\t\t\t\t\t\t\t<div class=\"col-md-7\">\n\t\t\t\t\t\t\t\t\t\t<div class=\"titulo_modal\">\n\t\t\t\t\t\t\t\t\t\t\t<h3>Istanbul Valiligi \u2013 Gobierno de Estambul<\/h3>\n\t\t\t\t\t\t\t\t\t\t\t<div class=\"separador_verde\"><\/div>\n\t\t\t\t\t\t\t\t\t\t\t<div class=\"contenido_modal\">La Gobernaci\u00f3n de Estambul (GOI) es el m\u00e1ximo \u00f3rgano administrativo de Estambul y cuenta con m\u00e1s de 2.000 funcionarios. Dependen del GOI 24 direcciones provinciales (como la Direcci\u00f3n Regional de Administraci\u00f3n de Migraciones) y 39 gobernaciones de distrito. La Oficina de Relaciones Exteriores y con la UE desarrolla y ejecuta proyectos en nombre del Gobierno de la India y se asegura de que los ciudadanos comprendan el proceso y la ejecuci\u00f3n exigidos por la UE. En el \u00e1mbito de los proyectos, las prioridades del Gobierno de la India son apoyar a las personas con discapacidad, los grupos desfavorecidos, los inmigrantes, los ninis y los adultos desempleados, as\u00ed como la sostenibilidad. En este contexto, GOI coopera con numerosas instituciones p\u00fablicas, universidades, centros de formaci\u00f3n, escuelas y centros de FP y ONG para j\u00f3venes y adultos.<\/div>\n\t\t\t\t\t\t\t\t\t\t<\/div>\n\t\t\t\t\t\t\t\t\t<\/div>\n\t\t\t\t\t\t\t\t<\/div> \n\t\t\t\t\t\t\t<\/div>\n\t\t\t\t\t\t<\/div>\n\n\t\t\t\t\t\t<!-- Modal footer -->\n\t\t\t\t\t\t<div class=\"modal-footer\">\n\t\t\t\t\t\t\t\n\t\t\t\t\t\t<\/div>\n\n\t\t\t\t\t<\/div>\n\t\t\t\t<\/div>\n\t\t\t<\/div>\n\t\t\t\n\t\t\t\n\t\t\t<div class=\"modal fade\" id=\"modal_partner_640\">\n\t\t\t\t<div class=\"modal-dialog modal-xl modal-dialog-scrollable modal-dialog-centered\">\n\t\t\t\t\t<div class=\"modal-content\">\n\n\t\t\t\t\n\t\t\t\t\t\t<div class=\"modal-header\">\n\t\t\t\t\t\t\t\n\t\t\t\t\t\t\t<button type=\"button\" class=\"close\" data-dismiss=\"modal\">&times;<\/button>\n\t\t\t\t\t\t<\/div>\n\n\t\t\t\t\t\t<!-- Modal body -->\n\t\t\t\t\t\t<div class=\"modal-body\">\n\t\t\t\t\t\t\t<div class=\"container\">\n\t\t\t\t\t\t\t\t<div class=\"row\">\n\t\t\t\t\t\t\t\t\t<div class=\"col-md-5\">\n\t\t\t\t\t\t\t\t\t\t<div class=\"imagen_modal\"><img decoding=\"async\" src=\"https:\/\/sustainableapprentices.eu\/wp-content\/uploads\/2023\/03\/cfs_logo.png\" name=\"Centro Servizi Formazione\" alt=\"Centro Servizi Formazione\"><\/div>\n\t\t\t\t\t\t\t\t\t<\/div>\n\t\t\t\t\t\t\t\t\t<div class=\"col-md-7\">\n\t\t\t\t\t\t\t\t\t\t<div class=\"titulo_modal\">\n\t\t\t\t\t\t\t\t\t\t\t<h3>Centro Servizi Formazione<\/h3>\n\t\t\t\t\t\t\t\t\t\t\t<div class=\"separador_verde\"><\/div>\n\t\t\t\t\t\t\t\t\t\t\t<div class=\"contenido_modal\">El Centro Servizi Formazione comenz\u00f3 a operar en el territorio de Pavia en 1997, con el objetivo de crear proyectos sociales, formaci\u00f3n profesional y apoyo escolar. Con el tiempo las actividades del Centro se han ampliado considerablemente, en particular con la participaci\u00f3n en proyectos complejos a nivel provincial, regional, nacional y europeo.\r\n\r\nEl Centro Servizi Formazione tiene cuatro sedes, una en Pavia (la casa madre), formada por una estructura aut\u00f3noma con aulas y laboratorios para la ense\u00f1anza. La segunda sede est\u00e1 en Mil\u00e1n, la tercera en Vigevano y la cuarta en Voghera, todas estas ciudades se encuentran en la regi\u00f3n de Lombard\u00eda.\r\n\r\nSus sedes se componen de una estructura aut\u00f3noma con aulas para diferentes tipos de formaci\u00f3n: profesional, permanente y continua, oficinas para las actividades de direcci\u00f3n, coordinaci\u00f3n y tutor\u00eda. Todas las aulas est\u00e1n equipadas para una ense\u00f1anza moderna y avanzada.\r\n\r\nEntre las experiencias m\u00e1s significativas, el Centro Servizi Formazione ha participado activamente en iniciativas relativas al ensayo a escala europea de modelos de formaci\u00f3n e inclusi\u00f3n de personas con necesidades especiales y trabajadores sociales en riesgo de exclusi\u00f3n social, as\u00ed como en fruct\u00edferos intercambios de buenas pr\u00e1cticas con redes transnacionales.\r\n\r\nEl equipo de su centro est\u00e1 formado por profesores, profesionales y t\u00e9cnicos del \u00e1mbito social y educativo. Las principales actividades son\r\n<ul>\r\n \t<li>Servicios a la Educaci\u00f3n<\/li>\r\n \t<li>Servicios al Trabajo<\/li>\r\n \t<li>Orientaci\u00f3n personal, educativa y profesional<\/li>\r\n \t<li>Espacios de escucha y apoyo psicopedag\u00f3gico<\/li>\r\n \t<li>Investigaci\u00f3n social y planificaci\u00f3n social<\/li>\r\n \t<li>Orientaci\u00f3n sist\u00e9mica<\/li>\r\n<\/ul><\/div>\n\t\t\t\t\t\t\t\t\t\t<\/div>\n\t\t\t\t\t\t\t\t\t<\/div>\n\t\t\t\t\t\t\t\t<\/div> \n\t\t\t\t\t\t\t<\/div>\n\t\t\t\t\t\t<\/div>\n\n\t\t\t\t\t\t<!-- Modal footer -->\n\t\t\t\t\t\t<div class=\"modal-footer\">\n\t\t\t\t\t\t\t\n\t\t\t\t\t\t<\/div>\n\n\t\t\t\t\t<\/div>\n\t\t\t\t<\/div>\n\t\t\t<\/div>\n\t\t\t\n\t\t\t\n\t\t\t<div class=\"modal fade\" id=\"modal_partner_644\">\n\t\t\t\t<div class=\"modal-dialog modal-xl modal-dialog-scrollable modal-dialog-centered\">\n\t\t\t\t\t<div class=\"modal-content\">\n\n\t\t\t\t\n\t\t\t\t\t\t<div class=\"modal-header\">\n\t\t\t\t\t\t\t\n\t\t\t\t\t\t\t<button type=\"button\" class=\"close\" data-dismiss=\"modal\">&times;<\/button>\n\t\t\t\t\t\t<\/div>\n\n\t\t\t\t\t\t<!-- Modal body -->\n\t\t\t\t\t\t<div class=\"modal-body\">\n\t\t\t\t\t\t\t<div class=\"container\">\n\t\t\t\t\t\t\t\t<div class=\"row\">\n\t\t\t\t\t\t\t\t\t<div class=\"col-md-5\">\n\t\t\t\t\t\t\t\t\t\t<div class=\"imagen_modal\"><img decoding=\"async\" src=\"https:\/\/sustainableapprentices.eu\/wp-content\/uploads\/2023\/03\/innoquality.png\" name=\"Innoquality Systems Limited\" alt=\"Innoquality Systems Limited\"><\/div>\n\t\t\t\t\t\t\t\t\t<\/div>\n\t\t\t\t\t\t\t\t\t<div class=\"col-md-7\">\n\t\t\t\t\t\t\t\t\t\t<div class=\"titulo_modal\">\n\t\t\t\t\t\t\t\t\t\t\t<h3>Innoquality Systems Limited<\/h3>\n\t\t\t\t\t\t\t\t\t\t\t<div class=\"separador_verde\"><\/div>\n\t\t\t\t\t\t\t\t\t\t\t<div class=\"contenido_modal\">Innoquality Systems ofrece servicios de programas y pol\u00edticas dise\u00f1ados para posibilitar resultados positivos y progresivos de alumnos y profesores en la educaci\u00f3n infantil, primaria, postsecundaria, de FP y comunitaria. Al apoyar el aprendizaje a lo largo de toda la vida, desde la atenci\u00f3n temprana a beb\u00e9s y ni\u00f1os peque\u00f1os hasta la formaci\u00f3n universitaria y laboral, nuestros enfoques y metodolog\u00edas innovadores abordan cuestiones cr\u00edticas y mejoran la calidad de los programas educativos. Nuestra amplia experiencia profesional ha generado una cartera de soluciones y metodolog\u00edas basadas en pruebas que pueden aplicarse a nuevos retos a medida que evoluciona el panorama educativo. Comprendemos intr\u00ednsecamente las prioridades educativas de las partes interesadas locales, nacionales y europeas, las organizaciones filantr\u00f3picas y las organizaciones sin \u00e1nimo de lucro.\r\n\r\nNuestro apoyo altamente matizado y especializado se ve reforzado por las estrechas relaciones de trabajo que mantenemos con personas clave sobre el terreno. Dise\u00f1ados para mejorar la calidad, impulsar los resultados y aumentar la responsabilidad en un contexto educativo de colaboraci\u00f3n, los servicios educativos de InnoQuality Systems aportan mejoras reales y resultados cuantificables. Nuestro curr\u00edculum de proyectos de \u00e9xito abarca desde organizaciones comunitarias hasta iniciativas nacionales y proyectos europeos. Las evaluaciones de los programas de InnoQuality Systems proporcionan informaci\u00f3n en tiempo real sobre la aplicaci\u00f3n y datos clave sobre los resultados.\r\n\r\nA partir de nuestro profundo conocimiento de los retos educativos a los que se enfrenta el mundo a escala nacional, proporcionamos a nuestros colaboradores y clientes metodolog\u00edas de vanguardia que les permiten convertir la investigaci\u00f3n en pr\u00e1ctica, impulsando la mejora de la eficacia y la sostenibilidad de los programas educativos en todo el pa\u00eds. InnoQuality Systems Software tambi\u00e9n proporciona soluciones educativas basadas en la web que garantizan que las instituciones educativas puedan gestionar mejor el desarrollo, la edici\u00f3n, la aprobaci\u00f3n, la captura, la publicaci\u00f3n y la entrega de todos los aspectos del desarrollo de m\u00f3dulos y programas. InnoQuality Systems tambi\u00e9n aporta una considerable experiencia en el campo de la adquisici\u00f3n de idiomas, la alfabetizaci\u00f3n y las tecnolog\u00edas educativas.<\/div>\n\t\t\t\t\t\t\t\t\t\t<\/div>\n\t\t\t\t\t\t\t\t\t<\/div>\n\t\t\t\t\t\t\t\t<\/div> \n\t\t\t\t\t\t\t<\/div>\n\t\t\t\t\t\t<\/div>\n\n\t\t\t\t\t\t<!-- Modal footer -->\n\t\t\t\t\t\t<div class=\"modal-footer\">\n\t\t\t\t\t\t\t\n\t\t\t\t\t\t<\/div>\n\n\t\t\t\t\t<\/div>\n\t\t\t\t<\/div>\n\t\t\t<\/div>\n\t\t\t\n\t\t\t<\/div>\n\t\t\t\t\t\t<\/div>\n\t\t\t\t<\/div>\n\t\t\t\t\t<\/div>\n\t\t<\/div>\n\t\t\t\t\t<\/div>\n\t\t<\/section>\n\t\t\t\t<\/div>\n\t\t","protected":false},"excerpt":{"rendered":"<p>El consorcio Sustainable Apprentices est\u00e1 formado por un consorcio de seis socios europeos de Espa\u00f1a, Portugal, Italia, Irlanda y Turqu\u00eda con amplia y reconocida experiencia en la creaci\u00f3n de nuevas metodolog\u00edas educativas para abordar las lagunas en la EFP, respondiendo a las necesidades del mercado laboral, as\u00ed como estar directamente vinculado a los principales actores de la educaci\u00f3n, la formaci\u00f3n en la empresa y las PYME. De este modo, el consorcio garantiza un enfoque transnacional de las necesidades cercanas a la realidad de las PYME y los proveedores de EFP en t\u00e9rminos de adopci\u00f3n y aplicaci\u00f3n de enfoques sostenibles en su din\u00e1mica de trabajo en consonancia con los ODS. El sector privado es un componente crucial del desarrollo sostenible, y las peque\u00f1as y medianas empresas, que representan el 99,8% de las empresas en Europa y emplean al 97,74% de la mano de obra, son un aspecto significativo de la transici\u00f3n sostenible. Por lo tanto, es crucial educar a la mano de obra del futuro en los principios de la econom\u00eda sostenible, la protecci\u00f3n del medio ambiente y la inclusi\u00f3n con el fin de dar forma a la cultura laboral y empresarial de la pr\u00f3xima generaci\u00f3n a la que le quedan menos de diez a\u00f1os para alcanzar los 17 (ODS) establecidos por la Agenda 2030 de la ONU.<\/p>\n","protected":false},"author":1,"featured_media":0,"parent":0,"menu_order":0,"comment_status":"closed","ping_status":"closed","template":"elementor_header_footer","meta":{"_acf_changed":false,"footnotes":""},"class_list":["post-507","page","type-page","status-publish","hentry"],"acf":[],"_links":{"self":[{"href":"https:\/\/sustainableapprentices.eu\/es\/wp-json\/wp\/v2\/pages\/507","targetHints":{"allow":["GET"]}}],"collection":[{"href":"https:\/\/sustainableapprentices.eu\/es\/wp-json\/wp\/v2\/pages"}],"about":[{"href":"https:\/\/sustainableapprentices.eu\/es\/wp-json\/wp\/v2\/types\/page"}],"author":[{"embeddable":true,"href":"https:\/\/sustainableapprentices.eu\/es\/wp-json\/wp\/v2\/users\/1"}],"replies":[{"embeddable":true,"href":"https:\/\/sustainableapprentices.eu\/es\/wp-json\/wp\/v2\/comments?post=507"}],"version-history":[{"count":13,"href":"https:\/\/sustainableapprentices.eu\/es\/wp-json\/wp\/v2\/pages\/507\/revisions"}],"predecessor-version":[{"id":724,"href":"https:\/\/sustainableapprentices.eu\/es\/wp-json\/wp\/v2\/pages\/507\/revisions\/724"}],"wp:attachment":[{"href":"https:\/\/sustainableapprentices.eu\/es\/wp-json\/wp\/v2\/media?parent=507"}],"curies":[{"name":"wp","href":"https:\/\/api.w.org\/{rel}","templated":true}]}}